{"id":942,"date":"2019-02-12T13:30:48","date_gmt":"2019-02-12T12:30:48","guid":{"rendered":"http:\/\/tomnaska.myqnapcloud.com\/WordPress\/?page_id=942"},"modified":"2019-12-11T11:33:45","modified_gmt":"2019-12-11T10:33:45","slug":"publikace","status":"publish","type":"page","link":"https:\/\/cvns.econ.muni.cz\/en\/publikace\/","title":{"rendered":"Publications"},"content":{"rendered":"<div data-elementor-type=\"post\" data-elementor-id=\"942\" class=\"elementor elementor-942 elementor-bc-flex-widget\" data-elementor-settings=\"[]\">\n\t\t\t<div class=\"elementor-inner\">\n\t\t\t\t<div class=\"elementor-section-wrap\">\n\t\t\t\t\t\t\t<section class=\"elementor-element elementor-element-cb535c1 elementor-section-stretched elementor-section-full_width elementor-section-content-top elementor-section-height-default elementor-section-height-default elementor-section elementor-top-section\" data-id=\"cb535c1\" data-element_type=\"section\" data-settings=\"{&quot;stretch_section&quot;:&quot;section-stretched&quot;}\">\n\t\t\t\t\t\t<div class=\"elementor-container elementor-column-gap-no\">\n\t\t\t\t<div class=\"elementor-row\">\n\t\t\t\t<div class=\"elementor-element elementor-element-6474ae5 elementor-column elementor-col-100 elementor-top-column\" data-id=\"6474ae5\" data-element_type=\"column\">\n\t\t\t<div class=\"elementor-column-wrap  elementor-element-populated\">\n\t\t\t\t\t<div class=\"elementor-widget-wrap\">\n\t\t\t\t<div class=\"elementor-element elementor-element-b610ec3 elementor-widget elementor-widget-image\" data-id=\"b610ec3\" data-element_type=\"widget\" data-widget_type=\"image.default\">\n\t\t\t\t<div class=\"elementor-widget-container\">\n\t\t\t\t\t<div class=\"elementor-image\">\n\t\t\t\t\t\t\t\t\t\t<img loading=\"lazy\" decoding=\"async\" width=\"4256\" height=\"700\" src=\"https:\/\/cvns.econ.muni.cz\/wp-content\/uploads\/2019\/02\/DSC_2402_cropped2.jpg\" class=\"attachment-full size-full\" alt=\"\" srcset=\"https:\/\/cvns.econ.muni.cz\/wp-content\/uploads\/2019\/02\/DSC_2402_cropped2.jpg 4256w, https:\/\/cvns.econ.muni.cz\/wp-content\/uploads\/2019\/02\/DSC_2402_cropped2-300x49.jpg 300w, https:\/\/cvns.econ.muni.cz\/wp-content\/uploads\/2019\/02\/DSC_2402_cropped2-768x126.jpg 768w, https:\/\/cvns.econ.muni.cz\/wp-content\/uploads\/2019\/02\/DSC_2402_cropped2-1024x168.jpg 1024w\" sizes=\"auto, (max-width: 4256px) 100vw, 4256px\" \/>\t\t\t\t\t\t\t\t\t\t\t<\/div>\n\t\t\t\t<\/div>\n\t\t\t\t<\/div>\n\t\t\t\t\t\t<\/div>\n\t\t\t<\/div>\n\t\t<\/div>\n\t\t\t\t\t\t<\/div>\n\t\t\t<\/div>\n\t\t<\/section>\n\t\t\t\t<section class=\"elementor-element elementor-element-efac2c6 elementor-section-boxed elementor-section-height-default elementor-section-height-default elementor-section elementor-top-section\" data-id=\"efac2c6\" data-element_type=\"section\">\n\t\t\t\t\t\t<div class=\"elementor-container elementor-column-gap-default\">\n\t\t\t\t<div class=\"elementor-row\">\n\t\t\t\t<div class=\"elementor-element elementor-element-4c85eb0 elementor-column elementor-col-100 elementor-top-column\" data-id=\"4c85eb0\" data-element_type=\"column\">\n\t\t\t<div class=\"elementor-column-wrap  elementor-element-populated\">\n\t\t\t\t\t<div class=\"elementor-widget-wrap\">\n\t\t\t\t<div class=\"elementor-element elementor-element-1efa9cf elementor-widget elementor-widget-spacer\" data-id=\"1efa9cf\" data-element_type=\"widget\" data-widget_type=\"spacer.default\">\n\t\t\t\t<div class=\"elementor-widget-container\">\n\t\t\t\t\t<div class=\"elementor-spacer\">\n\t\t\t<div class=\"elementor-spacer-inner\"><\/div>\n\t\t<\/div>\n\t\t\t\t<\/div>\n\t\t\t\t<\/div>\n\t\t\t\t<div class=\"elementor-element elementor-element-292bc6a elementor-widget elementor-widget-heading\" data-id=\"292bc6a\" data-element_type=\"widget\" data-widget_type=\"heading.default\">\n\t\t\t\t<div class=\"elementor-widget-container\">\n\t\t\t<h2 class=\"elementor-heading-title elementor-size-default\">Publications<\/h2>\t\t<\/div>\n\t\t\t\t<\/div>\n\t\t\t\t\t\t<\/div>\n\t\t\t<\/div>\n\t\t<\/div>\n\t\t\t\t\t\t<\/div>\n\t\t\t<\/div>\n\t\t<\/section>\n\t\t\t\t<section class=\"elementor-element elementor-element-bb71ba7 elementor-section-stretched elementor-section-full_width elementor-section-height-default elementor-section-height-default elementor-section elementor-top-section\" data-id=\"bb71ba7\" data-element_type=\"section\" data-settings=\"{&quot;stretch_section&quot;:&quot;section-stretched&quot;}\">\n\t\t\t\t\t\t<div class=\"elementor-container elementor-column-gap-default\">\n\t\t\t\t<div class=\"elementor-row\">\n\t\t\t\t<div class=\"elementor-element elementor-element-c7964e0 elementor-column elementor-col-100 elementor-top-column\" data-id=\"c7964e0\" data-element_type=\"column\">\n\t\t\t<div class=\"elementor-column-wrap  elementor-element-populated\">\n\t\t\t\t\t<div class=\"elementor-widget-wrap\">\n\t\t\t\t<div class=\"elementor-element elementor-element-f3a57fc elementor-tabs-view-vertical elementor-invisible elementor-widget elementor-widget-tabs\" data-id=\"f3a57fc\" data-element_type=\"widget\" data-settings=\"{&quot;_animation&quot;:&quot;fadeIn&quot;}\" data-widget_type=\"tabs.default\">\n\t\t\t\t<div class=\"elementor-widget-container\">\n\t\t\t\t\t<div class=\"elementor-tabs\" role=\"tablist\">\n\t\t\t<div class=\"elementor-tabs-wrapper\">\n\t\t\t\t\t\t\t\t\t<div id=\"elementor-tab-title-2551\" class=\"elementor-tab-title elementor-tab-desktop-title\" data-tab=\"1\" role=\"tab\" aria-controls=\"elementor-tab-content-2551\"><a href=\"\">2018<\/a><\/div>\n\t\t\t\t\t\t\t\t\t<div id=\"elementor-tab-title-2552\" class=\"elementor-tab-title elementor-tab-desktop-title\" data-tab=\"2\" role=\"tab\" aria-controls=\"elementor-tab-content-2552\"><a href=\"\">2017<\/a><\/div>\n\t\t\t\t\t\t\t\t\t<div id=\"elementor-tab-title-2553\" class=\"elementor-tab-title elementor-tab-desktop-title\" data-tab=\"3\" role=\"tab\" aria-controls=\"elementor-tab-content-2553\"><a href=\"\">2016<\/a><\/div>\n\t\t\t\t\t\t\t\t\t<div id=\"elementor-tab-title-2554\" class=\"elementor-tab-title elementor-tab-desktop-title\" data-tab=\"4\" role=\"tab\" aria-controls=\"elementor-tab-content-2554\"><a href=\"\">2015<\/a><\/div>\n\t\t\t\t\t\t\t\t\t<div id=\"elementor-tab-title-2555\" class=\"elementor-tab-title elementor-tab-desktop-title\" data-tab=\"5\" role=\"tab\" aria-controls=\"elementor-tab-content-2555\"><a href=\"\">2014<\/a><\/div>\n\t\t\t\t\t\t\t\t\t<div id=\"elementor-tab-title-2556\" class=\"elementor-tab-title elementor-tab-desktop-title\" data-tab=\"6\" role=\"tab\" aria-controls=\"elementor-tab-content-2556\"><a href=\"\">2013<\/a><\/div>\n\t\t\t\t\t\t\t\t\t<div id=\"elementor-tab-title-2557\" class=\"elementor-tab-title elementor-tab-desktop-title\" data-tab=\"7\" role=\"tab\" aria-controls=\"elementor-tab-content-2557\"><a href=\"\">2012<\/a><\/div>\n\t\t\t\t\t\t\t\t\t<div id=\"elementor-tab-title-2558\" class=\"elementor-tab-title elementor-tab-desktop-title\" data-tab=\"8\" role=\"tab\" aria-controls=\"elementor-tab-content-2558\"><a href=\"\">2011<\/a><\/div>\n\t\t\t\t\t\t\t\t\t<div id=\"elementor-tab-title-2559\" class=\"elementor-tab-title elementor-tab-desktop-title\" data-tab=\"9\" role=\"tab\" aria-controls=\"elementor-tab-content-2559\"><a href=\"\">2010<\/a><\/div>\n\t\t\t\t\t\t\t\t\t<div id=\"elementor-tab-title-25510\" class=\"elementor-tab-title elementor-tab-desktop-title\" data-tab=\"10\" role=\"tab\" aria-controls=\"elementor-tab-content-25510\"><a href=\"\">2009<\/a><\/div>\n\t\t\t\t\t\t\t\t\t<div id=\"elementor-tab-title-25511\" class=\"elementor-tab-title elementor-tab-desktop-title\" data-tab=\"11\" role=\"tab\" aria-controls=\"elementor-tab-content-25511\"><a href=\"\">2008<\/a><\/div>\n\t\t\t\t\t\t\t\t\t<div id=\"elementor-tab-title-25512\" class=\"elementor-tab-title elementor-tab-desktop-title\" data-tab=\"12\" role=\"tab\" aria-controls=\"elementor-tab-content-25512\"><a href=\"\">2007<\/a><\/div>\n\t\t\t\t\t\t\t\t\t<div id=\"elementor-tab-title-25513\" class=\"elementor-tab-title elementor-tab-desktop-title\" data-tab=\"13\" role=\"tab\" aria-controls=\"elementor-tab-content-25513\"><a href=\"\">2006<\/a><\/div>\n\t\t\t\t\t\t\t\t\t<div id=\"elementor-tab-title-25514\" class=\"elementor-tab-title elementor-tab-desktop-title\" data-tab=\"14\" role=\"tab\" aria-controls=\"elementor-tab-content-25514\"><a href=\"\">2005<\/a><\/div>\n\t\t\t\t\t\t\t\t\t<div id=\"elementor-tab-title-25515\" class=\"elementor-tab-title elementor-tab-desktop-title\" data-tab=\"15\" role=\"tab\" aria-controls=\"elementor-tab-content-25515\"><a href=\"\">2004<\/a><\/div>\n\t\t\t\t\t\t\t\t\t<div id=\"elementor-tab-title-25516\" class=\"elementor-tab-title elementor-tab-desktop-title\" data-tab=\"16\" role=\"tab\" aria-controls=\"elementor-tab-content-25516\"><a href=\"\">2003<\/a><\/div>\n\t\t\t\t\t\t\t<\/div>\n\t\t\t<div class=\"elementor-tabs-content-wrapper\">\n\t\t\t\t\t\t\t\t\t<div class=\"elementor-tab-title elementor-tab-mobile-title\" data-tab=\"1\" role=\"tab\">2018<\/div>\n\t\t\t\t\t<div id=\"elementor-tab-content-2551\" class=\"elementor-tab-content elementor-clearfix\" data-tab=\"1\" role=\"tabpanel\" aria-labelledby=\"elementor-tab-title-2551\"><p>    <script>\r\n        jQuery(document).ready(function($){\r\n            wizard_accordion  = $(\"#accordions-862.accordions .items\").accordion({\r\n                event: \"click\",\r\n                collapsible:true,\r\n                heightStyle: \"content\",\r\n                animate: (\"swing\", 1000),\r\n                navigation: true,\r\n                active: 99999,\r\n                            });\r\n        })<\/script>\r\n    <style type='text\/css'>\r\n#accordions-862 {\r\n    text-align: left;\r\n}\r\n#accordions-862{\r\n    background: url() repeat scroll 0 0;\r\n    padding: 0;\r\n}\r\n#accordions-862 .accordions-head{\r\n    background:rgba(255,255,255, 1) none repeat scroll 0 0;\r\n    margin:1px;\r\n    padding:10px;\r\n}\r\n#accordions-862 .accordions-head-title{\r\n    color:#0000dc;\r\n    font-size:14px;\r\n    font-family:;\r\n}\r\n#accordions-862 .accordions-head-title-toogle{\r\n    color:#0000dc;\r\n    font-size:14px;\r\n}\r\n#accordions-862 .accordions-head:hover .accordions-head-title{\r\n    color:#0000dc;\r\n}\r\n#accordions-862 .ui-state-active{\r\n    background: #afafaf;\r\n}\r\n#accordions-862 .accordion-content{\r\n    background:rgba(255,255,255,1) none repeat scroll 0 0;\r\n    color:#333333;\r\n    font-size:13px;\r\n    font-family:;\r\n    margin:0;\r\n    padding:10px;\r\n}\r\n#accordions-862 .accordion-icons{\r\n    color:#565656;\r\n    font-size:16px;\r\n}\r\n#accordions-862 .accordions-head:hover .accordion-icons{\r\n    color:#999;\r\n}\r\n<\/style>\r\n<div id=\"accordions-862\" class=\"accordions accordions-themes flat accordions-862\">\r\n<div class=\"top-navs\">\r\n<\/div>\r\n\t<div class=\"items\">\r\n\t    <div post_id=\"862\" header_id=\"header-1543153730747\" id=\"header-1543153730747\" style=\"\" class=\"accordions-head head1543153730747\"  >\r\n        <div class=\"accordion-icons left accordion-plus fa fas fa-chevron-up\"><\/div>\r\n        <div class=\"accordion-icons left accordion-minus fa fas fa-chevron-down\"><\/div>\r\n        <div id=\"header-text-1543153730747\"    class=\"accordions-head-title\">Analysis of Public Funding for NPOs from Public Budgets in 2016<\/div>\r\n    <\/div><div class=\"accordion-content content1543153730747\">\r\n    <p><a href=\"https:\/\/www.vlada.cz\/cz\/ppov\/rnno\/dokumenty\/rozbor-financovani-nestatnich-neziskovych-organizaci-168259\/\" target=\"_blank\" rel=\"noopener\">PEJCAL, Jakub, Zuzana PROUZOV\u00c1 a Kate\u0159ina ALMANI T\u016eMOV\u00c1.\u00a0<em>Rozbor financov\u00e1n\u00ed nest\u00e1tn\u00edch neziskov\u00fdch organizac\u00ed z\u00a0ve\u0159ejn\u00fdch rozpo\u010dt\u016f v\u00a0roce 2016<\/em>. Praha: Vl\u00e1da \u010cR,\u00a02018.<\/a><\/p>\n<p><em>Rozbor financov\u00e1n\u00ed NNO z\u00a0ve\u0159ejn\u00fdch rozpo\u010dt\u016f v\u00a0roce 2016\u00a0byl p\u0159ijat a vyd\u00e1n Vl\u00e1dou \u010cR Usnesen\u00edm vl\u00e1dy \u010cR \u010d. 532\u00a0ze dne 15.\u00a0srpna\u00a02018.<\/em><\/p>\n<\/div>    <div post_id=\"862\" header_id=\"header-1543153734421\" id=\"header-1543153734421\" style=\"\" class=\"accordions-head head1543153734421\"  >\r\n        <div class=\"accordion-icons left accordion-plus fa fas fa-chevron-up\"><\/div>\r\n        <div class=\"accordion-icons left accordion-minus fa fas fa-chevron-down\"><\/div>\r\n        <div id=\"header-text-1543153734421\"    class=\"accordions-head-title\">Individualized vs. organized civic engagement in CEE countries<\/div>\r\n    <\/div><div class=\"accordion-content content1543153734421\">\r\n    <p>NAVR\u00c1TIL, Ji\u0159\u00ed. Individualized vs. organized civic engagement in CEE countries. In Marcin Moskalewicz; Wojciech Przybylski.\u00a0<em>Understanding Central Europe<\/em>. Abingdon: Routledge, 2018.\u00a0s.\u00a0300\u2013310, 11\u00a0s. Routledge Series on Russian and East European Studies. ISBN\u00a0978\u20130\u2013415\u201379159\u20135.<\/p>\n<\/div>    <div post_id=\"862\" header_id=\"header-1543153735279\" id=\"header-1543153735279\" style=\"\" class=\"accordions-head head1543153735279\"  >\r\n        <div class=\"accordion-icons left accordion-plus fa fas fa-chevron-up\"><\/div>\r\n        <div class=\"accordion-icons left accordion-minus fa fas fa-chevron-down\"><\/div>\r\n        <div id=\"header-text-1543153735279\"    class=\"accordions-head-title\">Contesting communism after its fall: exploring two modes of anti-communist activism in the Czech Republic<\/div>\r\n    <\/div><div class=\"accordion-content content1543153735279\">\r\n    <p><a href=\"https:\/\/www.tandfonline.com\/doi\/abs\/10.1080\/21599165.2018.1423966?journalCode=fjcs21\" target=\"_blank\" rel=\"noopener\">NAVR\u00c1TIL, Ji\u0159\u00ed a Milan HRUBE\u0160. Contesting communism after its fall: exploring two modes of anti-communist activism in the Czech Republic.\u00a0<em>East European Politics<\/em>, 2018, ro\u010d.\u00a034, \u010d.\u00a01, s.\u00a06\u201326. ISSN\u00a02159\u20139165. doi:10.1080\/215991\u00ad65.2018.1423966.<\/a><\/p>\n<\/div>\r\n\t<\/div>\r\n<\/div>\r\n\t\t<link rel=\"stylesheet\" type=\"text\/css\" media=\"all\" href=\"https:\/\/cvns.econ.muni.cz\/wp-content\/plugins\/accordions\/assets\/frontend\/css\/jquery-ui.css?ver=20181018\"\/>\r\n<link rel=\"stylesheet\" type=\"text\/css\" media=\"all\" href=\"https:\/\/cvns.econ.muni.cz\/wp-content\/plugins\/accordions\/assets\/global\/css\/themes.style.css?ver=20181018\"\/>\r\n<link rel=\"stylesheet\" type=\"text\/css\" media=\"all\" href=\"https:\/\/cvns.econ.muni.cz\/wp-content\/plugins\/accordions\/assets\/global\/css\/fontawesome.min.css?ver=20181018\"\/><\/p><\/div>\n\t\t\t\t\t\t\t\t\t<div class=\"elementor-tab-title elementor-tab-mobile-title\" data-tab=\"2\" role=\"tab\">2017<\/div>\n\t\t\t\t\t<div id=\"elementor-tab-content-2552\" class=\"elementor-tab-content elementor-clearfix\" data-tab=\"2\" role=\"tabpanel\" aria-labelledby=\"elementor-tab-title-2552\"><p>    <script>\r\n        jQuery(document).ready(function($){\r\n            wizard_accordion  = $(\"#accordions-861.accordions .items\").accordion({\r\n                event: \"click\",\r\n                collapsible:true,\r\n                heightStyle: \"content\",\r\n                animate: (\"swing\", 1000),\r\n                navigation: true,\r\n                active: 99999,\r\n                            });\r\n        })<\/script>\r\n    <style type='text\/css'>\r\n#accordions-861 {\r\n    text-align: left;\r\n}\r\n#accordions-861{\r\n    background: url() repeat scroll 0 0;\r\n    padding: 0;\r\n}\r\n#accordions-861 .accordions-head{\r\n    background:rgba(255,255,255, 1) none repeat scroll 0 0;\r\n    margin:1px;\r\n    padding:10px;\r\n}\r\n#accordions-861 .accordions-head-title{\r\n    color:#0000dc;\r\n    font-size:14px;\r\n    font-family:;\r\n}\r\n#accordions-861 .accordions-head-title-toogle{\r\n    color:#0000dc;\r\n    font-size:14px;\r\n}\r\n#accordions-861 .accordions-head:hover .accordions-head-title{\r\n    color:#0000dc;\r\n}\r\n#accordions-861 .ui-state-active{\r\n    background: #afafaf;\r\n}\r\n#accordions-861 .accordion-content{\r\n    background:rgba(255,255,255,1) none repeat scroll 0 0;\r\n    color:#333333;\r\n    font-size:13px;\r\n    font-family:;\r\n    margin:0;\r\n    padding:10px;\r\n}\r\n#accordions-861 .accordion-icons{\r\n    color:#565656;\r\n    font-size:16px;\r\n}\r\n#accordions-861 .accordions-head:hover .accordion-icons{\r\n    color:#999;\r\n}\r\n<\/style>\r\n<div id=\"accordions-861\" class=\"accordions accordions-themes flat accordions-861\">\r\n<div class=\"top-navs\">\r\n<\/div>\r\n\t<div class=\"items\">\r\n\t    <div post_id=\"861\" header_id=\"header-1543154771349\" id=\"header-1543154771349\" style=\"\" class=\"accordions-head head1543154771349\"  >\r\n        <div class=\"accordion-icons left accordion-plus fa fas fa-chevron-up\"><\/div>\r\n        <div class=\"accordion-icons left accordion-minus fa fas fa-chevron-down\"><\/div>\r\n        <div id=\"header-text-1543154771349\"    class=\"accordions-head-title\">Constructing a Political Enemy: Anti-Communist Framing in the Czech Republic Between 1990 and 2010<\/div>\r\n    <\/div><div class=\"accordion-content content1543154771349\">\r\n    <p><a href=\"http:\/\/intersections.tk.mta.hu\/index.php\/intersections\/article\/view\/347\/175\" target=\"_blank\" rel=\"noopener\">HRUBE\u0160, Milan\u00a0a\u00a0Ji\u0159\u00ed NAVR\u00c1TIL. Constructing a Political Enemy: Anti-Communist Framing in the Czech Republic Between 1990\u00a0and 2010.\u00a0<em>Intersec\u00adtions. East European Journal of Society and Politics<\/em>, Budapest, 2017, ro\u010d.\u00a03, \u010d.\u00a03, s.\u00a041\u201362. ISSN\u00a02416\u2013089X. doi:10.17356\/i\u00adeejsp.v3i3.347.<\/a><\/p>\n<\/div>    <div post_id=\"861\" header_id=\"header-1543154794424\" id=\"header-1543154794424\" style=\"\" class=\"accordions-head head1543154794424\"  >\r\n        <div class=\"accordion-icons left accordion-plus fa fas fa-chevron-up\"><\/div>\r\n        <div class=\"accordion-icons left accordion-minus fa fas fa-chevron-down\"><\/div>\r\n        <div id=\"header-text-1543154794424\"    class=\"accordions-head-title\">Czech Republic<\/div>\r\n    <\/div><div class=\"accordion-content content1543154794424\">\r\n    <p><a href=\"http:\/\/www.erstestiftung.org\/publication\/civil-society-in-cee\/\" target=\"_blank\" rel=\"noopener\">NAVR\u00c1TIL, Ji\u0159\u00ed\u00a0a\u00a0Jakub PEJCAL. Czech Republic. In Peter Vandor, Nicole Traxler, Reinhard Millner, Michael Meyer.\u00a0<em>Civil Society in Central and Eastern Europe: Challenges and Opportunities<\/em>. Vienna: ERSTE Foundation, 2017.\u00a0s.\u00a043\u201357, 15\u00a0s. ERSTE Stiftung Studies. ISBN\u00a0978\u20133\u2013902673\u201310\u20137.<\/a><\/p>\n<\/div>    <div post_id=\"861\" header_id=\"header-1543154818584\" id=\"header-1543154818584\" style=\"\" class=\"accordions-head head1543154818584\"  >\r\n        <div class=\"accordion-icons left accordion-plus fa fas fa-chevron-up\"><\/div>\r\n        <div class=\"accordion-icons left accordion-minus fa fas fa-chevron-down\"><\/div>\r\n        <div id=\"header-text-1543154818584\"    class=\"accordions-head-title\">Polanyi, political-economic opportunity structure and protest: capitalism and contention in the postcommunist Czech Republic<\/div>\r\n    <\/div><div class=\"accordion-content content1543154818584\">\r\n    <p><a href=\"http:\/\/www.tandfonline.com\/doi\/full\/10.1080\/14742837.2016.1235497\" target=\"_blank\" rel=\"noopener\">C\u00cdSA\u0158, Ond\u0159ej\u00a0a\u00a0Ji\u0159\u00ed NAVR\u00c1TIL. Polanyi, political-economic opportunity structure and protest: capitalism and contention in the postcommunist Czech Republic.\u00a0<em>Social movement studies : journal of social, cultural and political protest.<\/em>, Abingdon: Taylor &amp; Francis, 2017, ro\u010d.\u00a016, \u010d.\u00a01, s.\u00a082\u2013100. ISSN\u00a01474\u20132837. doi:10.1080\/147428\u00ad37.2016.1235497<\/a><\/p>\n<\/div>    <div post_id=\"861\" header_id=\"header-1543154819781\" id=\"header-1543154819781\" style=\"\" class=\"accordions-head head1543154819781\"  >\r\n        <div class=\"accordion-icons left accordion-plus fa fas fa-chevron-up\"><\/div>\r\n        <div class=\"accordion-icons left accordion-minus fa fas fa-chevron-down\"><\/div>\r\n        <div id=\"header-text-1543154819781\"    class=\"accordions-head-title\">Radical and moderate left activism in the Czech Republic and in Slovakia (1989\u20132010)<\/div>\r\n    <\/div><div class=\"accordion-content content1543154819781\">\r\n    <p>NAVR\u00c1TIL, Ji\u0159\u00ed. Radical and moderate left activism in the Czech Republic and in Slovakia (1989\u20132010). In Magnus Wennerhag; Christian Fr\u00f6hlich; Grzegorz Piotrowski.\u00a0<em>Ra\u00addical Left Movements in Europe<\/em>. Abingdon: Routledge, 2017.\u00a0s.\u00a062\u201381, 20\u00a0s. The Mobilization Series on Social Movements, Protest, and Culture. ISBN\u00a0978\u20131\u20134724\u20136146\u20139.<\/p>\n<\/div>    <div post_id=\"861\" header_id=\"header-1543154820536\" id=\"header-1543154820536\" style=\"\" class=\"accordions-head head1543154820536\"  >\r\n        <div class=\"accordion-icons left accordion-plus fa fas fa-chevron-up\"><\/div>\r\n        <div class=\"accordion-icons left accordion-minus fa fas fa-chevron-down\"><\/div>\r\n        <div id=\"header-text-1543154820536\"    class=\"accordions-head-title\">Understanding Enemy Images in Central and Eastern European Politics. Towards an Interdisciplinary Approach<\/div>\r\n    <\/div><div class=\"accordion-content content1543154820536\">\r\n    <p><a href=\"http:\/\/intersections.tk.mta.hu\/index.php\/intersections\/article\/view\/365\" target=\"_blank\" rel=\"noopener\">GER\u0150, M\u00e1rton, Piotr P. P\u0141UCIENNICZAK,\u00a0A\u00adlena KLUKNAVSK\u00c1,\u00a0Ji\u0159\u00ed NAVR\u00c1TIL\u00a0a Kostas KANELLOPOULOS. Understanding Enemy Images in Central and Eastern European Politics. Towards an Interdisciplinary Approach.\u00a0<em>Inter\u00adsections. East European Journal of Society and Politics<\/em>, Budapest, 2017, ro\u010d.\u00a03, \u010d.\u00a03, s.\u00a014\u201340. ISSN\u00a02416\u2013089X. doi:10.17356\/i\u00adeejsp.v3i3.365.<\/a><\/p>\n<\/div>    <div post_id=\"861\" header_id=\"header-1543154821740\" id=\"header-1543154821740\" style=\"\" class=\"accordions-head head1543154821740\"  >\r\n        <div class=\"accordion-icons left accordion-plus fa fas fa-chevron-up\"><\/div>\r\n        <div class=\"accordion-icons left accordion-minus fa fas fa-chevron-down\"><\/div>\r\n        <div id=\"header-text-1543154821740\"    class=\"accordions-head-title\">Government Subsidies to Non-profit Organisations and its Impact on Private Donations: Regional and Subsector Models<\/div>\r\n    <\/div><div class=\"accordion-content content1543154821740\">\r\n    <p>HLADK\u00c1, Marie\u00a0a\u00a0Vladim\u00edr HY\u00c1NEK. Government Subsidies to Non-profit Organisations and its Impact on Private Donations: Regional and Subsector Models.\u00a0<em>Lex localis\u00a0\u2013 Journal of Local Self-Government<\/em>, 2017, ro\u010d.\u00a015, \u010d.\u00a02, s.\u00a0283\u2013301. ISSN\u00a01581\u20135374. doi:10.4335\/15\u00ad.2.281\u2013299.<\/p>\n<\/div>    <div post_id=\"861\" header_id=\"header-1543154823600\" id=\"header-1543154823600\" style=\"\" class=\"accordions-head head1543154823600\"  >\r\n        <div class=\"accordion-icons left accordion-plus fa fas fa-chevron-up\"><\/div>\r\n        <div class=\"accordion-icons left accordion-minus fa fas fa-chevron-down\"><\/div>\r\n        <div id=\"header-text-1543154823600\"    class=\"accordions-head-title\">Model d\u00e1rcovsk\u00e9ho chov\u00e1n\u00ed v \u010cesk\u00e9 republice<\/div>\r\n    <\/div><div class=\"accordion-content content1543154823600\">\r\n    <p><a href=\"https:\/\/www.vse.cz\/aop\/572\" target=\"_blank\" rel=\"noopener\">HLADK\u00c1, Marie\u00a0a\u00a0Vladim\u00edr HY\u00c1NEK. Model d\u00e1rcovsk\u00e9ho chov\u00e1n\u00ed v\u00a0\u010cesk\u00e9 republice.\u00a0<em>Acta Oeconomica Pragensia<\/em>, Praha: Vysok\u00e1 \u0161kla ekonomick\u00e1, 2017, ro\u010d.\u00a025, \u010d.\u00a02, s.\u00a017\u201333. ISSN\u00a00572\u20133043. doi:10.18267\/j\u00ad.aop.572.<\/a><\/p>\n<\/div>    <div post_id=\"861\" header_id=\"header-1543154823906\" id=\"header-1543154823906\" style=\"\" class=\"accordions-head head1543154823906\"  >\r\n        <div class=\"accordion-icons left accordion-plus fa fas fa-chevron-up\"><\/div>\r\n        <div class=\"accordion-icons left accordion-minus fa fas fa-chevron-down\"><\/div>\r\n        <div id=\"header-text-1543154823906\"    class=\"accordions-head-title\">Na pen\u011bz\u00edch z\u00e1le\u017e\u00ed. \u010cesk\u00e9 neziskov\u00e9 organizace v 21. stolet\u00ed<\/div>\r\n    <\/div><div class=\"accordion-content content1543154823906\">\r\n    <p><a href=\"https:\/\/munispace.muni.cz\/index.php\/munispace\/catalog\/book\/869\" target=\"_blank\" rel=\"noopener\">\u0160PALEK, Ji\u0159\u00ed, Vladim\u00edr HY\u00c1NEK, Laura F\u00d3NADOV\u00c1, Marie HLADK\u00c1, Marie JAKUBCOV\u00c1, Tom\u00e1\u0161 KATR\u0147\u00c1K, Mark\u00e9ta MATULOV\u00c1, Kl\u00e1ra PLACIER a Zuzana PROUZOV\u00c1.\u00a0<em>Na pen\u011bz\u00edch z\u00e1le\u017e\u00ed. \u010cesk\u00e9 neziskov\u00e9 organizace v\u00a021.\u00a0stolet\u00ed<\/em>. 1.\u00a0vyd\u00e1n\u00ed. Brno: Masarykova univerzita, 2017. 146\u00a0s. ISBN\u00a0978\u201380\u2013210\u20138431\u20135. doi:10.5817\/CZ\u00ad.MUNI.M210\u20138431\u20132017.<\/a><\/p>\n<\/div>    <div post_id=\"861\" header_id=\"header-1543154824181\" id=\"header-1543154824181\" style=\"\" class=\"accordions-head head1543154824181\"  >\r\n        <div class=\"accordion-icons left accordion-plus fa fas fa-chevron-up\"><\/div>\r\n        <div class=\"accordion-icons left accordion-minus fa fas fa-chevron-down\"><\/div>\r\n        <div id=\"header-text-1543154824181\"    class=\"accordions-head-title\">Nongovernmental Nonprofit Organisations in Social Services: Theories versus the Real Situation in the Czech Republic<\/div>\r\n    <\/div><div class=\"accordion-content content1543154824181\">\r\n    <p>PEJCAL, Jakub a Jakub DOST\u00c1L. Nongovernmental Nonprofit Organisations in Social Services: Theories versus the Real Situation in the Czech Republic.\u00a0<em>Scientific papers of the university of Pardubice Series D<\/em>, Pardubice: University of Pardubice, 2017, ro\u010d.\u00a024, \u010d.\u00a040, s.\u00a0177\u2013187. ISSN\u00a01211\u2013555X.<\/p>\n<\/div>    <div post_id=\"861\" header_id=\"header-1543154824348\" id=\"header-1543154824348\" style=\"\" class=\"accordions-head head1543154824348\"  >\r\n        <div class=\"accordion-icons left accordion-plus fa fas fa-chevron-up\"><\/div>\r\n        <div class=\"accordion-icons left accordion-minus fa fas fa-chevron-down\"><\/div>\r\n        <div id=\"header-text-1543154824348\"    class=\"accordions-head-title\">Research on Giving in Czech Republic. In: Giving in Europe. The state of research on household donations, corporations, foundations and charity lotteries to charitable organisations in Europe<\/div>\r\n    <\/div><div class=\"accordion-content content1543154824348\">\r\n    <p>HLADK\u00c1, Marie, Vladim\u00edr HY\u00c1NEK, Kate\u0159ina RONOVSK\u00c1 a Katarina STEHL\u00cdKOV\u00c1.\u00a0<em>Re\u00adsearch on Giving in Czech Republic. In: Giving in Europe. The state of research on household donations, corporations, foundations and charity lotteries to charitable organisations in Europe. pp 68\u201381. ISBN 9789075458862<\/em>. : An ERNOP publication, Barry Hoolwerf and Theo Schuyt (eds.),\u00a02017.<\/p>\n<\/div>    <div post_id=\"861\" header_id=\"header-1543154824513\" id=\"header-1543154824513\" style=\"\" class=\"accordions-head head1543154824513\"  >\r\n        <div class=\"accordion-icons left accordion-plus fa fas fa-chevron-up\"><\/div>\r\n        <div class=\"accordion-icons left accordion-minus fa fas fa-chevron-down\"><\/div>\r\n        <div id=\"header-text-1543154824513\"    class=\"accordions-head-title\">The Relationship between Public Subsidies and Unearned Revenues for Non-profit Organizations: Testing the Crowding-Out and Crowding-In Positions in the Czech Republic<\/div>\r\n    <\/div><div class=\"accordion-content content1543154824513\">\r\n    <p>HLADK\u00c1, Marie,\u00a0Vladim\u00edr HY\u00c1NEK\u00a0a\u00a0Ji\u0159\u00ed \u0160PALEK. The Relationship between Public Subsidies and Unearned Revenues for Non-profit Organizations: Testing the Crowding-Out and Crowding-In Positions in the Czech Republic.\u00a0<em>Eko\u00adnomick\u00fd \u010dasopis<\/em>, Slovensko: SAP\u00a0\u2013 Slovak Academic Press, 2017, ro\u010d.\u00a065, \u010d.\u00a03, s.\u00a0263\u2013281. ISSN\u00a00013\u20133035.<\/p>\n<\/div>    <div post_id=\"861\" header_id=\"header-1543154824864\" id=\"header-1543154824864\" style=\"\" class=\"accordions-head head1543154824864\"  >\r\n        <div class=\"accordion-icons left accordion-plus fa fas fa-chevron-up\"><\/div>\r\n        <div class=\"accordion-icons left accordion-minus fa fas fa-chevron-down\"><\/div>\r\n        <div id=\"header-text-1543154824864\"    class=\"accordions-head-title\">Analysis of Public Funding for NPOs from Public Budgets in 2015<\/div>\r\n    <\/div><div class=\"accordion-content content1543154824864\">\r\n    <p><a href=\"https:\/\/www.vlada.cz\/cz\/ppov\/rnno\/dokumenty\/rozbor-financovani-nestatnich-neziskovych-organizaci-152610\/\" target=\"_blank\" rel=\"noopener\">PROUZOV\u00c1, Zuzana.\u00a0<em>Rozbor financov\u00e1n\u00ed nest\u00e1tn\u00edch neziskov\u00fdch organizac\u00ed z\u00a0ve\u0159ejn\u00fdch rozpo\u010dt\u016f v\u00a0roce 2015<\/em>. Praha: Vl\u00e1da \u010cR, 2017. 70\u00a0s.<\/a><\/p>\n<p><em>Rozbor financov\u00e1n\u00ed NNO z\u00a0ve\u0159ejn\u00fdch rozpo\u010dt\u016f v\u00a0roce 2015\u00a0byl p\u0159ijat a vyd\u00e1n Vl\u00e1dou \u010cR Usnesen\u00edm vl\u00e1dy \u010cR \u010d. 15\u00a0ze dne 9.\u00a0ledna\u00a02017.<\/em><\/p>\n<\/div>    <div post_id=\"861\" header_id=\"header-1543154825028\" id=\"header-1543154825028\" style=\"\" class=\"accordions-head head1543154825028\"  >\r\n        <div class=\"accordion-icons left accordion-plus fa fas fa-chevron-up\"><\/div>\r\n        <div class=\"accordion-icons left accordion-minus fa fas fa-chevron-down\"><\/div>\r\n        <div id=\"header-text-1543154825028\"    class=\"accordions-head-title\">Trivialized Neo-Nazi to the Parliament: Explaining the Electoral Success of the Extreme Right Party \u013dSNS in Slovakia<\/div>\r\n    <\/div><div class=\"accordion-content content1543154825028\">\r\n    <p>KLUKNAVSK\u00c1, Alena, Petr VODA a Peter SP\u00c1\u010c. Trivialized Neo-Nazi to the Parliament: Explaining the Electoral Success of the Extreme Right Party \u013dSNS in Slovakia. In\u00a0<em>ECPR General Conference in Oslo<\/em>.\u00a02017.<\/p>\n<\/div>    <div post_id=\"861\" header_id=\"header-1543155143757\" id=\"header-1543155143757\" style=\"\" class=\"accordions-head head1543155143757\"  >\r\n        <div class=\"accordion-icons left accordion-plus fa fas fa-chevron-up\"><\/div>\r\n        <div class=\"accordion-icons left accordion-minus fa fas fa-chevron-down\"><\/div>\r\n        <div id=\"header-text-1543155143757\"    class=\"accordions-head-title\">Extreme Right, the Internet and European Politics in CEE Countries: The Cases of Slovakia and the Czech Republic<\/div>\r\n    <\/div><div class=\"accordion-content content1543155143757\">\r\n    <p><a href=\"https:\/\/link.springer.com\/chapter\/10.1057\/978-1-137-59890-5_8\" target=\"_blank\" rel=\"noopener\">CAIANI, Manuela a Alena KLUKNAVSK\u00c1. Extreme Right, the Internet and European Politics in CEE Countries: The Cases of Slovakia and the Czech Republic. In Mauro Barisione, Asimina Michailidou.\u00a0<em>So\u00adcial Media and European Politics: Rethinking Power and Legitimacy in the Digital Era<\/em>. London: Palgrave Macmillan UK, 2017.\u00a0s.\u00a0167\u2013192, 26\u00a0s. Palgrave Studies in European Political Sociology, svazek 21.\u00a0ISBN\u00a0978\u20131\u2013137\u201359889\u20139. doi:10.1057\/978\u20131\u2013137\u201359890\u20135_8.<\/a><\/p>\n<\/div>\r\n\t<\/div>\r\n<\/div>\r\n\t\t<link rel=\"stylesheet\" type=\"text\/css\" media=\"all\" href=\"https:\/\/cvns.econ.muni.cz\/wp-content\/plugins\/accordions\/assets\/frontend\/css\/jquery-ui.css?ver=20181018\"\/>\r\n<link rel=\"stylesheet\" type=\"text\/css\" media=\"all\" href=\"https:\/\/cvns.econ.muni.cz\/wp-content\/plugins\/accordions\/assets\/global\/css\/themes.style.css?ver=20181018\"\/>\r\n<link rel=\"stylesheet\" type=\"text\/css\" media=\"all\" href=\"https:\/\/cvns.econ.muni.cz\/wp-content\/plugins\/accordions\/assets\/global\/css\/fontawesome.min.css?ver=20181018\"\/><\/p><\/div>\n\t\t\t\t\t\t\t\t\t<div class=\"elementor-tab-title elementor-tab-mobile-title\" data-tab=\"3\" role=\"tab\">2016<\/div>\n\t\t\t\t\t<div id=\"elementor-tab-content-2553\" class=\"elementor-tab-content elementor-clearfix\" data-tab=\"3\" role=\"tabpanel\" aria-labelledby=\"elementor-tab-title-2553\"><p>    <script>\r\n        jQuery(document).ready(function($){\r\n            wizard_accordion  = $(\"#accordions-860.accordions .items\").accordion({\r\n                event: \"click\",\r\n                collapsible:true,\r\n                heightStyle: \"content\",\r\n                animate: (\"swing\", 1000),\r\n                navigation: true,\r\n                active: 99999,\r\n                            });\r\n        })<\/script>\r\n    <style type='text\/css'>\r\n#accordions-860 {\r\n    text-align: left;\r\n}\r\n#accordions-860{\r\n    background: url() repeat scroll 0 0;\r\n    padding: 0;\r\n}\r\n#accordions-860 .accordions-head{\r\n    background:rgba(255,255,255, 1) none repeat scroll 0 0;\r\n    margin:1px;\r\n    padding:10px;\r\n}\r\n#accordions-860 .accordions-head-title{\r\n    color:#0000dc;\r\n    font-size:14px;\r\n    font-family:;\r\n}\r\n#accordions-860 .accordions-head-title-toogle{\r\n    color:#0000dc;\r\n    font-size:14px;\r\n}\r\n#accordions-860 .accordions-head:hover .accordions-head-title{\r\n    color:#0000dc;\r\n}\r\n#accordions-860 .ui-state-active{\r\n    background: #afafaf;\r\n}\r\n#accordions-860 .accordion-content{\r\n    background:rgba(255,255,255,1) none repeat scroll 0 0;\r\n    color:#333333;\r\n    font-size:13px;\r\n    font-family:;\r\n    margin:0;\r\n    padding:10px;\r\n}\r\n#accordions-860 .accordion-icons{\r\n    color:#565656;\r\n    font-size:16px;\r\n}\r\n#accordions-860 .accordions-head:hover .accordion-icons{\r\n    color:#999;\r\n}\r\n<\/style>\r\n<div id=\"accordions-860\" class=\"accordions accordions-themes flat accordions-860\">\r\n<div class=\"top-navs\">\r\n<\/div>\r\n\t<div class=\"items\">\r\n\t    <div post_id=\"860\" header_id=\"header-1543156042999\" id=\"header-1543156042999\" style=\"\" class=\"accordions-head head1543156042999\"  >\r\n        <div class=\"accordion-icons left accordion-plus fa fas fa-chevron-up\"><\/div>\r\n        <div class=\"accordion-icons left accordion-minus fa fas fa-chevron-down\"><\/div>\r\n        <div id=\"header-text-1543156042999\"    class=\"accordions-head-title\">Analysis of the Financing of NGOs from Selected Public Budgets in 2014<\/div>\r\n    <\/div><div class=\"accordion-content content1543156042999\">\r\n    <p><a href=\"http:\/\/www.vlada.cz\/cz\/ppov\/rnno\/dokumenty\/rozbor-financovani-nestatnich-neziskovych-organizaci-139318\/\" target=\"_blank\" rel=\"noopener\">PROUZOV\u00c1, Zuzana.\u00a0<em>Rozbor financov\u00e1n\u00ed nest\u00e1tn\u00edch neziskov\u00fdch organizac\u00ed z\u00a0ve\u0159ejn\u00fdch rozpo\u010dt\u016f v\u00a0roce 2014<\/em>\u00a0[online]. Vl\u00e1da \u010cR,\u00a02016.<\/a><\/p>\n<p><em>Rozbor financov\u00e1n\u00ed NNO z\u00a0ve\u0159ejn\u00fdch rozpo\u010dt\u016f v\u00a0roce 2014\u00a0byl p\u0159ijat Usnesen\u00edm Vl\u00e1dy \u010cR ze dne 13.\u00a0ledna 2016\u00a0\u010d.\u00a09.<\/em><\/p>\n<\/div>    <div post_id=\"860\" header_id=\"header-1543156043578\" id=\"header-1543156043578\" style=\"\" class=\"accordions-head head1543156043578\"  >\r\n        <div class=\"accordion-icons left accordion-plus fa fas fa-chevron-up\"><\/div>\r\n        <div class=\"accordion-icons left accordion-minus fa fas fa-chevron-down\"><\/div>\r\n        <div id=\"header-text-1543156043578\"    class=\"accordions-head-title\">Od ekonomick\u00e9 globalizace k \u201ev\u00e1lce proti terorismu\u201c. Prom\u011bny \u010desk\u00e9ho levicov\u00e9ho aktivismu na po\u010d\u00e1tku 21. stolet\u00ed<\/div>\r\n    <\/div><div class=\"accordion-content content1543156043578\">\r\n    <p>NAVR\u00c1TIL, Ji\u0159\u00ed.\u00a0<em>Od ekonomick\u00e9 globalizace k \u201ev\u00e1lce proti terorismu\u201c. Prom\u011bny \u010desk\u00e9ho levicov\u00e9ho aktivismu na po\u010d\u00e1tku 21.\u00a0stolet\u00ed<\/em>. Praha: Sociologick\u00e9 nakladatelstv\u00ed, 2016. 178\u00a0s. Edice studie. ISBN\u00a0978\u201380\u20137419\u2013245\u20136.<\/p>\n<\/div>    <div post_id=\"860\" header_id=\"header-1543156044037\" id=\"header-1543156044037\" style=\"\" class=\"accordions-head head1543156044037\"  >\r\n        <div class=\"accordion-icons left accordion-plus fa fas fa-chevron-up\"><\/div>\r\n        <div class=\"accordion-icons left accordion-minus fa fas fa-chevron-down\"><\/div>\r\n        <div id=\"header-text-1543156044037\"    class=\"accordions-head-title\">Social Innovation Types in Consumer Protection in Alternative Financial Services after the Great Recession<\/div>\r\n    <\/div><div class=\"accordion-content content1543156044037\">\r\n    <p>NAVR\u00c1TIL, Ji\u0159\u00ed\u00a0a\u00a0Kl\u00e1ra PLACIER. Social Innovation Types in Consumer Protection in Alternative Financial Services after the Great Recession. In Dagmar \u0160palkov\u00e1, Lenka Mat\u011bjov\u00e1.\u00a0<em>Pro\u00adceedings of the 20th International Conference Current Trends in Public Sector Research<\/em>. Brno: Masarykova univerzita, 2016.\u00a0s.\u00a0336\u2013343, 8\u00a0s. ISBN\u00a0978\u201380\u2013210\u20138082\u20139.<\/p>\n<\/div>    <div post_id=\"860\" header_id=\"header-1543156044490\" id=\"header-1543156044490\" style=\"\" class=\"accordions-head head1543156044490\"  >\r\n        <div class=\"accordion-icons left accordion-plus fa fas fa-chevron-up\"><\/div>\r\n        <div class=\"accordion-icons left accordion-minus fa fas fa-chevron-down\"><\/div>\r\n        <div id=\"header-text-1543156044490\"    class=\"accordions-head-title\">Altruistick\u00fd versus egoistick\u00fd d\u00e1rce: Interdisciplin\u00e1rn\u00ed p\u0159\u00edstupy interpretuj\u00edc\u00ed prosoci\u00e1ln\u00ed chov\u00e1n\u00ed v procesu d\u00e1rcovstv\u00ed<\/div>\r\n    <\/div><div class=\"accordion-content content1543156044490\">\r\n    <p>HLADK\u00c1, Marie. Altruistick\u00fd versus egoistick\u00fd d\u00e1rce: Interdisciplin\u00e1rn\u00ed p\u0159\u00edstupy interpretuj\u00edc\u00ed prosoci\u00e1ln\u00ed chov\u00e1n\u00ed v\u00a0procesu d\u00e1rcovstv\u00ed.\u00a0<em>Sci\u00adentia et Societas<\/em>, Praha: NEWTON College, 2016, ro\u010d.\u00a02016, \u010d.\u00a03, s.\u00a0125\u2013142. ISSN\u00a01801\u20136057.<\/p>\n<\/div>    <div post_id=\"860\" header_id=\"header-1543156044969\" id=\"header-1543156044969\" style=\"\" class=\"accordions-head head1543156044969\"  >\r\n        <div class=\"accordion-icons left accordion-plus fa fas fa-chevron-up\"><\/div>\r\n        <div class=\"accordion-icons left accordion-minus fa fas fa-chevron-down\"><\/div>\r\n        <div id=\"header-text-1543156044969\"    class=\"accordions-head-title\">Explanation of the Donor Decision-making Process in the Czech Republic through a Combination of Influences of Individual Motives<\/div>\r\n    <\/div><div class=\"accordion-content content1543156044969\">\r\n    <p><a href=\"http:\/\/www.vse.cz\/efaj\/151\" target=\"_blank\" rel=\"noopener\">HLADK\u00c1, Marie a Vladim\u00edr HY\u00c1NEK. Explanation of the Donor Decision-making Process in the Czech Republic through a Combination of Influences of Individual Motives.\u00a0<em>European Financial and Accounting Journal<\/em>, Praha: Vysok\u00e1 \u0161kola ekonomick\u00e1 v\u00a0Praze, 2016, ro\u010d.\u00a02016, \u010d.\u00a01, s.\u00a023\u201337. ISSN\u00a01805\u20134846. doi:10.18267\/j\u00ad.efaj.151.<\/a><\/p>\n<\/div>    <div post_id=\"860\" header_id=\"header-1543156045453\" id=\"header-1543156045453\" style=\"\" class=\"accordions-head head1543156045453\"  >\r\n        <div class=\"accordion-icons left accordion-plus fa fas fa-chevron-up\"><\/div>\r\n        <div class=\"accordion-icons left accordion-minus fa fas fa-chevron-down\"><\/div>\r\n        <div id=\"header-text-1543156045453\"    class=\"accordions-head-title\">The Direction of Debates on Introducing a Percentage Tax Designation Scheme in the Czech Republic<\/div>\r\n    <\/div><div class=\"accordion-content content1543156045453\">\r\n    <p>HLADK\u00c1, Marie. The Direction of Debates on Introducing a Percentage Tax Designation Scheme in the Czech Republic. In Boris Stre\u010dansk\u00fd and Marianna T\u00f6r\u00f6k.\u00a0<em>Assessment of the Impact of the Percentage Tax Designations: Past, Present, Future<\/em>. Vienna: ERSTE Foundation, 2016.\u00a0s.\u00a0105\u2013118, 14\u00a0s. ISBN\u00a0978\u20133\u2013902673\u201309\u20131.<\/p>\n<\/div>    <div post_id=\"860\" header_id=\"header-1543156045946\" id=\"header-1543156045946\" style=\"\" class=\"accordions-head head1543156045946\"  >\r\n        <div class=\"accordion-icons left accordion-plus fa fas fa-chevron-up\"><\/div>\r\n        <div class=\"accordion-icons left accordion-minus fa fas fa-chevron-down\"><\/div>\r\n        <div id=\"header-text-1543156045946\"    class=\"accordions-head-title\">Usefulness of Tax Assignation for the Czech Tax System: The Direction of Debates on Introducing<\/div>\r\n    <\/div><div class=\"accordion-content content1543156045946\">\r\n    <p>HLADK\u00c1, Marie a Vladim\u00edr HY\u00c1NEK. Usefulness of Tax Assignation for the Czech Tax System: The Direction of Debates on Introducing. In Dagmar \u0160palkov\u00e1, Lenka Mat\u011bjov\u00e1.\u00a0<em>Current Trends in Public Sector Research. Proceedings of the 20th International Conference<\/em>. Brno: Masarykova univerzita, 2016.\u00a0s.\u00a0122\u2013130, 9\u00a0s. ISBN\u00a0978\u201380\u2013210\u20138082\u20139.<\/p>\n<\/div>    <div post_id=\"860\" header_id=\"header-1543156046381\" id=\"header-1543156046381\" style=\"\" class=\"accordions-head head1543156046381\"  >\r\n        <div class=\"accordion-icons left accordion-plus fa fas fa-chevron-up\"><\/div>\r\n        <div class=\"accordion-icons left accordion-minus fa fas fa-chevron-down\"><\/div>\r\n        <div id=\"header-text-1543156046381\"    class=\"accordions-head-title\">Changes in Revenue Structure in Czech Non-profit Organizations during the Financial Crises: Has the Importance of Public Sources Changed?<\/div>\r\n    <\/div><div class=\"accordion-content content1543156046381\">\r\n    <p>F\u00d3NADOV\u00c1, Laura, Ji\u0159\u00ed \u0160PALEK a Vladim\u00edr HY\u00c1NEK. Changes in Revenue Structure in Czech Non-profit Organizations during the Financial Crises: Has the Importance of Public Sources Changed?\u00a0<em>Ekono\u00admick\u00fd \u010dasopis<\/em>, SAP\u00a0\u2013 Slovak Academic Press, 2016, ro\u010d.\u00a064, \u010d.\u00a07, s.\u00a0686\u2013700. ISSN\u00a00013\u20133035.<\/p>\n<\/div>    <div post_id=\"860\" header_id=\"header-1543156046856\" id=\"header-1543156046856\" style=\"\" class=\"accordions-head head1543156046856\"  >\r\n        <div class=\"accordion-icons left accordion-plus fa fas fa-chevron-up\"><\/div>\r\n        <div class=\"accordion-icons left accordion-minus fa fas fa-chevron-down\"><\/div>\r\n        <div id=\"header-text-1543156046856\"    class=\"accordions-head-title\">Fight against NGO Inefficiency: The Use of Financial and Impact Management Tools in the Czech Republic<\/div>\r\n    <\/div><div class=\"accordion-content content1543156046856\">\r\n    <p>PEJCAL, Jakub a Marek VYSKO\u010cIL. Fight against NGO Inefficiency: The Use of Financial and Impact Management Tools in the Czech Republic. In Dagmar \u0160palkov\u00e1; Lenka Mat\u011bjov\u00e1.\u00a0<em>Current Trends in Public Sector Research<\/em>. Brno: Masaryk University, 2016.\u00a0s.\u00a0361\u2013368, 8\u00a0s. ISBN\u00a0978\u201380\u2013210\u20138082\u20139.<\/p>\n<\/div>\r\n\t<\/div>\r\n<\/div>\r\n\t\t<link rel=\"stylesheet\" type=\"text\/css\" media=\"all\" href=\"https:\/\/cvns.econ.muni.cz\/wp-content\/plugins\/accordions\/assets\/frontend\/css\/jquery-ui.css?ver=20181018\"\/>\r\n<link rel=\"stylesheet\" type=\"text\/css\" media=\"all\" href=\"https:\/\/cvns.econ.muni.cz\/wp-content\/plugins\/accordions\/assets\/global\/css\/themes.style.css?ver=20181018\"\/>\r\n<link rel=\"stylesheet\" type=\"text\/css\" media=\"all\" href=\"https:\/\/cvns.econ.muni.cz\/wp-content\/plugins\/accordions\/assets\/global\/css\/fontawesome.min.css?ver=20181018\"\/><\/p><\/div>\n\t\t\t\t\t\t\t\t\t<div class=\"elementor-tab-title elementor-tab-mobile-title\" data-tab=\"4\" role=\"tab\">2015<\/div>\n\t\t\t\t\t<div id=\"elementor-tab-content-2554\" class=\"elementor-tab-content elementor-clearfix\" data-tab=\"4\" role=\"tabpanel\" aria-labelledby=\"elementor-tab-title-2554\"><p>    <script>\r\n        jQuery(document).ready(function($){\r\n            wizard_accordion  = $(\"#accordions-859.accordions .items\").accordion({\r\n                event: \"click\",\r\n                collapsible:true,\r\n                heightStyle: \"content\",\r\n                animate: (\"swing\", 1000),\r\n                navigation: true,\r\n                active: 99999,\r\n                            });\r\n        })<\/script>\r\n    <style type='text\/css'>\r\n#accordions-859 {\r\n    text-align: left;\r\n}\r\n#accordions-859{\r\n    background:#ffffff url() repeat scroll 0 0;\r\n    padding: 0;\r\n}\r\n#accordions-859 .accordions-head{\r\n    background:rgba(255,255,255, 1) none repeat scroll 0 0;\r\n    margin:1px;\r\n    padding:10px;\r\n}\r\n#accordions-859 .accordions-head-title{\r\n    color:#0000dc;\r\n    font-size:14px;\r\n    font-family:;\r\n}\r\n#accordions-859 .accordions-head-title-toogle{\r\n    color:#0000dc;\r\n    font-size:14px;\r\n}\r\n#accordions-859 .accordions-head:hover .accordions-head-title{\r\n    color:#0000dc;\r\n}\r\n#accordions-859 .ui-state-active{\r\n    background: #afafaf;\r\n}\r\n#accordions-859 .accordion-content{\r\n    background:rgba(255,255,255,1) none repeat scroll 0 0;\r\n    color:#333333;\r\n    font-size:13px;\r\n    font-family:;\r\n    margin:0;\r\n    padding:10px;\r\n}\r\n#accordions-859 .accordion-icons{\r\n    color:#565656;\r\n    font-size:16px;\r\n}\r\n#accordions-859 .accordions-head:hover .accordion-icons{\r\n    color:#999;\r\n}\r\n<\/style>\r\n<div id=\"accordions-859\" class=\"accordions accordions-themes flat accordions-859\">\r\n<div class=\"top-navs\">\r\n<\/div>\r\n\t<div class=\"items\">\r\n\t    <div post_id=\"859\" header_id=\"header-1543156837964\" id=\"header-1543156837964\" style=\"\" class=\"accordions-head head1543156837964\"  >\r\n        <div class=\"accordion-icons left accordion-plus fa fas fa-chevron-up\"><\/div>\r\n        <div class=\"accordion-icons left accordion-minus fa fas fa-chevron-down\"><\/div>\r\n        <div id=\"header-text-1543156837964\"    class=\"accordions-head-title\">Why do people give: Motives for charitable giving in the Czech Republic<\/div>\r\n    <\/div><div class=\"accordion-content content1543156837964\">\r\n    <p>HLADK\u00c1, Marie. Why do people give: Motives for charitable giving in the Czech Republic. In Dagmar \u0160palkov\u00e1, Lenka Mat\u011bjov\u00e1.\u00a0<em>Current Trends in Public Sector Research. Proceedings of the 19th International Conference.<\/em>\u00a0Brno: Masarykova Univerzita, 2015.\u00a0s.\u00a0394\u2013401, 8\u00a0s. ISBN\u00a0978\u201380\u2013210\u20137532\u20130.<\/p>\n<p>Dostupn\u00e9\u00a0<a class=\"icon_ext icon_pdf\" href=\"http:\/\/ctpsr.econ.muni.cz\/wp-content\/uploads\/2015\/01\/A5_sbornik_2015_bez_znacek.pdf\" target=\"_blank\" rel=\"noopener\">zde<\/a>\u00a0od strany\u00a0394.<\/p>\n<\/div>    <div post_id=\"859\" header_id=\"header-1543156838630\" id=\"header-1543156838630\" style=\"\" class=\"accordions-head head1543156838630\"  >\r\n        <div class=\"accordion-icons left accordion-plus fa fas fa-chevron-up\"><\/div>\r\n        <div class=\"accordion-icons left accordion-minus fa fas fa-chevron-down\"><\/div>\r\n        <div id=\"header-text-1543156838630\"    class=\"accordions-head-title\">Metamorf\u00f3zy nada\u010dn\u00edho pr\u00e1va v Evrop\u011b a \u010cesk\u00e9 republice na po\u010d\u00e1tku 21. stolet\u00ed<\/div>\r\n    <\/div><div class=\"accordion-content content1543156838630\">\r\n    <p><a href=\"http:\/\/science.law.muni.cz\/knihy\/monografie\/Ronovska_Metamorfozy_nadacniho_prava.pdf\" target=\"_blank\" rel=\"noopener\">RONOVSK\u00c1, Kate\u0159ina a kolektiv.\u00a0<em>Metamorf\u00f3zy nada\u010dn\u00edho pr\u00e1va v\u00a0Evrop\u011b a \u010cesk\u00e9 republice na po\u010d\u00e1tku 21.<br \/>\nstolet\u00ed.<\/em>\u00a01.\u00a0vyd. Brno : Masarykova univerzita, Pr\u00e1vnick\u00e1 fakulta, 2015. 202\u00a0s. Spisy Pr\u00e1vnick\u00e9 fakulty Masarykovy\u00a0uni\u00adverzity, \u0159ada teoretick\u00e9 ; sv. \u010d. 510.\u00a0ISBN 978\u201380\u2013210\u20137747\u20138.<\/a><\/p>\n<\/div>    <div post_id=\"859\" header_id=\"header-1543156839185\" id=\"header-1543156839185\" style=\"\" class=\"accordions-head head1543156839185\"  >\r\n        <div class=\"accordion-icons left accordion-plus fa fas fa-chevron-up\"><\/div>\r\n        <div class=\"accordion-icons left accordion-minus fa fas fa-chevron-down\"><\/div>\r\n        <div id=\"header-text-1543156839185\"    class=\"accordions-head-title\">Data and facts about the nonprofit sector in the Czech Republic<\/div>\r\n    <\/div><div class=\"accordion-content content1543156839185\">\r\n    <p><a href=\"http:\/\/www.vlada.cz\/assets\/ppov\/rnno\/dokumenty\/studie_prouzova_data_a_fakta_o_neziskovem_sektoru_1.pdf\" target=\"_blank\" rel=\"noopener\">Prouzov\u00e1, Zuzana:\u00a0<em>Data a fakta o\u00a0neziskov\u00e9m sektoru v\u00a0\u010cR<\/em>. Rada vl\u00e1dy pro nest\u00e1tn\u00ed neziskov\u00e9 organizace. <\/a><\/p>\n<p>Studie zadan\u00e1 Radou vl\u00e1dy pro nest\u00e1tn\u00ed neziskov\u00e9 organizace jako d\u00edl\u010d\u00ed studie vl\u00e1dn\u00ed koncepce \u201eSt\u00e1tn\u00ed politiky v\u016f\u010di NNO na l\u00e9ta 2015\u00a0\u2013\u00a02020\u201c<\/p>\n<\/div>    <div post_id=\"859\" header_id=\"header-1543156839747\" id=\"header-1543156839747\" style=\"\" class=\"accordions-head head1543156839747\"  >\r\n        <div class=\"accordion-icons left accordion-plus fa fas fa-chevron-up\"><\/div>\r\n        <div class=\"accordion-icons left accordion-minus fa fas fa-chevron-down\"><\/div>\r\n        <div id=\"header-text-1543156839747\"    class=\"accordions-head-title\">Factors influencing donors behavior<\/div>\r\n    <\/div><div class=\"accordion-content content1543156839747\">\r\n    <p><a href=\"http:\/\/cvns.econ.muni.cz\/en\/wp-content\/uploads\/2019\/12\/Disertace_Hladk\u00e1.pdf\/\" target=\"_blank\" rel=\"noopener\">Hladk\u00e1, Marie.\u00a0Faktory ovliv\u0148uj\u00edc\u00ed d\u00e1rcovsk\u00e9 chov\u00e1n\u00ed. 2015.\u00a0Diserta\u010dn\u00ed pr\u00e1ce.\u00a0178s.<\/a><\/p>\n<\/div>    <div post_id=\"859\" header_id=\"header-1543156840247\" id=\"header-1543156840247\" style=\"\" class=\"accordions-head head1543156840247\"  >\r\n        <div class=\"accordion-icons left accordion-plus fa fas fa-chevron-up\"><\/div>\r\n        <div class=\"accordion-icons left accordion-minus fa fas fa-chevron-down\"><\/div>\r\n        <div id=\"header-text-1543156840247\"    class=\"accordions-head-title\">Promoting competition or cooperation? The impact of EU funding on Czech advocacy organizations.<\/div>\r\n    <\/div><div class=\"accordion-content content1543156840247\">\r\n    <p>C\u00cdSA\u0158, Ond\u0159ej a Ji\u0159\u00ed NAVR\u00c1TIL. Promoting competition or cooperation? The impact of EU funding on Czech advocacy organizations Promoting competition or cooperation?\u00a0<em>De\u00admocratization\u00a0<\/em>22: 536\u2013559.<\/p>\n<\/div>    <div post_id=\"859\" header_id=\"header-1543156840740\" id=\"header-1543156840740\" style=\"\" class=\"accordions-head head1543156840740\"  >\r\n        <div class=\"accordion-icons left accordion-plus fa fas fa-chevron-up\"><\/div>\r\n        <div class=\"accordion-icons left accordion-minus fa fas fa-chevron-down\"><\/div>\r\n        <div id=\"header-text-1543156840740\"    class=\"accordions-head-title\">Rural nonprofit organizations and their functions in communities and local governance: Survey results from Vyso\u010dina and South Moravia<\/div>\r\n    <\/div><div class=\"accordion-content content1543156840740\">\r\n    <p>CURTISS, Jarmila a Simona \u0160KARABELOV\u00c1. Rural nonprofit organizations and their functions in communities and local governance: Survey results from Vyso\u010dina and South Moravia. In Dagmar \u0160palkov\u00e1, Lenka Mat\u011bjov\u00e1.\u00a0Pro\u00adceeding of the 19th International Conference: Current Trends in Public Sector Research. 1.\u00a0vyd\u00e1n\u00ed. Brno: Masarykova univerzita, 2015.\u00a0s.\u00a0368\u2013377, 9\u00a0s. ISBN\u00a0978\u201380\u2013210\u20137532\u20130<\/p>\n<p>Dostupn\u00e9\u00a0<a class=\"icon_ext icon_pdf\" href=\"http:\/\/ctpsr.econ.muni.cz\/wp-content\/uploads\/2015\/01\/A5_sbornik_2015_bez_znacek.pdf\" target=\"_blank\" rel=\"noopener\">zde<\/a>\u00a0od strany\u00a0368.<\/p>\n<\/div>    <div post_id=\"859\" header_id=\"header-1543156841208\" id=\"header-1543156841208\" style=\"\" class=\"accordions-head head1543156841208\"  >\r\n        <div class=\"accordion-icons left accordion-plus fa fas fa-chevron-up\"><\/div>\r\n        <div class=\"accordion-icons left accordion-minus fa fas fa-chevron-down\"><\/div>\r\n        <div id=\"header-text-1543156841208\"    class=\"accordions-head-title\">Analysis of the Financing of NGOs from Selected Public Budgets in 2013<\/div>\r\n    <\/div><div class=\"accordion-content content1543156841208\">\r\n    <p><a href=\"http:\/\/www.vlada.cz\/cz\/ppov\/rnno\/dokumenty\/rozbor-financovani-nestatnich-neziskovych-organizaci-126014\" target=\"_blank\" rel=\"noopener\">PROUZOV\u00c1, Zuzana a Kate\u0159ina ALMANI T\u016eMOV\u00c1.\u00a0<em>Rozbor financov\u00e1n\u00ed nest\u00e1tn\u00edch neziskov\u00fdch organizac\u00ed z\u00a0ve\u0159ejn\u00fdch rozpo\u010dt\u016f v\u00a0roce 2013<\/em>\u00a0[online]. Vl\u00e1da \u010cR,\u00a02015.<\/a><\/p>\n<p><em>Rozbor financov\u00e1n\u00ed NNO z\u00a0ve\u0159ejn\u00fdch rozpo\u010dt\u016f v\u00a0roce 2013\u00a0byl p\u0159ijat Usnesen\u00edm Vl\u00e1dy \u010cR ze dne 14.\u00a0ledna 2015\u00a0\u010d.\u00a028.<\/em><\/p>\n<\/div>    <div post_id=\"859\" header_id=\"header-1543156841808\" id=\"header-1543156841808\" style=\"\" class=\"accordions-head head1543156841808\"  >\r\n        <div class=\"accordion-icons left accordion-plus fa fas fa-chevron-up\"><\/div>\r\n        <div class=\"accordion-icons left accordion-minus fa fas fa-chevron-down\"><\/div>\r\n        <div id=\"header-text-1543156841808\"    class=\"accordions-head-title\">Publicly Funded Social Innovation<\/div>\r\n    <\/div><div class=\"accordion-content content1543156841808\">\r\n    <p>VYSKO\u010cIL, Marek a Jakub PEJCAL. Publicly Funded Social Innovation. In Dagmar \u0160palkov\u00e1; Lenka Mat\u011bjov\u00e1. Current Trends in Public Sector Research. 1.\u00a0vyd. Brno: Masaryk University, 2015.\u00a0s. 416\u2013423, 423\u00a0s. ISBN 978\u201380\u2013210\u20137532\u20130.<\/p>\n<p>Dostupn\u00e9\u00a0<a class=\"icon_ext icon_pdf\" href=\"http:\/\/ctpsr.econ.muni.cz\/wp-content\/uploads\/2015\/01\/A5_sbornik_2015_bez_znacek.pdf\" target=\"_blank\" rel=\"noopener\">zde<\/a>\u00a0od strany\u00a0416.<\/p>\n<\/div>    <div post_id=\"859\" header_id=\"header-1543156842321\" id=\"header-1543156842321\" style=\"\" class=\"accordions-head head1543156842321\"  >\r\n        <div class=\"accordion-icons left accordion-plus fa fas fa-chevron-up\"><\/div>\r\n        <div class=\"accordion-icons left accordion-minus fa fas fa-chevron-down\"><\/div>\r\n        <div id=\"header-text-1543156842321\"    class=\"accordions-head-title\">Public funding of Czech agricultural NGOs in times of financial and economic crisis<\/div>\r\n    <\/div><div class=\"accordion-content content1543156842321\">\r\n    <p>PROUZOV\u00c1, Zuzana,\u00a0Gabriela VACEKOV\u00c1\u00a0a\u00a0Jana SOUKOPOV\u00c1. Public funding of Czech agricultural NGOs in times of financial and economic crisis. In Dagmar \u0160palkov\u00e1, Lenka Mat\u011bjov\u00e1.\u00a0<em>Current Trends in Public Sector Research. Proceedings of the 19th International Conference.<\/em>\u00a0Brno: Masarykova Univerzita, 2015.\u00a0s.\u00a0409\u00a0\u2013 415, 7\u00a0s. ISBN\u00a0978\u201380\u2013210\u20137532\u20130.<\/p>\n<p>Dostupn\u00e9\u00a0<a class=\"icon_ext icon_pdf\" href=\"http:\/\/ctpsr.econ.muni.cz\/wp-content\/uploads\/2015\/01\/A5_sbornik_2015_bez_znacek.pdf\" target=\"_blank\" rel=\"noopener\">zde<\/a>\u00a0od strany\u00a0409.<\/p>\n<\/div>    <div post_id=\"859\" header_id=\"header-1543156842814\" id=\"header-1543156842814\" style=\"\" class=\"accordions-head head1543156842814\"  >\r\n        <div class=\"accordion-icons left accordion-plus fa fas fa-chevron-up\"><\/div>\r\n        <div class=\"accordion-icons left accordion-minus fa fas fa-chevron-down\"><\/div>\r\n        <div id=\"header-text-1543156842814\"    class=\"accordions-head-title\">EUFORI Study \u2013 European Foundations for Research and Innovation: Czech Republic Country Report<\/div>\r\n    <\/div><div class=\"accordion-content content1543156842814\">\r\n    <p>POSP\u00cd\u0160IL, M.,\u00a0ALMANI T\u016eMOV\u00c1, K. (2015). Czech Republic Country Report\u00a0 EUFORI Study. In B. Gouwenberg et al. (Eds.), EUFORI Study: European\u00a0 Foundations for Research and Innovation (pp. 273\u2013332).\u00a0 Luxembourg: Publications Office of the European\u00a0Union.<\/p>\n<p>Kapitola za \u010ceskou republiku dostupn\u00e1\u00a0<a class=\"icon_ext\" href=\"http:\/\/euforistudy.eu\/research\/czech-republic\/\" target=\"_blank\" rel=\"noopener\">zde<\/a><\/p>\n<p>Cel\u00e1 zpr\u00e1va dostupn\u00e1\u00a0<a class=\"icon_ext icon_pdf\" href=\"http:\/\/test.giving.nl\/wp-content\/uploads\/2015\/07\/EUFORI-Final-Report-Digital-Version.pdf\" target=\"_blank\" rel=\"noopener\">zde<\/a><\/p>\n<\/div>    <div post_id=\"859\" header_id=\"header-1543156843321\" id=\"header-1543156843321\" style=\"\" class=\"accordions-head head1543156843321\"  >\r\n        <div class=\"accordion-icons left accordion-plus fa fas fa-chevron-up\"><\/div>\r\n        <div class=\"accordion-icons left accordion-minus fa fas fa-chevron-down\"><\/div>\r\n        <div id=\"header-text-1543156843321\"    class=\"accordions-head-title\">Civil Society in the Czech Republic<\/div>\r\n    <\/div><div class=\"accordion-content content1543156843321\">\r\n    <p>POSP\u00cd\u0160IL, M.,\u00a0Navr\u00e1til, J. and J. Pejcal. (2015). Civil Society in the Czech Republic. In Ch. Schreier\u00a0(Eds.),\u00a0<em>25\u00a0Years After: Mapping civil Society in the Visegrad Countries<\/em>\u00a0(pp. 143\u2013188).\u00a0 Stuttgart: Lucius et Lucius Verlegsgesellschaf\u00adt.\u00a0ISBN 978\u20133\u20138282\u20130616\u20138.<\/p>\n<\/div>    <div post_id=\"859\" header_id=\"header-1543156843838\" id=\"header-1543156843838\" style=\"\" class=\"accordions-head head1543156843838\"  >\r\n        <div class=\"accordion-icons left accordion-plus fa fas fa-chevron-up\"><\/div>\r\n        <div class=\"accordion-icons left accordion-minus fa fas fa-chevron-down\"><\/div>\r\n        <div id=\"header-text-1543156843838\"    class=\"accordions-head-title\">Incentives to our generosity<\/div>\r\n    <\/div><div class=\"accordion-content content1543156843838\">\r\n    <p>HLADK\u00c1, Marie. Incentives to our generosity.\u00a0<em>In XI. ro\u010dn\u00edk mezin\u00e1rodn\u00ed v\u011bdeck\u00e9 konference Ve\u0159ejn\u00e1 ekonomika a spr\u00e1va 2015: Teoretick\u00e9 a praktick\u00e9 ot\u00e1zky ve\u0159ejn\u00e9 ekonomiky a spr\u00e1vy<\/em>. Ostrava: Vysok\u00e1 \u0161kola b\u00e1\u0148sk\u00e1\u00a0\u2013 Technick\u00e1 univerzita Ostrava, Ekonomick\u00e1 fakulta, 2015.\u00a0s.\u00a049\u201355.<\/p>\n<\/div>    <div post_id=\"859\" header_id=\"header-1543156844368\" id=\"header-1543156844368\" style=\"\" class=\"accordions-head head1543156844368\"  >\r\n        <div class=\"accordion-icons left accordion-plus fa fas fa-chevron-up\"><\/div>\r\n        <div class=\"accordion-icons left accordion-minus fa fas fa-chevron-down\"><\/div>\r\n        <div id=\"header-text-1543156844368\"    class=\"accordions-head-title\">Importance of Public Funding in the Revenue Structure of Non-profit Institutions in the Czech Republic<\/div>\r\n    <\/div><div class=\"accordion-content content1543156844368\">\r\n    <p>PROUZOV\u00c1, Zuzana\u00a0\u2013 \u0160PALEK, Ji\u0159\u00ed. Importance of Public Funding in the Revenue Structure of Non-profit Institutions in the Czech Republic.<em>\u00a0In Proceedings of the 11th International Scientific Conference Public Economics and Administration.<\/em>\u00a0Ostrava : Vysok\u00e1 \u0161kola b\u00e1\u0148sk\u00e1\u00a0\u2013 Technick\u00e1 univerzita Ostrava, Ekonomick\u00e1 fakulta, 2015.\u00a0ISBN 978\u201380\u2013248\u20133839\u20137, pp. 160\u2013165. 8.9.2015, Ostrava.<\/p>\n<\/div>    <div post_id=\"859\" header_id=\"header-1543156844893\" id=\"header-1543156844893\" style=\"\" class=\"accordions-head head1543156844893\"  >\r\n        <div class=\"accordion-icons left accordion-plus fa fas fa-chevron-up\"><\/div>\r\n        <div class=\"accordion-icons left accordion-minus fa fas fa-chevron-down\"><\/div>\r\n        <div id=\"header-text-1543156844893\"    class=\"accordions-head-title\">The Direction of Debates on Introducing Percentage Tax Designation Scheme in the Czech Republic<\/div>\r\n    <\/div><div class=\"accordion-content content1543156844893\">\r\n    <p>HLADK\u00c1, Marie.\u00a0<em>The Direction of Debates on Introducing Percentage Tax Designation Scheme in the Czech Republic<\/em>. 2015. 22\u00a0s.<\/p>\n<\/div>    <div post_id=\"859\" header_id=\"header-1543156845419\" id=\"header-1543156845419\" style=\"\" class=\"accordions-head head1543156845419\"  >\r\n        <div class=\"accordion-icons left accordion-plus fa fas fa-chevron-up\"><\/div>\r\n        <div class=\"accordion-icons left accordion-minus fa fas fa-chevron-down\"><\/div>\r\n        <div id=\"header-text-1543156845419\"    class=\"accordions-head-title\">Field description in Consumer Protection: Sustainability in Alternative Finance Systems<\/div>\r\n    <\/div><div class=\"accordion-content content1543156845419\">\r\n    <p><a href=\"http:\/\/itssoin.eu\/site\/wp-content\/uploads\/2014\/06\/ITSSOIN_D6_1_Field-description_Part-2_Field-description_Consumer-protection-in-finance.pdf\" target=\"_blank\" rel=\"noopener\">HY\u00c1NEK, V., NAVR\u00c1TIL, J., FIGUEROA, M., TYGSTRUP, C., JOS\u00c9 SANZO, M., \u00c1LVAREZ, L., \u00c1LVAREZ, B., REY-GARC\u00cdA, M., FELGUEIRAS, M. 2015.<em>\u00a0Field description in Consumer Protection: Sustainability in Alternative Finance Systems.\u00a0<\/em>Part 2\u00a0of deliverable 6.1\u00a0of the project: \u201cImpact of the Third Sector as Social Innovation\u201d (ITSSOIN), European Commission\u00a0\u2013 7th Framework Programme, Brussels: European Commission, DG Research.<\/a><\/p>\n<\/div>    <div post_id=\"859\" header_id=\"header-1543156845909\" id=\"header-1543156845909\" style=\"\" class=\"accordions-head head1543156845909\"  >\r\n        <div class=\"accordion-icons left accordion-plus fa fas fa-chevron-up\"><\/div>\r\n        <div class=\"accordion-icons left accordion-minus fa fas fa-chevron-down\"><\/div>\r\n        <div id=\"header-text-1543156845909\"    class=\"accordions-head-title\">Case Selection in Consumer Protection in Finance<\/div>\r\n    <\/div><div class=\"accordion-content content1543156845909\">\r\n    <p>HY\u00c1NEK, V., NAVR\u00c1TIL, J., PLACIER, K. 2015.\u00a0<em>Case Selection in Consumer Protection in Finance.<\/em>\u00a0Deliverable 6.2\u00a0of the project: \u201cImpact of the Third Sector as Social Innovation\u201d (ITSSOIN), European Commission\u00a0\u2013 7th Framework Programme, Brussels: European Commission, DG Research.<\/p>\n<\/div>    <div post_id=\"859\" header_id=\"header-1543156846494\" id=\"header-1543156846494\" style=\"\" class=\"accordions-head head1543156846494\"  >\r\n        <div class=\"accordion-icons left accordion-plus fa fas fa-chevron-up\"><\/div>\r\n        <div class=\"accordion-icons left accordion-minus fa fas fa-chevron-down\"><\/div>\r\n        <div id=\"header-text-1543156846494\"    class=\"accordions-head-title\">Determinants of the success of NGOs\u00b4 accession to EU funds in the Czech Republic<\/div>\r\n    <\/div><div class=\"accordion-content content1543156846494\">\r\n    <p>NAVR\u00c1TIL, Ji\u0159\u00ed\u00a0a\u00a0Gabriela VACEKOV\u00c1. Determinants of the success of NGOs\u00b4 accession to EU funds in the Czech Republic. In Dagmar \u0160palkov\u00e1, Lenka Mat\u011bjov\u00e1.\u00a0<em>Current Trends in Public Sector Research. Proceedings of the 19th International Conference.<\/em>\u00a0Brno: Masarykova Univerzita, 2015.\u00a0s.\u00a0402\u00a0\u2013 408, 7\u00a0s. ISBN\u00a0978\u201380\u2013210\u20137532\u20130.<\/p>\n<\/div>    <div post_id=\"859\" header_id=\"header-1543156847205\" id=\"header-1543156847205\" style=\"\" class=\"accordions-head head1543156847205\"  >\r\n        <div class=\"accordion-icons left accordion-plus fa fas fa-chevron-up\"><\/div>\r\n        <div class=\"accordion-icons left accordion-minus fa fas fa-chevron-down\"><\/div>\r\n        <div id=\"header-text-1543156847205\"    class=\"accordions-head-title\">At the Ballot Boxes or in the Streets and Factories: Economic Contention in the Visegrad Group<\/div>\r\n    <\/div><div class=\"accordion-content content1543156847205\">\r\n    <div class=\"book\">\n<p>C\u00cdSA\u0158, Ond\u0159ej a Ji\u0159\u00ed NAVR\u00c1TIL. At the Ballot Boxes or in the Streets and Factories: Economic Contention in the Visegrad Group. In Marco Giugni, Maria T. Grasso.\u00a0<em>Austerity and Protest. Popular Contention in Times of Economic Crisis<\/em>. Farnham: Ashgate, 2015.\u00a0s.\u00a035\u201353, 19\u00a0s. The Mobilization Series on Social Movements, Protest, and Culture. ISBN\u00a0978\u20131\u20134724\u20133918\u20135.<\/p>\n<\/div>\n<\/div>    <div post_id=\"859\" header_id=\"header-1543156847680\" id=\"header-1543156847680\" style=\"\" class=\"accordions-head head1543156847680\"  >\r\n        <div class=\"accordion-icons left accordion-plus fa fas fa-chevron-up\"><\/div>\r\n        <div class=\"accordion-icons left accordion-minus fa fas fa-chevron-down\"><\/div>\r\n        <div id=\"header-text-1543156847680\"    class=\"accordions-head-title\">Motives for Donating in the Czech Republic<\/div>\r\n    <\/div><div class=\"accordion-content content1543156847680\">\r\n    <p>HLADK\u00c1, Marie a Vladim\u00edr HY\u00c1NEK. Motives for Donating in the Czech Republic. In\u00a0<em>Interdisci\u00adplinary Research on Philanthropy: Connecting the Dots, 7th International Conference, European Research Network on Philanthropy, Paris<\/em>.\u00a02015.<\/p>\n<\/div>    <div post_id=\"859\" header_id=\"header-1543156848181\" id=\"header-1543156848181\" style=\"\" class=\"accordions-head head1543156848181\"  >\r\n        <div class=\"accordion-icons left accordion-plus fa fas fa-chevron-up\"><\/div>\r\n        <div class=\"accordion-icons left accordion-minus fa fas fa-chevron-down\"><\/div>\r\n        <div id=\"header-text-1543156848181\"    class=\"accordions-head-title\">Motives for Donating: What Inspires Our Decisions to Make a Donation to Non-profit Organisations?<\/div>\r\n    <\/div><div class=\"accordion-content content1543156848181\">\r\n    <p>HLADK\u00c1, Marie a Vladim\u00edr HY\u00c1NEK. Motives for Donating: What Inspires Our Decisions to Make a Donation to Non-profit Organisations?\u00a0<em>N\u00e1\u00adrodohospod\u00e1\u0159sk\u00fd obzor<\/em>, Masarykova univerzita, 2015, ro\u010d.\u00a02015, \u010d.\u00a04, s.\u00a0357\u2013382. ISSN\u00a01213\u20132446. doi:10.1515\/revecp-2015\u20130026.<\/p>\n<\/div>    <div post_id=\"859\" header_id=\"header-1543156848666\" id=\"header-1543156848666\" style=\"\" class=\"accordions-head head1543156848666\"  >\r\n        <div class=\"accordion-icons left accordion-plus fa fas fa-chevron-up\"><\/div>\r\n        <div class=\"accordion-icons left accordion-minus fa fas fa-chevron-down\"><\/div>\r\n        <div id=\"header-text-1543156848666\"    class=\"accordions-head-title\">Nonprofit Sector and Charity Financing: Mapping the Field<\/div>\r\n    <\/div><div class=\"accordion-content content1543156848666\">\r\n    <p><a href=\"http:\/\/www.littera-scripta.com\/non-profit-sector-and-charity-financing-mapping-the-field\/\" target=\"_blank\" rel=\"noopener\">HLADK\u00c1, Marie a Vladim\u00edr HY\u00c1NEK. Nonprofit Sector and Charity Financing: Mapping the Field.\u00a0<em>Littera Scripta<\/em>, \u010cesk\u00e9 Bud\u011bjovice: Vysok\u00e1 \u0161kola technick\u00e1 ekonomick\u00e1 v\u00a0\u010cesk\u00fdch Bud\u011bjovic\u00edch, 2015, ro\u010d.\u00a02015, \u010d.\u00a02, s.\u00a039\u00a0\u2013 49.\u00a0ISSN\u00a01805\u20139112.<\/a><\/p>\n<\/div>    <div post_id=\"859\" header_id=\"header-1543156849151\" id=\"header-1543156849151\" style=\"\" class=\"accordions-head head1543156849151\"  >\r\n        <div class=\"accordion-icons left accordion-plus fa fas fa-chevron-up\"><\/div>\r\n        <div class=\"accordion-icons left accordion-minus fa fas fa-chevron-down\"><\/div>\r\n        <div id=\"header-text-1543156849151\"    class=\"accordions-head-title\">Non-profit Institutions\u2019 Funding Resources in the Time of Crisis: Market or Government?<\/div>\r\n    <\/div><div class=\"accordion-content content1543156849151\">\r\n    <p>HY\u00c1NEK, Vladim\u00edr a Zuzana PROUZOV\u00c1. Non-profit Institutions\u2019 Funding Resources in the Time of Crisis: Market or Government? In Adam P. Balcerzak.\u00a0<em>Pro\u00adceedings of the 8th International Conference on Applied Economics Contemporary Issues in Economy. Economics and Finance.<\/em>\u00a01. vyd. Toru\u0144: Institute of Economic Research and Polish Economic Society Branch in Toru\u0144, 2015.\u00a0s.\u00a0689\u2013701, 13\u00a0s. ISBN\u00a0978\u201383\u2013937843\u20137\u20130.<\/p>\n<\/div>\r\n\t<\/div>\r\n<\/div>\r\n\t\t<link rel=\"stylesheet\" type=\"text\/css\" media=\"all\" href=\"https:\/\/cvns.econ.muni.cz\/wp-content\/plugins\/accordions\/assets\/frontend\/css\/jquery-ui.css?ver=20181018\"\/>\r\n<link rel=\"stylesheet\" type=\"text\/css\" media=\"all\" href=\"https:\/\/cvns.econ.muni.cz\/wp-content\/plugins\/accordions\/assets\/global\/css\/themes.style.css?ver=20181018\"\/>\r\n<link rel=\"stylesheet\" type=\"text\/css\" media=\"all\" href=\"https:\/\/cvns.econ.muni.cz\/wp-content\/plugins\/accordions\/assets\/global\/css\/fontawesome.min.css?ver=20181018\"\/><\/p><\/div>\n\t\t\t\t\t\t\t\t\t<div class=\"elementor-tab-title elementor-tab-mobile-title\" data-tab=\"5\" role=\"tab\">2014<\/div>\n\t\t\t\t\t<div id=\"elementor-tab-content-2555\" class=\"elementor-tab-content elementor-clearfix\" data-tab=\"5\" role=\"tabpanel\" aria-labelledby=\"elementor-tab-title-2555\"><p>    <script>\r\n        jQuery(document).ready(function($){\r\n            wizard_accordion  = $(\"#accordions-858.accordions .items\").accordion({\r\n                event: \"click\",\r\n                collapsible:true,\r\n                heightStyle: \"content\",\r\n                animate: (\"swing\", 1000),\r\n                navigation: true,\r\n                active: 99999,\r\n                            });\r\n        })<\/script>\r\n    <style type='text\/css'>\r\n#accordions-858 {\r\n    text-align: left;\r\n}\r\n#accordions-858{\r\n    background:#ffffff url() repeat scroll 0 0;\r\n    padding: 0;\r\n}\r\n#accordions-858 .accordions-head{\r\n    background:rgba(255,255,255, 1) none repeat scroll 0 0;\r\n    margin:1px;\r\n    padding:10px;\r\n}\r\n#accordions-858 .accordions-head-title{\r\n    color:#0000dc;\r\n    font-size:14px;\r\n    font-family:;\r\n}\r\n#accordions-858 .accordions-head-title-toogle{\r\n    color:#0000dc;\r\n    font-size:14px;\r\n}\r\n#accordions-858 .accordions-head:hover .accordions-head-title{\r\n    color:#0000dc;\r\n}\r\n#accordions-858 .ui-state-active{\r\n    background: #afafaf;\r\n}\r\n#accordions-858 .accordion-content{\r\n    background:rgba(255,255,255,1) none repeat scroll 0 0;\r\n    color:#333333;\r\n    font-size:13px;\r\n    font-family:;\r\n    margin:0;\r\n    padding:10px;\r\n}\r\n#accordions-858 .accordion-icons{\r\n    color:#565656;\r\n    font-size:16px;\r\n}\r\n#accordions-858 .accordions-head:hover .accordion-icons{\r\n    color:#999;\r\n}\r\n<\/style>\r\n<div id=\"accordions-858\" class=\"accordions accordions-themes flat accordions-858\">\r\n<div class=\"top-navs\">\r\n<\/div>\r\n\t<div class=\"items\">\r\n\t    <div post_id=\"858\" header_id=\"header-1543157938009\" id=\"header-1543157938009\" style=\"\" class=\"accordions-head head1543157938009\"  >\r\n        <div class=\"accordion-icons left accordion-plus fa fas fa-chevron-up\"><\/div>\r\n        <div class=\"accordion-icons left accordion-minus fa fas fa-chevron-down\"><\/div>\r\n        <div id=\"header-text-1543157938009\"    class=\"accordions-head-title\">The Economic Value of Volunteering: ADRA CR in the 2013<\/div>\r\n    <\/div><div class=\"accordion-content content1543157938009\">\r\n    <p><a href=\"http:\/\/cvns.econ.muni.cz\/en\/wp-content\/uploads\/2019\/12\/Ekonomicka_hodnota_dobrovolnictvi_ADRA_C.pdf\/\" target=\"_blank\" rel=\"noopener\">Dost\u00e1l, Jakub a Marek Vysko\u010dil.<em>\u00a0Eko\u00adnomick\u00e1 hodnota dobrovolnictv\u00ed: Adra \u010cR za rok 2013<\/em>.<em>\u00a0<\/em>[online]\u00a0CVNS,\u00a020\u00ad14.<\/a><\/p>\n<\/div>    <div post_id=\"858\" header_id=\"header-1543157938343\" id=\"header-1543157938343\" style=\"\" class=\"accordions-head head1543157938343\"  >\r\n        <div class=\"accordion-icons left accordion-plus fa fas fa-chevron-up\"><\/div>\r\n        <div class=\"accordion-icons left accordion-minus fa fas fa-chevron-down\"><\/div>\r\n        <div id=\"header-text-1543157938343\"    class=\"accordions-head-title\">Financial Support Provided to Czech nonprofit sector from Public Budgets \u2013 requested lecture<\/div>\r\n    <\/div><div class=\"accordion-content content1543157938343\">\r\n    <p>PROUZOV\u00c1, Zuzana. Financov\u00e1n\u00ed \u010desk\u00e9ho neziskov\u00e9ho sektoru z\u00a0ve\u0159ejn\u00fdch rozpo\u010dt\u016f. In\u00a0<em>Semin\u00e1\u0159 Rady vl\u00e1dy pro nest\u00e1tn\u00ed neziskov\u00e9 organizace s\u00a0n\u00e1zvem \u201eTrendy a charakteristiky \u010desk\u00e9ho neziskov\u00e9ho sektoru 10\u00a0let po vstupu \u010cR do EU\u201c<\/em>.\u00a02014<\/p>\n<\/div>    <div post_id=\"858\" header_id=\"header-1543157938804\" id=\"header-1543157938804\" style=\"\" class=\"accordions-head head1543157938804\"  >\r\n        <div class=\"accordion-icons left accordion-plus fa fas fa-chevron-up\"><\/div>\r\n        <div class=\"accordion-icons left accordion-minus fa fas fa-chevron-down\"><\/div>\r\n        <div id=\"header-text-1543157938804\"    class=\"accordions-head-title\">Financial Support Provided to NGOs from Public Budgets \u2013 requested lecture<\/div>\r\n    <\/div><div class=\"accordion-content content1543157938804\">\r\n    <p>PROUZOV\u00c1, Zuzana. Financov\u00e1n\u00ed NNO z\u00a0ve\u0159ejn\u00fdch rozpo\u010dt\u016f. In\u00a0<em>Ve\u0159ejn\u00e9 sly\u0161en\u00ed v\u00a0Sen\u00e1tu \u010cR: Budoucnost financov\u00e1n\u00ed neziskov\u00e9ho sektoru<\/em>.\u00a02014.<\/p>\n<\/div>    <div post_id=\"858\" header_id=\"header-1543157939524\" id=\"header-1543157939524\" style=\"\" class=\"accordions-head head1543157939524\"  >\r\n        <div class=\"accordion-icons left accordion-plus fa fas fa-chevron-up\"><\/div>\r\n        <div class=\"accordion-icons left accordion-minus fa fas fa-chevron-down\"><\/div>\r\n        <div id=\"header-text-1543157939524\"    class=\"accordions-head-title\">Non-governmental Non-profit Organizations: (Non-) Measurability of Economic CHaracteristics<\/div>\r\n    <\/div><div class=\"accordion-content content1543157939524\">\r\n    <p><a href=\"https:\/\/is.muni.cz\/repo\/1160316\/Proceedings_2014.pdf\" target=\"_blank\" rel=\"noopener\">PROUZOV\u00c1, Zuzana a Vladim\u00edr HY\u00c1NEK. Non-governmental Non-profit Organizations: (Non-)Measurability of Economic CHaracteristics. In \u0160palkov\u00e1, D. and Mat\u011bjov\u00e1, L.\u00a0<em>Proceedings of the 18th International Conference: Current Trends in Public Sector Research<\/em>. Brno: Masarykova Univerzita, 2014.\u00a0s. 310\u2013318, 8\u00a0s. ISBN 978\u201380\u2013210\u20136611\u20133.<\/a><\/p>\n<\/div>    <div post_id=\"858\" header_id=\"header-1543157939953\" id=\"header-1543157939953\" style=\"\" class=\"accordions-head head1543157939953\"  >\r\n        <div class=\"accordion-icons left accordion-plus fa fas fa-chevron-up\"><\/div>\r\n        <div class=\"accordion-icons left accordion-minus fa fas fa-chevron-down\"><\/div>\r\n        <div id=\"header-text-1543157939953\"    class=\"accordions-head-title\">Analysis of the Financing of NGOs from Selected Public Budgets in 2012<\/div>\r\n    <\/div><div class=\"accordion-content content1543157939953\">\r\n    <p><a href=\"http:\/\/www.vlada.cz\/cz\/ppov\/rnno\/dokumenty\/rozbor-financovani-nestatnich-neziskovych-organizaci-115248\/\" target=\"_blank\" rel=\"noopener\">PROUZOV\u00c1, Zuzana a Kate\u0159ina ALMANI T\u016eMOV\u00c1.\u00a0<em>Rozbor financov\u00e1n\u00ed nest\u00e1tn\u00edch neziskov\u00fdch organizac\u00ed z\u00a0ve\u0159ejn\u00fdch rozpo\u010dt\u016f v\u00a0roce 2012<\/em>\u00a0[online]. Vl\u00e1da \u010cR,\u00a02014.<\/a><\/p>\n<p><em>Rozbor financov\u00e1n\u00ed NNO z\u00a0ve\u0159ejn\u00fdch rozpo\u010dt\u016f v\u00a0roce 2012\u00a0byl p\u0159ijat Usnesen\u00edm Vl\u00e1dy \u010cR ze dne 30.\u00a0ledna 2014\u00a0\u010d.\u00a030.<\/em><\/p>\n<\/div>    <div post_id=\"858\" header_id=\"header-1543157940398\" id=\"header-1543157940398\" style=\"\" class=\"accordions-head head1543157940398\"  >\r\n        <div class=\"accordion-icons left accordion-plus fa fas fa-chevron-up\"><\/div>\r\n        <div class=\"accordion-icons left accordion-minus fa fas fa-chevron-down\"><\/div>\r\n        <div id=\"header-text-1543157940398\"    class=\"accordions-head-title\">Social enterprise<\/div>\r\n    <\/div><div class=\"accordion-content content1543157940398\">\r\n    <p><a href=\"http:\/\/www.vlada.cz\/assets\/ppov\/rnno\/dokumenty\/studie_vyskocil_pro_web.pdf\" target=\"_blank\" rel=\"noopener\">Vysko\u010dil, Marek:\u00a0<em>Social enterprise<\/em>.\u00a0Rada vl\u00e1dy pro nest\u00e1tn\u00ed neziskov\u00e9 organizace.\u00a0<\/a><\/p>\n<p>Studie zadan\u00e1 Radou vl\u00e1dy pro nest\u00e1tn\u00ed neziskov\u00e9 organizace jako d\u00edl\u010d\u00ed studie vl\u00e1dn\u00ed koncepce \u201eSt\u00e1tn\u00ed politiky v\u016f\u010di NNO na l\u00e9ta 2015\u00a0\u2013\u00a02020\u201c<\/p>\n<\/div>    <div post_id=\"858\" header_id=\"header-1543157940993\" id=\"header-1543157940993\" style=\"\" class=\"accordions-head head1543157940993\"  >\r\n        <div class=\"accordion-icons left accordion-plus fa fas fa-chevron-up\"><\/div>\r\n        <div class=\"accordion-icons left accordion-minus fa fas fa-chevron-down\"><\/div>\r\n        <div id=\"header-text-1543157940993\"    class=\"accordions-head-title\">Semi-budgetary organization as a competitor to non-profit organization<\/div>\r\n    <\/div><div class=\"accordion-content content1543157940993\">\r\n    <p><a href=\"http:\/\/www.vlada.cz\/assets\/ppov\/rnno\/dokumenty\/studie_skarabelova_prispevkove_organizace_pro_web.pdf\" target=\"_blank\" rel=\"noopener\">\u0160karabelov\u00e1, Simona:<em>\u00a0P\u0159\u00edsp\u011bv\u00adkov\u00e9 organizace jako konkurent NNO<\/em>. Rada vl\u00e1dy pro nest\u00e1tn\u00ed neziskov\u00e9 organizace.\u00a0<\/a><\/p>\n<p>Studie zadan\u00e1 Radou vl\u00e1dy pro nest\u00e1tn\u00ed neziskov\u00e9 organizace jako d\u00edl\u010d\u00ed studie vl\u00e1dn\u00ed koncepce \u201eSt\u00e1tn\u00ed politiky v\u016f\u010di NNO na l\u00e9ta 2015\u00a0\u2013\u00a02020\u201c<\/p>\n<\/div>    <div post_id=\"858\" header_id=\"header-1543157941395\" id=\"header-1543157941395\" style=\"\" class=\"accordions-head head1543157941395\"  >\r\n        <div class=\"accordion-icons left accordion-plus fa fas fa-chevron-up\"><\/div>\r\n        <div class=\"accordion-icons left accordion-minus fa fas fa-chevron-down\"><\/div>\r\n        <div id=\"header-text-1543157941395\"    class=\"accordions-head-title\">Czech Republic<\/div>\r\n    <\/div><div class=\"accordion-content content1543157941395\">\r\n    <p><a href=\"http:\/\/www.maecenata.eu\/images\/resources\/2014_op74.pdf\" target=\"_blank\" rel=\"noopener\">Posp\u00ed\u0161il, Miroslav, Navr\u00e1til, Ji\u0159\u00ed a Pejcal, Jakub.\u00a0<em>Czech Republic<\/em>. In Maecenata Institute (ed.). 2014.\u00a0Civil Society in the \u2018Visegr\u00e1d Four\u2019: Data and Literature in the Czech Republic, Hungary, Poland and Slovakia. Opusculum Nr. 74.\u00a0Pp. 48\u201393. Berlin: Maecenata Institut. URN: urn:nbn:de:0243\u2013072014op744.<\/a><\/p>\n<\/div>    <div post_id=\"858\" header_id=\"header-1543157941873\" id=\"header-1543157941873\" style=\"\" class=\"accordions-head head1543157941873\"  >\r\n        <div class=\"accordion-icons left accordion-plus fa fas fa-chevron-up\"><\/div>\r\n        <div class=\"accordion-icons left accordion-minus fa fas fa-chevron-down\"><\/div>\r\n        <div id=\"header-text-1543157941873\"    class=\"accordions-head-title\">Dreams of Civil Society Two Decades Later: Civic Advocacy in the Czech Republic<\/div>\r\n    <\/div><div class=\"accordion-content content1543157941873\">\r\n    <p><a href=\"http:\/\/cvns.econ.muni.cz\/en\/wp-content\/uploads\/2019\/12\/DREAMS_book_m.pdf\/\" target=\"_blank\" rel=\"noopener\">NAVR\u00c1TIL, Ji\u0159\u00ed a Miroslav POSP\u00cd\u0160IL.\u00a0<em>Dreams of Civil Society Two Decades Later: Civic Advocacy in the Czech Republic<\/em>. 1.\u00a0vyd. Brno: Masarykova univerzita, 2014. 107\u00a0s. Neuveden. ISBN 978\u201380\u2013210\u20136732\u20135. doi:10.5817\/CZ\u00ad.MUNI.M210\u20136732\u20132014.<\/a><\/p>\n<\/div>    <div post_id=\"858\" header_id=\"header-1543157942420\" id=\"header-1543157942420\" style=\"\" class=\"accordions-head head1543157942420\"  >\r\n        <div class=\"accordion-icons left accordion-plus fa fas fa-chevron-up\"><\/div>\r\n        <div class=\"accordion-icons left accordion-minus fa fas fa-chevron-down\"><\/div>\r\n        <div id=\"header-text-1543157942420\"    class=\"accordions-head-title\">Intervals: adressing misleading methods of measuring the economic value of volunteering<\/div>\r\n    <\/div><div class=\"accordion-content content1543157942420\">\r\n    <p><a href=\"http:\/\/cvns.econ.muni.cz\/en\/wp-content\/uploads\/2019\/12\/Intervals_addressing_misleading_methods.pdf\/\" target=\"_blank\" rel=\"noopener\">Dost\u00e1l, Jakub a Marek Vysko\u010dil. Intervals: adressing misleading methods of measuring the economic value of volunteering.\u00a0 In\u00a0<em>20th Voluntary Sector and Volunteering Research Conference<\/em>.\u00a0Shef\u00adfield, UK, 10\u201311 September 2014,\u00a02014.\u00a0<\/a><\/p>\n<p>p\u0159\u00edsp\u011bvek z\u00edskal ocen\u011bn\u00ed \u201eCampbell Adamson memorial prize\u201c, kter\u00e9 je ka\u017edoro\u010dn\u011b ud\u011blov\u00e1no za\u010d\u00ednaj\u00edc\u00edm v\u011bdc\u016fm za nejlep\u0161\u00ed konferen\u010dn\u00ed p\u0159\u00edsp\u011bvek.<\/p>\n<\/div>    <div post_id=\"858\" header_id=\"header-1543157942793\" id=\"header-1543157942793\" style=\"\" class=\"accordions-head head1543157942793\"  >\r\n        <div class=\"accordion-icons left accordion-plus fa fas fa-chevron-up\"><\/div>\r\n        <div class=\"accordion-icons left accordion-minus fa fas fa-chevron-down\"><\/div>\r\n        <div id=\"header-text-1543157942793\"    class=\"accordions-head-title\">Size, Structure and Integration of Rural Non-profit Organizations in Local Governance: Survey Results from the Czech Republic<\/div>\r\n    <\/div><div class=\"accordion-content content1543157942793\">\r\n    <p>CURTISS, Jarmila, Simona \u0160KARABELOV\u00c1, Ji\u0159\u00ed NAVR\u00c1TIL a Gabriela VACEKOV\u00c1. Size, Structure and Integration of Rural Non-profit Organizations in Local Governance: Survey Results from the Czech Republic. In\u00a011th International ISTR Conference: \u201aCivil Society and the Citizen\u2018, Muenster, Germany.<\/p>\n<\/div>    <div post_id=\"858\" header_id=\"header-1543157943232\" id=\"header-1543157943232\" style=\"\" class=\"accordions-head head1543157943232\"  >\r\n        <div class=\"accordion-icons left accordion-plus fa fas fa-chevron-up\"><\/div>\r\n        <div class=\"accordion-icons left accordion-minus fa fas fa-chevron-down\"><\/div>\r\n        <div id=\"header-text-1543157943232\"    class=\"accordions-head-title\">Domesticating Social Justice Activism in the Global Era? The Process of Reconfiguring the Czech Social Justice Movement in Times of Crisis<\/div>\r\n    <\/div><div class=\"accordion-content content1543157943232\">\r\n    <p><a href=\"http:\/\/brock.scholarsportal.info\/journals\/SSJ\/article\/view\/1033\/1003\" target=\"_blank\" rel=\"noopener\">NAVR\u00c1TIL, Ji\u0159\u00ed. 2014. \u201eDomesticating Social Justice Activism in the Global Era? The Process of Reconfiguring the Czech Social Justice Movement in Times of Crisis.\u201c Studies in Social Justice, 8: 181\u2013204.<\/a><\/p>\n<\/div>    <div post_id=\"858\" header_id=\"header-1543157943812\" id=\"header-1543157943812\" style=\"\" class=\"accordions-head head1543157943812\"  >\r\n        <div class=\"accordion-icons left accordion-plus fa fas fa-chevron-up\"><\/div>\r\n        <div class=\"accordion-icons left accordion-minus fa fas fa-chevron-down\"><\/div>\r\n        <div id=\"header-text-1543157943812\"    class=\"accordions-head-title\">Towards a \u2018Non-Global Justice Movement\u2019? Two Paths to Re-Scaling the Left Contention in the Czech Republic.<\/div>\r\n    <\/div><div class=\"accordion-content content1543157943812\">\r\n    <p><a href=\"http:\/\/www.academia.edu\/3097488\/Towards_a_Non-Global_Justice_Movement_Two_paths_to_re-scaling_the_left_contention_in_the_Czech_Republic\" target=\"_blank\" rel=\"noopener\">\u00a0NAVR\u00c1TIL, Ji\u0159\u00ed a Ond\u0159ej C\u00cdSA\u0158. 2014. \u201eTowards a \u2018Non-Global Justice Movement\u2019? Two Paths to Re-Scaling the Left Contention in the Czech Republic.\u201c Pp. 227\u2013252 In Donatella della Porta, Alice Mattoni (eds.). Spreading Protest. Social Movements in Times of Crisis. Colchester: ECPR\u00a0Press.<\/a><\/p>\n<\/div>    <div post_id=\"858\" header_id=\"header-1543157944257\" id=\"header-1543157944257\" style=\"\" class=\"accordions-head head1543157944257\"  >\r\n        <div class=\"accordion-icons left accordion-plus fa fas fa-chevron-up\"><\/div>\r\n        <div class=\"accordion-icons left accordion-minus fa fas fa-chevron-down\"><\/div>\r\n        <div id=\"header-text-1543157944257\"    class=\"accordions-head-title\">Empowering the Powerful? Determinants of NGO accession to EU funds in the Czech Republic<\/div>\r\n    <\/div><div class=\"accordion-content content1543157944257\">\r\n    <p>NAVR\u00c1TIL, Ji\u0159\u00ed\u00a0a\u00a0Gabriela VACEKOV\u00c1. Empowering the Powerful? Determinants of NGO accession to EU funds in the Czech Republic. In\u00a0<em>The 11th PEARL-seminar 2014, Rennes, France<\/em>.\u00a02014.<\/p>\n<\/div>    <div post_id=\"858\" header_id=\"header-1543157944771\" id=\"header-1543157944771\" style=\"\" class=\"accordions-head head1543157944771\"  >\r\n        <div class=\"accordion-icons left accordion-plus fa fas fa-chevron-up\"><\/div>\r\n        <div class=\"accordion-icons left accordion-minus fa fas fa-chevron-down\"><\/div>\r\n        <div id=\"header-text-1543157944771\"    class=\"accordions-head-title\">Nonprofit organizations in the tough times: The Czech Experience<\/div>\r\n    <\/div><div class=\"accordion-content content1543157944771\">\r\n    <p>PROUZOV\u00c1, Zuzana a Vladim\u00edr HY\u00c1NEK.\u00a0<em>Nonprofit organizations in the tough times: The Czech Experience<\/em>.\u00a02014.<\/p>\n<\/div>    <div post_id=\"858\" header_id=\"header-1543157945421\" id=\"header-1543157945421\" style=\"\" class=\"accordions-head head1543157945421\"  >\r\n        <div class=\"accordion-icons left accordion-plus fa fas fa-chevron-up\"><\/div>\r\n        <div class=\"accordion-icons left accordion-minus fa fas fa-chevron-down\"><\/div>\r\n        <div id=\"header-text-1543157945421\"    class=\"accordions-head-title\">Public funding of NPO in social services: Preliminary findings from Czech Republic.<\/div>\r\n    <\/div><div class=\"accordion-content content1543157945421\">\r\n    <p>PROUZOV\u00c1, Zuzana a Vladim\u00edr HY\u00c1NEK.\u00a0<em>Public funding of NPO in social services: Preliminary findings from Czech Republic.<\/em>\u00a02014.<\/p>\n<\/div>\r\n\t<\/div>\r\n<\/div>\r\n\t\t<link rel=\"stylesheet\" type=\"text\/css\" media=\"all\" href=\"https:\/\/cvns.econ.muni.cz\/wp-content\/plugins\/accordions\/assets\/frontend\/css\/jquery-ui.css?ver=20181018\"\/>\r\n<link rel=\"stylesheet\" type=\"text\/css\" media=\"all\" href=\"https:\/\/cvns.econ.muni.cz\/wp-content\/plugins\/accordions\/assets\/global\/css\/themes.style.css?ver=20181018\"\/>\r\n<link rel=\"stylesheet\" type=\"text\/css\" media=\"all\" href=\"https:\/\/cvns.econ.muni.cz\/wp-content\/plugins\/accordions\/assets\/global\/css\/fontawesome.min.css?ver=20181018\"\/><\/p><\/div>\n\t\t\t\t\t\t\t\t\t<div class=\"elementor-tab-title elementor-tab-mobile-title\" data-tab=\"6\" role=\"tab\">2013<\/div>\n\t\t\t\t\t<div id=\"elementor-tab-content-2556\" class=\"elementor-tab-content elementor-clearfix\" data-tab=\"6\" role=\"tabpanel\" aria-labelledby=\"elementor-tab-title-2556\"><p>    <script>\r\n        jQuery(document).ready(function($){\r\n            wizard_accordion  = $(\"#accordions-857.accordions .items\").accordion({\r\n                event: \"click\",\r\n                collapsible:true,\r\n                heightStyle: \"content\",\r\n                animate: (\"swing\", 1000),\r\n                navigation: true,\r\n                active: 99999,\r\n                            });\r\n        })<\/script>\r\n    <style type='text\/css'>\r\n#accordions-857 {\r\n    text-align: left;\r\n}\r\n#accordions-857{\r\n    background:#ffffff url() repeat scroll 0 0;\r\n    padding: 0;\r\n}\r\n#accordions-857 .accordions-head{\r\n    background:rgba(255,255,255, 1) none repeat scroll 0 0;\r\n    margin:1px;\r\n    padding:10px;\r\n}\r\n#accordions-857 .accordions-head-title{\r\n    color:#0000dc;\r\n    font-size:14px;\r\n    font-family:;\r\n}\r\n#accordions-857 .accordions-head-title-toogle{\r\n    color:#0000dc;\r\n    font-size:14px;\r\n}\r\n#accordions-857 .accordions-head:hover .accordions-head-title{\r\n    color:#0000dc;\r\n}\r\n#accordions-857 .ui-state-active{\r\n    background: #afafaf;\r\n}\r\n#accordions-857 .accordion-content{\r\n    background:rgba(255,255,255,1) none repeat scroll 0 0;\r\n    color:#333333;\r\n    font-size:13px;\r\n    font-family:;\r\n    margin:0;\r\n    padding:10px;\r\n}\r\n#accordions-857 .accordion-icons{\r\n    color:#565656;\r\n    font-size:16px;\r\n}\r\n#accordions-857 .accordions-head:hover .accordion-icons{\r\n    color:#999;\r\n}\r\n<\/style>\r\n<div id=\"accordions-857\" class=\"accordions accordions-themes flat accordions-857\">\r\n<div class=\"top-navs\">\r\n<\/div>\r\n\t<div class=\"items\">\r\n\t    <div post_id=\"857\" header_id=\"header-1543164071169\" id=\"header-1543164071169\" style=\"\" class=\"accordions-head head1543164071169\"  >\r\n        <div class=\"accordion-icons left accordion-plus fa fas fa-chevron-up\"><\/div>\r\n        <div class=\"accordion-icons left accordion-minus fa fas fa-chevron-down\"><\/div>\r\n        <div id=\"header-text-1543164071169\"    class=\"accordions-head-title\">Economic crisis: a hard blow or a challenge for nonprofits?<\/div>\r\n    <\/div><div class=\"accordion-content content1543164071169\">\r\n    <p><a href=\"https:\/\/is.muni.cz\/repo\/1094350\/Sbornik_full_final_2013_A5.pdf?lang=en\" target=\"_blank\" rel=\"noopener\">POSP\u00cd\u0160IL, Miroslav, PROUZOV\u00c1, Zuzana, \u0160KARABELOV\u00c1, Simona a Kate\u0159ina ALMANI T\u016eMOV\u00c1. Economic crisis: a hard blow or a challenge for nonprofits?\u00a0In \u0160palkov\u00e1 Dagmar, Furov\u00e1 Lenka.\u00a0<em>Proceedings of the 17th International Conference. Current Trends in Public Sector Research.<\/em>\u00a01.\u00a0vyd. Brno: Masarykova univerzita, 2013.\u00a0s. 92\u201398, 7\u00a0s. ISBN 978\u201380\u2013210\u20136159\u20130.<\/a><\/p>\n<\/div>    <div post_id=\"857\" header_id=\"header-1543164071474\" id=\"header-1543164071474\" style=\"\" class=\"accordions-head head1543164071474\"  >\r\n        <div class=\"accordion-icons left accordion-plus fa fas fa-chevron-up\"><\/div>\r\n        <div class=\"accordion-icons left accordion-minus fa fas fa-chevron-down\"><\/div>\r\n        <div id=\"header-text-1543164071474\"    class=\"accordions-head-title\">Analysis of the Financing of NGOs from Selected Public Budgets in 2011<\/div>\r\n    <\/div><div class=\"accordion-content content1543164071474\">\r\n    <div>(Analysis of the Financing of NGOs from Selected Public Budgets in\u00a02011)<\/div>\n<p><a href=\"http:\/\/www.vlada.cz\/assets\/ppov\/rnno\/dokumenty\/rozbor_2011.pdf\" target=\"_blank\" rel=\"noopener\">PROUZOV\u00c1, Zuzana a Kate\u0159ina ALMANI T\u016eMOV\u00c1.\u00a0<em>Rozbor financov\u00e1n\u00ed nest\u00e1tn\u00edch neziskov\u00fdch organizac\u00ed z\u00a0ve\u0159ejn\u00fdch rozpo\u010dt\u016f v\u00a0roce 2011<\/em>\u00a0[online]. Vl\u00e1da \u010cR,\u00a02013.<\/a><\/p>\n<p><em>Rozbor financov\u00e1n\u00ed NNO z\u00a0ve\u0159ejn\u00fdch rozpo\u010dt\u016f v\u00a0roce 2011\u00a0byl p\u0159ijat Usnesen\u00edm Vl\u00e1dy \u010cR ze dne 20.\u00a0\u00fanora 2013\u00a0\u010d.\u00a0117.<\/em><\/p>\n<\/div>    <div post_id=\"857\" header_id=\"header-1543164071935\" id=\"header-1543164071935\" style=\"\" class=\"accordions-head head1543164071935\"  >\r\n        <div class=\"accordion-icons left accordion-plus fa fas fa-chevron-up\"><\/div>\r\n        <div class=\"accordion-icons left accordion-minus fa fas fa-chevron-down\"><\/div>\r\n        <div id=\"header-text-1543164071935\"    class=\"accordions-head-title\">The Role of Municipalities in Relation to Non-Governmental Organizations: Implementation of Public Policies towards NGOs at the Local Level.<\/div>\r\n    <\/div><div class=\"accordion-content content1543164071935\">\r\n    <p><a href=\"http:\/\/is.muni.cz\/do\/econ\/soubory\/katedry\/kres\/4884317\/Sbornik2013.pdf\" target=\"_blank\" rel=\"noopener\">PROUZOV\u00c1, Zuzana. The Role of Municipalities in Relation to Non-Governmental Organizations: Implementation of Public Policies towards NGOs at the Local Level. In Viktorie Kl\u00edmov\u00e1, Vladim\u00edr \u017d\u00edtek.\u00a0<em>XVI. Mezin\u00e1rodn\u00ed kolokvium o\u00a0region\u00e1ln\u00edch v\u011bd\u00e1ch. Sborn\u00edk p\u0159\u00edsp\u011bvku<\/em>. Brno: Masarykova Univerzita, 2013.\u00a0s. 557\u2013562, 6\u00a0s. ISBN 978\u201380\u2013210\u20136257\u20133. doi:10.5817\/CZ\u00ad.MUNI.P210\u20136257\u20132013\u201370.<\/a><\/p>\n<\/div>    <div post_id=\"857\" header_id=\"header-1543164072791\" id=\"header-1543164072791\" style=\"\" class=\"accordions-head head1543164072791\"  >\r\n        <div class=\"accordion-icons left accordion-plus fa fas fa-chevron-up\"><\/div>\r\n        <div class=\"accordion-icons left accordion-minus fa fas fa-chevron-down\"><\/div>\r\n        <div id=\"header-text-1543164072791\"    class=\"accordions-head-title\">The role of third sector organizations in rural development<\/div>\r\n    <\/div><div class=\"accordion-content content1543164072791\">\r\n    <p>VACEKOV\u00c1, Gabriela a Simona \u0160KARABELOV\u00c1. The role of third sector organizations in rural development. In Viktorie Kl\u00edmov\u00e1, Vladim\u00edr \u017d\u00edtek.\u00a0<em>XVI. Mezin\u00e1rodn\u00ed kolokvium o\u00a0region\u00e1ln\u00edch v\u011bd\u00e1ch. Sborn\u00edk p\u0159\u00edsp\u011bvku.<\/em>\u00a0Brno: Masarykova Univerzita, 2013.\u00a0s. 549\u00a0\u2013 556, 8\u00a0s. ISBN 978\u201380\u2013210\u20136257\u20133. doi:10.5817\/CZ\u00ad.MUNI.P210\u20136257\u20132013\u201369.<\/p>\n<\/div>    <div post_id=\"857\" header_id=\"header-1543164073200\" id=\"header-1543164073200\" style=\"\" class=\"accordions-head head1543164073200\"  >\r\n        <div class=\"accordion-icons left accordion-plus fa fas fa-chevron-up\"><\/div>\r\n        <div class=\"accordion-icons left accordion-minus fa fas fa-chevron-down\"><\/div>\r\n        <div id=\"header-text-1543164073200\"    class=\"accordions-head-title\">Analysis of Key Topics in the Research on Nonprofit Organizations From Efficiency to Hybrids<\/div>\r\n    <\/div><div class=\"accordion-content content1543164073200\">\r\n    <p>HY\u00c1NEK, Vladim\u00edr. Analysis of Key Topics in the Research on Nonprofit Organizations From Efficiency to Hybrids.\u00a0<em>Littera Scripta<\/em>. ISSN 1220\u20138833, 2013, vol. 1\/6, no. 2, pp. 112\u2013124.<\/p>\n<\/div>    <div post_id=\"857\" header_id=\"header-1543164073621\" id=\"header-1543164073621\" style=\"\" class=\"accordions-head head1543164073621\"  >\r\n        <div class=\"accordion-icons left accordion-plus fa fas fa-chevron-up\"><\/div>\r\n        <div class=\"accordion-icons left accordion-minus fa fas fa-chevron-down\"><\/div>\r\n        <div id=\"header-text-1543164073621\"    class=\"accordions-head-title\">Dancing to the same tunes? Comparison of Czech and Slovak citizens engagement in civil advocacy twenty years after the divorce.<\/div>\r\n    <\/div><div class=\"accordion-content content1543164073621\">\r\n    <p><a href=\"https:\/\/is.muni.cz\/repo\/1094350\/Sbornik_full_final_2013_A5.pdf?lang=en\" target=\"_blank\" rel=\"noopener\">NAVR\u00c1TIL, Ji\u0159\u00ed. Dancing to the same tunes? Comparison of Czech and Slovak citizens\u00b4 engagement in civil advocacy twenty years after the divorce. In FUROV\u00c1, Lenka; \u0160PALKOV\u00c1, Dagmar.\u00a0<em>Proceedings of the 17th International Conference. Current Trends in Public Sector Research<\/em>. Brno: Masarykova univerzita, 2013.\u00a0s.\u00a075\u201382, 7\u00a0s. ISBN\u00a0978\u201380\u2013210\u20136159\u20130.<\/a><\/p>\n<\/div>    <div post_id=\"857\" header_id=\"header-1543164074016\" id=\"header-1543164074016\" style=\"\" class=\"accordions-head head1543164074016\"  >\r\n        <div class=\"accordion-icons left accordion-plus fa fas fa-chevron-up\"><\/div>\r\n        <div class=\"accordion-icons left accordion-minus fa fas fa-chevron-down\"><\/div>\r\n        <div id=\"header-text-1543164074016\"    class=\"accordions-head-title\">Czech Giving in the Times of Economic Crisis.<\/div>\r\n    <\/div><div class=\"accordion-content content1543164074016\">\r\n    <p><a href=\"http:\/\/ideas.repec.org\/p\/mub\/wpaper\/14.html\" target=\"_blank\" rel=\"noopener\">POSP\u00cd\u0160IL, Miroslav. Czech Giving in the Times of Economic Crisis.\u00a0<em>Working paper 14.\u00a0<\/em>2013.<\/a><\/p>\n<p>Paper provided by Masaryk University, Faculty of Economics and Administration, Department of Public Economics in its series\u00a0<a class=\"icon_ext\" href=\"http:\/\/ideas.repec.org\/s\/mub\/wpaper.html\" target=\"_blank\" rel=\"noopener\">Working Papers<\/a>\u00a0with number\u00a014.<\/p>\n<\/div>    <div post_id=\"857\" header_id=\"header-1543164074511\" id=\"header-1543164074511\" style=\"\" class=\"accordions-head head1543164074511\"  >\r\n        <div class=\"accordion-icons left accordion-plus fa fas fa-chevron-up\"><\/div>\r\n        <div class=\"accordion-icons left accordion-minus fa fas fa-chevron-down\"><\/div>\r\n        <div id=\"header-text-1543164074511\"    class=\"accordions-head-title\">Philanthropic behaviour and motives<\/div>\r\n    <\/div><div class=\"accordion-content content1543164074511\">\r\n    <p><a href=\"https:\/\/acta.mendelu.cz\/media\/pdf\/actaun_2013061040923.pdf\" target=\"_blank\" rel=\"noopener\">HY\u00c1NEK, Vladim\u00edr\u00a0a\u00a0Marie HLADK\u00c1. Philanthropic behaviour and motives.\u00a0<em>Acta univ.agric. et silvic. Mendel. Brun.<\/em>, Brno: MZLU, 2013, ro\u010d.\u00a061, \u010d.\u00a04, s.\u00a0923\u2013933. ISSN\u00a01211\u20138516. doi:10.11118\/ac\u00adtaun20136104092\u00ad3.<\/a><\/p>\n<\/div>\r\n\t<\/div>\r\n<\/div>\r\n\t\t<link rel=\"stylesheet\" type=\"text\/css\" media=\"all\" href=\"https:\/\/cvns.econ.muni.cz\/wp-content\/plugins\/accordions\/assets\/frontend\/css\/jquery-ui.css?ver=20181018\"\/>\r\n<link rel=\"stylesheet\" type=\"text\/css\" media=\"all\" href=\"https:\/\/cvns.econ.muni.cz\/wp-content\/plugins\/accordions\/assets\/global\/css\/themes.style.css?ver=20181018\"\/>\r\n<link rel=\"stylesheet\" type=\"text\/css\" media=\"all\" href=\"https:\/\/cvns.econ.muni.cz\/wp-content\/plugins\/accordions\/assets\/global\/css\/fontawesome.min.css?ver=20181018\"\/><\/p><\/div>\n\t\t\t\t\t\t\t\t\t<div class=\"elementor-tab-title elementor-tab-mobile-title\" data-tab=\"7\" role=\"tab\">2012<\/div>\n\t\t\t\t\t<div id=\"elementor-tab-content-2557\" class=\"elementor-tab-content elementor-clearfix\" data-tab=\"7\" role=\"tabpanel\" aria-labelledby=\"elementor-tab-title-2557\"><p>    <script>\r\n        jQuery(document).ready(function($){\r\n            wizard_accordion  = $(\"#accordions-872.accordions .items\").accordion({\r\n                event: \"click\",\r\n                collapsible:true,\r\n                heightStyle: \"content\",\r\n                animate: (\"swing\", 1000),\r\n                navigation: true,\r\n                active: 99999,\r\n                            });\r\n        })<\/script>\r\n    <style type='text\/css'>\r\n#accordions-872 {\r\n    text-align: left;\r\n}\r\n#accordions-872{\r\n    background: url() repeat scroll 0 0;\r\n    padding: 0;\r\n}\r\n#accordions-872 .accordions-head{\r\n    background:rgba(255,255,255, 1) none repeat scroll 0 0;\r\n    margin:1px;\r\n    padding:10px;\r\n}\r\n#accordions-872 .accordions-head-title{\r\n    color:#0000dc;\r\n    font-size:14px;\r\n    font-family:;\r\n}\r\n#accordions-872 .accordions-head-title-toogle{\r\n    color:#0000dc;\r\n    font-size:14px;\r\n}\r\n#accordions-872 .accordions-head:hover .accordions-head-title{\r\n    color:#0000dc;\r\n}\r\n#accordions-872 .ui-state-active{\r\n    background: #afafaf;\r\n}\r\n#accordions-872 .accordion-content{\r\n    background:rgba(255,255,255,1) none repeat scroll 0 0;\r\n    color:#333333;\r\n    font-size:13px;\r\n    font-family:;\r\n    margin:0;\r\n    padding:10px;\r\n}\r\n#accordions-872 .accordion-icons{\r\n    color:#565656;\r\n    font-size:16px;\r\n}\r\n#accordions-872 .accordions-head:hover .accordion-icons{\r\n    color:#999;\r\n}\r\n<\/style>\r\n<div id=\"accordions-872\" class=\"accordions accordions-themes flat accordions-872\">\r\n<div class=\"top-navs\">\r\n<\/div>\r\n\t<div class=\"items\">\r\n\t    <div post_id=\"872\" header_id=\"header-1543164955550\" id=\"header-1543164955550\" style=\"\" class=\"accordions-head head1543164955550\"  >\r\n        <div class=\"accordion-icons left accordion-plus fa fas fa-chevron-up\"><\/div>\r\n        <div class=\"accordion-icons left accordion-minus fa fas fa-chevron-down\"><\/div>\r\n        <div id=\"header-text-1543164955550\"    class=\"accordions-head-title\">Non-Profit Organisations: Theories and Myths<\/div>\r\n    <\/div><div class=\"accordion-content content1543164955550\">\r\n    <p><a href=\"http:\/\/www.muni.cz\/press\/research\/publications\/967987\/\" target=\"_blank\" rel=\"noopener\">HY\u00c1NEK, Vladim\u00edr.\u00a0<em>Neziskov\u00e9 organizace: teorie a m\u00fdty.<\/em>\u00a01.\u00a0vyd. Brno: Masarykova univerzita, 2011.\u00a0132 s. ISBN 978\u201380\u2013210\u20135651\u20130.<\/a><\/p>\n<\/div>    <div post_id=\"872\" header_id=\"header-1543164956080\" id=\"header-1543164956080\" style=\"\" class=\"accordions-head head1543164956080\"  >\r\n        <div class=\"accordion-icons left accordion-plus fa fas fa-chevron-up\"><\/div>\r\n        <div class=\"accordion-icons left accordion-minus fa fas fa-chevron-down\"><\/div>\r\n        <div id=\"header-text-1543164956080\"    class=\"accordions-head-title\">Analysis of the Financing of NGOs from Selected Public Budgets in 2010<\/div>\r\n    <\/div><div class=\"accordion-content content1543164956080\">\r\n    <p><a href=\"http:\/\/www.vlada.cz\/assets\/ppov\/rnno\/dokumenty\/rozbor_2010.pdf\" target=\"_blank\" rel=\"noopener\">PROUZOV\u00c1, Zuzana a Kate\u0159ina ALMANI T\u016eMOV\u00c1.\u00a0<em>Rozbor financov\u00e1n\u00ed nest\u00e1tn\u00edch neziskov\u00fdch organizac\u00ed z\u00a0ve\u0159ejn\u00fdch rozpo\u010dt\u016f v\u00a0roce 2010\u00a0<\/em>[online]. Vl\u00e1da \u010cR,\u00a02012.<\/a><\/p>\n<p><em>Rozbor financov\u00e1n\u00ed NNO z\u00a0ve\u0159ejn\u00fdch rozpo\u010dt\u016f v\u00a0roce 2010\u00a0byl p\u0159ijat Usnesen\u00edm Vl\u00e1dy \u010cR ze dne\u00a0<\/em>4.\u00a0ledna 2012\u00a0\u010d. 5<em>.<\/em><\/p>\n<\/div>    <div post_id=\"872\" header_id=\"header-1543164956526\" id=\"header-1543164956526\" style=\"\" class=\"accordions-head head1543164956526\"  >\r\n        <div class=\"accordion-icons left accordion-plus fa fas fa-chevron-up\"><\/div>\r\n        <div class=\"accordion-icons left accordion-minus fa fas fa-chevron-down\"><\/div>\r\n        <div id=\"header-text-1543164956526\"    class=\"accordions-head-title\">Czech nonprofit sector twenty years after: current developments and chalenges<\/div>\r\n    <\/div><div class=\"accordion-content content1543164956526\">\r\n    <div class=\"book\">\n<p>Posp\u00ed\u0161il, Miroslav, Prouzov\u00e1, Zuzana, \u0160karabelov\u00e1, Simona a Almani T\u016fmov\u00e1, Kate\u0159ina. Czech nonprofit sector twenty years after: current developments and chalenges.\u00a0<em>CIVIL SZEMLE<\/em>, Budapest, 2012, ro\u010d. 2012, \u010d. 3, s. 5\u201322. ISSN 1786\u20133341<\/p>\n<\/div>\n<\/div>    <div post_id=\"872\" header_id=\"header-1543164957042\" id=\"header-1543164957042\" style=\"\" class=\"accordions-head head1543164957042\"  >\r\n        <div class=\"accordion-icons left accordion-plus fa fas fa-chevron-up\"><\/div>\r\n        <div class=\"accordion-icons left accordion-minus fa fas fa-chevron-down\"><\/div>\r\n        <div id=\"header-text-1543164957042\"    class=\"accordions-head-title\">Czech social economy and social enterprises: current developments and chalenges<\/div>\r\n    <\/div><div class=\"accordion-content content1543164957042\">\r\n    <div class=\"book\">\n<p>Hy\u00e1nek, Vladim\u00edr. Czech social economy and social enterprises: current developments and chalenges.\u00a0<em>CIVIL SZEMLE<\/em>, Budapest, 2012, 4, od s. 7\u201328, 21\u00a0s. ISSN 1786\u20133341<\/p>\n<\/div>\n<\/div>    <div post_id=\"872\" header_id=\"header-1543164957542\" id=\"header-1543164957542\" style=\"\" class=\"accordions-head head1543164957542\"  >\r\n        <div class=\"accordion-icons left accordion-plus fa fas fa-chevron-up\"><\/div>\r\n        <div class=\"accordion-icons left accordion-minus fa fas fa-chevron-down\"><\/div>\r\n        <div id=\"header-text-1543164957542\"    class=\"accordions-head-title\">Dreams of Civil Society Twenty Years After: The Case of the Czech Republic<\/div>\r\n    <\/div><div class=\"accordion-content content1543164957542\">\r\n    <p><a href=\"http:\/\/c.ymcdn.com\/sites\/www.istr.org\/resource\/resmgr\/wp2012\/dreamcivilsoc.pdf\" target=\"_blank\" rel=\"noopener\">NAVR\u00c1TIL, Ji\u0159\u00ed\u00a0\u2013 POSP\u00cd\u0160IL, Miroslav. Dreams of Civil Society Twenty Years After: The Case of the Czech Republic. In\u00a0<em>Democratization, Marketization, and the Third Sector. Conference Working Papers Series\u00a0\u2013 Volume VIII\u00a0\u2013 Siena, Italy, 2012.<\/em>\u00a0Baltimore : ISTR, 2013. 29\u00a0pp. 2012, Siena,\u00a0Italy.<\/a><\/p>\n<\/div>    <div post_id=\"872\" header_id=\"header-1543164958018\" id=\"header-1543164958018\" style=\"\" class=\"accordions-head head1543164958018\"  >\r\n        <div class=\"accordion-icons left accordion-plus fa fas fa-chevron-up\"><\/div>\r\n        <div class=\"accordion-icons left accordion-minus fa fas fa-chevron-down\"><\/div>\r\n        <div id=\"header-text-1543164958018\"    class=\"accordions-head-title\">Application of Wagner s Reframing of the Social Origins Theory in the Czech Republic.<\/div>\r\n    <\/div><div class=\"accordion-content content1543164958018\">\r\n    <div class=\"book\">\n<p>HY\u00c1NEK, Vladim\u00edr, PROUZOV\u00c1, Zuzana. Application of Wagner s\u00a0Reframing of the Social Origins Theory in the Czech Republic. In Dagmar \u0160palkov\u00e1, Lenka Furov\u00e1.\u00a0<em>Proce\u00adedings of the 16th International Conference\u00a0\u2013 Modern and Current Trends in the Public Sector Research<\/em>. 1.\u00a0vyd. Brno: Masarykova univerzita, 2012.\u00a0s.\u00a0210\u2013217, 8\u00a0s. ISBN\u00a0978\u201380\u2013210\u20135822\u20134.<\/p>\n<\/div>\n<\/div>    <div post_id=\"872\" header_id=\"header-1543164958519\" id=\"header-1543164958519\" style=\"\" class=\"accordions-head head1543164958519\"  >\r\n        <div class=\"accordion-icons left accordion-plus fa fas fa-chevron-up\"><\/div>\r\n        <div class=\"accordion-icons left accordion-minus fa fas fa-chevron-down\"><\/div>\r\n        <div id=\"header-text-1543164958519\"    class=\"accordions-head-title\">From Repression to Demobilization? Development of the Global Justice Movement in Western Countries from 2001 to 2008<\/div>\r\n    <\/div><div class=\"accordion-content content1543164958519\">\r\n    <p>NAVR\u00c1TIL, Ji\u0159\u00ed. Od represe k\u00a0demobilizaci? V\u00fdvoj hnut\u00ed za glob\u00e1ln\u00ed spravedlnost v\u00a0z\u00e1padn\u00edch zem\u00edch mezi lety 2001\u00a0a 2008.\u00a0<em>Slovak Sociological Review<\/em>, Bratislava: Sociologick\u00fd \u00fastav SAV, 2012, ro\u010d.\u00a044, \u010d.\u00a02, s.\u00a0179\u2013211. ISSN\u00a00049\u20131225.<\/p>\n<\/div>    <div post_id=\"872\" header_id=\"header-1543164959043\" id=\"header-1543164959043\" style=\"\" class=\"accordions-head head1543164959043\"  >\r\n        <div class=\"accordion-icons left accordion-plus fa fas fa-chevron-up\"><\/div>\r\n        <div class=\"accordion-icons left accordion-minus fa fas fa-chevron-down\"><\/div>\r\n        <div id=\"header-text-1543164959043\"    class=\"accordions-head-title\">How Can Economist Contribute to the Research of Charitable Giving?<\/div>\r\n    <\/div><div class=\"accordion-content content1543164959043\">\r\n    <p>HLADK\u00c1, Marie. How Can Economist Contribute to the Research of Charitable Giving? In Dagmar \u0160palkov\u00e1, Lenka Furov\u00e1.\u00a0<em>Proce\u00adedings of the 16th international conference\u00a0\u2013 Modern and current trends in the public sector research<\/em>. 1st edition. Brno: Masaryk University, 2012.\u00a0s.\u00a0201\u2013209, 9\u00a0s. ISBN\u00a0978\u201380\u2013210\u20135822\u20134.<\/p>\n<p>Dostupn\u00e9\u00a0<a class=\"icon_ext icon_pdf\" href=\"http:\/\/ctpsr.econ.muni.cz\/wp-content\/uploads\/2014\/06\/2012_sbornik_FULL.pdf\" target=\"_blank\" rel=\"noopener\">zde<\/a>\u00a0od strany\u00a0201.<\/p>\n<\/div>\r\n\t<\/div>\r\n<\/div>\r\n\t\t<link rel=\"stylesheet\" type=\"text\/css\" media=\"all\" href=\"https:\/\/cvns.econ.muni.cz\/wp-content\/plugins\/accordions\/assets\/frontend\/css\/jquery-ui.css?ver=20181018\"\/>\r\n<link rel=\"stylesheet\" type=\"text\/css\" media=\"all\" href=\"https:\/\/cvns.econ.muni.cz\/wp-content\/plugins\/accordions\/assets\/global\/css\/themes.style.css?ver=20181018\"\/>\r\n<link rel=\"stylesheet\" type=\"text\/css\" media=\"all\" href=\"https:\/\/cvns.econ.muni.cz\/wp-content\/plugins\/accordions\/assets\/global\/css\/fontawesome.min.css?ver=20181018\"\/><\/p><\/div>\n\t\t\t\t\t\t\t\t\t<div class=\"elementor-tab-title elementor-tab-mobile-title\" data-tab=\"8\" role=\"tab\">2011<\/div>\n\t\t\t\t\t<div id=\"elementor-tab-content-2558\" class=\"elementor-tab-content elementor-clearfix\" data-tab=\"8\" role=\"tabpanel\" aria-labelledby=\"elementor-tab-title-2558\"><p>    <script>\r\n        jQuery(document).ready(function($){\r\n            wizard_accordion  = $(\"#accordions-871.accordions .items\").accordion({\r\n                event: \"click\",\r\n                collapsible:true,\r\n                heightStyle: \"content\",\r\n                animate: (\"swing\", 1000),\r\n                navigation: true,\r\n                active: 99999,\r\n                            });\r\n        })<\/script>\r\n    <style type='text\/css'>\r\n#accordions-871 {\r\n    text-align: left;\r\n}\r\n#accordions-871{\r\n    background:#ffffff url() repeat scroll 0 0;\r\n    padding: 0;\r\n}\r\n#accordions-871 .accordions-head{\r\n    background:rgba(255,255,255, 1) none repeat scroll 0 0;\r\n    margin:1px;\r\n    padding:10px;\r\n}\r\n#accordions-871 .accordions-head-title{\r\n    color:#0000dc;\r\n    font-size:14px;\r\n    font-family:;\r\n}\r\n#accordions-871 .accordions-head-title-toogle{\r\n    color:#0000dc;\r\n    font-size:14px;\r\n}\r\n#accordions-871 .accordions-head:hover .accordions-head-title{\r\n    color:#0000dc;\r\n}\r\n#accordions-871 .ui-state-active{\r\n    background: #afafaf;\r\n}\r\n#accordions-871 .accordion-content{\r\n    background:rgba(255,255,255,1) none repeat scroll 0 0;\r\n    color:#333333;\r\n    font-size:13px;\r\n    font-family:;\r\n    margin:0;\r\n    padding:10px;\r\n}\r\n#accordions-871 .accordion-icons{\r\n    color:#565656;\r\n    font-size:16px;\r\n}\r\n#accordions-871 .accordions-head:hover .accordion-icons{\r\n    color:#999;\r\n}\r\n<\/style>\r\n<div id=\"accordions-871\" class=\"accordions accordions-themes flat accordions-871\">\r\n<div class=\"top-navs\">\r\n<\/div>\r\n\t<div class=\"items\">\r\n\t    <div post_id=\"871\" header_id=\"header-1543167849656\" id=\"header-1543167849656\" style=\"\" class=\"accordions-head head1543167849656\"  >\r\n        <div class=\"accordion-icons left accordion-plus fa fas fa-chevron-up\"><\/div>\r\n        <div class=\"accordion-icons left accordion-minus fa fas fa-chevron-down\"><\/div>\r\n        <div id=\"header-text-1543167849656\"    class=\"accordions-head-title\">Donorship Statistics<\/div>\r\n    <\/div><div class=\"accordion-content content1543167849656\">\r\n    <p><a href=\"http:\/\/cvns.econ.muni.cz\/en\/wp-content\/uploads\/2019\/12\/D\u00e1rcovstv\u00ed-v-\u010d\u00edslech.pdf\/\" target=\"_blank\" rel=\"noopener\">\u0158E\u017dUCHOV\u00c1, Mark\u00e9ta.\u00a0<em>D\u00e1rcovstv\u00ed v\u00a0\u010d\u00edslech.<\/em>\u00a01.\u00a0vyd. Brno: CVNS, 2011.\u00a028 s. ISBN 978\u201380\u2013904150\u20136\u20135.<\/a><\/p>\n<\/div>    <div post_id=\"871\" header_id=\"header-1543167850145\" id=\"header-1543167850145\" style=\"\" class=\"accordions-head head1543167850145\"  >\r\n        <div class=\"accordion-icons left accordion-plus fa fas fa-chevron-up\"><\/div>\r\n        <div class=\"accordion-icons left accordion-minus fa fas fa-chevron-down\"><\/div>\r\n        <div id=\"header-text-1543167850145\"    class=\"accordions-head-title\">Analysis of the Financing of NGOs from Selected Public Budgets in 2009<\/div>\r\n    <\/div><div class=\"accordion-content content1543167850145\">\r\n    <p><a href=\"http:\/\/www.vlada.cz\/assets\/ppov\/rnno\/dokumenty\/rozbor_2009.pdf\" target=\"_blank\" rel=\"noopener\">PROUZOV\u00c1, Zuzana.\u00a0<em>Rozbor financov\u00e1n\u00ed nest\u00e1tn\u00edch neziskov\u00fdch organizac\u00ed z\u00a0ve\u0159ejn\u00fdch rozpo\u010dt\u016f v\u00a0roce 2009\u00a0<\/em>[online]. Vl\u00e1da \u010cR,\u00a02011.<\/a><\/p>\n<p><em>Rozbor financov\u00e1n\u00ed NNO z\u00a0ve\u0159ejn\u00fdch rozpo\u010dt\u016f v\u00a0roce 2009\u00a0byl p\u0159ijat Usnesen\u00edm Vl\u00e1dy \u010cR ze dne<\/em>\u00a05.\u00a0ledna 2011\u00a0\u010d. 14<em>.<\/em><\/p>\n<\/div>    <div post_id=\"871\" header_id=\"header-1543167850600\" id=\"header-1543167850600\" style=\"\" class=\"accordions-head head1543167850600\"  >\r\n        <div class=\"accordion-icons left accordion-plus fa fas fa-chevron-up\"><\/div>\r\n        <div class=\"accordion-icons left accordion-minus fa fas fa-chevron-down\"><\/div>\r\n        <div id=\"header-text-1543167850600\"    class=\"accordions-head-title\">Non-Profit Sector Theories Reviewed<\/div>\r\n    <\/div><div class=\"accordion-content content1543167850600\">\r\n    <p>HY\u00c1NEK, Vladim\u00edr.\u00a0<em>Non-Profit Sector Theories Reviewed<\/em>. 1.\u00a0vyd. Brno: CVNS, 2011. 64\u00a0s. ISBN 978\u201380\u2013904150\u20135\u20138.<\/p>\n<\/div>    <div post_id=\"871\" header_id=\"header-1543167851045\" id=\"header-1543167851045\" style=\"\" class=\"accordions-head head1543167851045\"  >\r\n        <div class=\"accordion-icons left accordion-plus fa fas fa-chevron-up\"><\/div>\r\n        <div class=\"accordion-icons left accordion-minus fa fas fa-chevron-down\"><\/div>\r\n        <div id=\"header-text-1543167851045\"    class=\"accordions-head-title\">The Old, the New, and the Radical: Political Activism in the Czech Republic Through the Eyes of Social Movement Theories<\/div>\r\n    <\/div><div class=\"accordion-content content1543167851045\">\r\n    <p>C\u00cdSA\u0158, Ond\u0159ej, Ji\u0159\u00ed NAVR\u00c1TIL a Kate\u0159ina VR\u00c1BL\u00cdKOV\u00c1. Sta\u0159\u00ed, nov\u00ed, radik\u00e1ln\u00ed: politick\u00fd aktivismus v\u00a0\u010cesk\u00e9 republice o\u010dima teorie soci\u00e1ln\u00edch hnut\u00ed.\u00a0<em>Sociologick\u00fd \u010dasopis\/Czech Sociological Review<\/em>, Praha: Sociologick\u00fd \u00fastav AV \u010cR, 2011, ro\u010d.\u00a047, \u010d.\u00a01, s.\u00a0137\u2013167. ISSN\u00a00038\u20130288.<\/p>\n<\/div>    <div post_id=\"871\" header_id=\"header-1543167851538\" id=\"header-1543167851538\" style=\"\" class=\"accordions-head head1543167851538\"  >\r\n        <div class=\"accordion-icons left accordion-plus fa fas fa-chevron-up\"><\/div>\r\n        <div class=\"accordion-icons left accordion-minus fa fas fa-chevron-down\"><\/div>\r\n        <div id=\"header-text-1543167851538\"    class=\"accordions-head-title\">The Impact of the Social Services Act on the Methods of Funding Non-Profit Organisations<\/div>\r\n    <\/div><div class=\"accordion-content content1543167851538\">\r\n    <p>\u0160KARABELOV\u00c1, Simona a Mirka WILDMANNOV\u00c1.<em>\u00a0Vliv z\u00e1kona o\u00a0soci\u00e1ln\u00edch slu\u017eb\u00e1ch na metody financov\u00e1n\u00ed neziskov\u00fdch organizac\u00ed.<\/em>\u00a0In Tom\u00e1nek, Petr\u00a0\u2013 Va\u0148kov\u00e1 Ivana.\u00a0<em>Ve\u0159ejn\u00e1 ekonomika a spr\u00e1va 2011.\u00a0<\/em>1.\u00a0vyd\u00e1n\u00ed. Ostrava: V\u0160B-TU Ostrava, Ekonomick\u00e1 fakulta, 2011.\u00a0s.\u00a038\u201339, 2\u00a0s. ISBN\u00a0978\u201380\u2013248\u20132465\u20139.<\/p>\n<\/div>    <div post_id=\"871\" header_id=\"header-1543167852015\" id=\"header-1543167852015\" style=\"\" class=\"accordions-head head1543167852015\"  >\r\n        <div class=\"accordion-icons left accordion-plus fa fas fa-chevron-up\"><\/div>\r\n        <div class=\"accordion-icons left accordion-minus fa fas fa-chevron-down\"><\/div>\r\n        <div id=\"header-text-1543167852015\"    class=\"accordions-head-title\">Volunteer Work as a Latent Economic Source in Non-Profit Organisations<\/div>\r\n    <\/div><div class=\"accordion-content content1543167852015\">\r\n    <p>HLADK\u00c1, Marie. Dobrovoln\u00e1 pr\u00e1ce jako latentn\u00ed ekonomick\u00fd zdroj neziskov\u00fdch organizac\u00ed. In\u00a0<em>B\u00edl\u00e1 m\u00edsta teorie a \u010dern\u00e9 d\u00edry reforem ve ve\u0159ejn\u00e9m sektoru III<\/em>. 1.\u00a0vyd\u00e1n\u00ed. Brno: Katedra Ve\u0159ejn\u00e9 ekonomie, Ekonomicko-spr\u00e1vn\u00ed fakulta, 2011.\u00a0s.\u00a062\u00a0\u2013 71, 9\u00a0s. ISBN\u00a0978\u201380\u2013210\u20135385\u20134<\/p>\n<\/div>    <div post_id=\"871\" header_id=\"header-1543167852516\" id=\"header-1543167852516\" style=\"\" class=\"accordions-head head1543167852516\"  >\r\n        <div class=\"accordion-icons left accordion-plus fa fas fa-chevron-up\"><\/div>\r\n        <div class=\"accordion-icons left accordion-minus fa fas fa-chevron-down\"><\/div>\r\n        <div id=\"header-text-1543167852516\"    class=\"accordions-head-title\">The role of charitable giving in multidisciplinary perspective: example of the Czech Republic<\/div>\r\n    <\/div><div class=\"accordion-content content1543167852516\">\r\n    <div class=\"book\">\n<p>HLADK\u00c1, Marie. The role of charitable giving in multidisciplinary perspective: example of the Czech Republic. In\u00a0<em>Sborn\u00edk p\u0159\u00edsp\u011bvk\u016f Mezin\u00e1rodn\u00ed Masarykovy konference pro doktorandy a mlad\u00e9 v\u011bdeck\u00e9 pracovn\u00edky 2011<\/em>. 2.\u00a0vyd. Hradec Kr\u00e1lov\u00e9: MAGNANIMITAS., 2011. 8\u00a0s. ISBN\u00a0978\u201380\u2013904877\u20137\u20132<\/p>\n<\/div>\n<\/div>    <div post_id=\"871\" header_id=\"header-1543167853021\" id=\"header-1543167853021\" style=\"\" class=\"accordions-head head1543167853021\"  >\r\n        <div class=\"accordion-icons left accordion-plus fa fas fa-chevron-up\"><\/div>\r\n        <div class=\"accordion-icons left accordion-minus fa fas fa-chevron-down\"><\/div>\r\n        <div id=\"header-text-1543167853021\"    class=\"accordions-head-title\">Bequests as the Supreme Expression of Individual Donorship<\/div>\r\n    <\/div><div class=\"accordion-content content1543167853021\">\r\n    <p>HLADK\u00c1, Marie. Odkazy ze z\u00e1v\u011bti jako vrcholn\u00fd projev individu\u00e1ln\u00edho d\u00e1rcovstv\u00ed. In\u00a0<em>Nov\u00e9 trendy\u00a0\u2013 nov\u00e9 n\u00e1pady 2011<\/em>. 1.\u00a0vyd. Znojmo: Soukrom\u00e1 vysok\u00e1 \u0161kola ekonomick\u00e1 Znojmo, 2011. 7\u00a0s. ISBN\u00a0978\u201380\u201387314\u201320\u20133.<\/p>\n<\/div>\r\n\t<\/div>\r\n<\/div>\r\n\t\t<link rel=\"stylesheet\" type=\"text\/css\" media=\"all\" href=\"https:\/\/cvns.econ.muni.cz\/wp-content\/plugins\/accordions\/assets\/frontend\/css\/jquery-ui.css?ver=20181018\"\/>\r\n<link rel=\"stylesheet\" type=\"text\/css\" media=\"all\" href=\"https:\/\/cvns.econ.muni.cz\/wp-content\/plugins\/accordions\/assets\/global\/css\/themes.style.css?ver=20181018\"\/>\r\n<link rel=\"stylesheet\" type=\"text\/css\" media=\"all\" href=\"https:\/\/cvns.econ.muni.cz\/wp-content\/plugins\/accordions\/assets\/global\/css\/fontawesome.min.css?ver=20181018\"\/><\/p><\/div>\n\t\t\t\t\t\t\t\t\t<div class=\"elementor-tab-title elementor-tab-mobile-title\" data-tab=\"9\" role=\"tab\">2010<\/div>\n\t\t\t\t\t<div id=\"elementor-tab-content-2559\" class=\"elementor-tab-content elementor-clearfix\" data-tab=\"9\" role=\"tabpanel\" aria-labelledby=\"elementor-tab-title-2559\"><p>    <script>\r\n        jQuery(document).ready(function($){\r\n            wizard_accordion  = $(\"#accordions-870.accordions .items\").accordion({\r\n                event: \"click\",\r\n                collapsible:true,\r\n                heightStyle: \"content\",\r\n                animate: (\"swing\", 1000),\r\n                navigation: true,\r\n                active: 99999,\r\n                            });\r\n        })<\/script>\r\n    <style type='text\/css'>\r\n#accordions-870 {\r\n    text-align: left;\r\n}\r\n#accordions-870{\r\n    background: url() repeat scroll 0 0;\r\n    padding: 0;\r\n}\r\n#accordions-870 .accordions-head{\r\n    background:rgba(255,255,255, 1) none repeat scroll 0 0;\r\n    margin:1px;\r\n    padding:10px;\r\n}\r\n#accordions-870 .accordions-head-title{\r\n    color:#0000dc;\r\n    font-size:14px;\r\n    font-family:;\r\n}\r\n#accordions-870 .accordions-head-title-toogle{\r\n    color:#0000dc;\r\n    font-size:14px;\r\n}\r\n#accordions-870 .accordions-head:hover .accordions-head-title{\r\n    color:#0000dc;\r\n}\r\n#accordions-870 .ui-state-active{\r\n    background: #afafaf;\r\n}\r\n#accordions-870 .accordion-content{\r\n    background:rgba(255,255,255,1) none repeat scroll 0 0;\r\n    color:#333333;\r\n    font-size:13px;\r\n    font-family:;\r\n    margin:0;\r\n    padding:10px;\r\n}\r\n#accordions-870 .accordion-icons{\r\n    color:#565656;\r\n    font-size:16px;\r\n}\r\n#accordions-870 .accordions-head:hover .accordion-icons{\r\n    color:#999;\r\n}\r\n<\/style>\r\n<div id=\"accordions-870\" class=\"accordions accordions-themes flat accordions-870\">\r\n<div class=\"top-navs\">\r\n<\/div>\r\n\t<div class=\"items\">\r\n\t    <div post_id=\"870\" header_id=\"header-1543168243148\" id=\"header-1543168243148\" style=\"\" class=\"accordions-head head1543168243148\"  >\r\n        <div class=\"accordion-icons left accordion-plus fa fas fa-chevron-up\"><\/div>\r\n        <div class=\"accordion-icons left accordion-minus fa fas fa-chevron-down\"><\/div>\r\n        <div id=\"header-text-1543168243148\"    class=\"accordions-head-title\">Analysis of the Financing of NGOs from Selected Public Budgets in 2008<\/div>\r\n    <\/div><div class=\"accordion-content content1543168243148\">\r\n    <p><a href=\"http:\/\/www.vlada.cz\/assets\/ppov\/rnno\/dokumenty\/rozbor_2008.pdf\" target=\"_blank\" rel=\"noopener\">PROUZOV\u00c1, Zuzana.\u00a0<em>Rozbor financov\u00e1n\u00ed nest\u00e1tn\u00edch neziskov\u00fdch organizac\u00ed z\u00a0ve\u0159ejn\u00fdch rozpo\u010dt\u016f v\u00a0roce 2008\u00a0<\/em>[online]. Vl\u00e1da \u010cR,\u00a02010.<\/a><\/p>\n<p><em>Rozbor financov\u00e1n\u00ed NNO z<\/em><em>\u00a0ve\u0159ejn\u00fdch rozpo\u010dt\u016f v\u00a0roce 2008\u00a0byl p\u0159ijat Usnesen\u00edm Vl\u00e1dy \u010cR ze dne 8.\u00a0b\u0159ezna 2010\u00a0\u010d.\u00a0191.<\/em><\/p>\n<\/div>    <div post_id=\"870\" header_id=\"header-1543168243639\" id=\"header-1543168243639\" style=\"\" class=\"accordions-head head1543168243639\"  >\r\n        <div class=\"accordion-icons left accordion-plus fa fas fa-chevron-up\"><\/div>\r\n        <div class=\"accordion-icons left accordion-minus fa fas fa-chevron-down\"><\/div>\r\n        <div id=\"header-text-1543168243639\"    class=\"accordions-head-title\">Between the Spillover and the Spillout: Tracing the Evolution of the Czech Global Justice Movement<\/div>\r\n    <\/div><div class=\"accordion-content content1543168243639\">\r\n    <div class=\"book\">\n<p>NAVR\u00c1TIL, Ji\u0159\u00ed. Between the Spillover and the Spillout: Tracing the Evolution of the Czech Global Justice Movement.\u00a0<em>Czech Sociological Review<\/em>, Prague, Czech Republic: Czech Academy of Sciences, 2010, ro\u010d.\u00a046, \u010d.\u00a06, s.\u00a0913\u2013944. ISSN\u00a00038\u20130288.<\/p>\n<\/div>\n<\/div>    <div post_id=\"870\" header_id=\"header-1543168244075\" id=\"header-1543168244075\" style=\"\" class=\"accordions-head head1543168244075\"  >\r\n        <div class=\"accordion-icons left accordion-plus fa fas fa-chevron-up\"><\/div>\r\n        <div class=\"accordion-icons left accordion-minus fa fas fa-chevron-down\"><\/div>\r\n        <div id=\"header-text-1543168244075\"    class=\"accordions-head-title\">Foundations, grant-seeking<\/div>\r\n    <\/div><div class=\"accordion-content content1543168244075\">\r\n    <div class=\"book\">\n<p>\u0160KARABELOV\u00c1, Simona.<em>\u00a0Foundations, grant-seeking.<\/em>\u00a0In Anheier, Helmut K.\u00a0\u2013 Toepler , Stefan.\u00a0<em>International Encyclopedia of Civil Society.<\/em>\u00a01.\u00a0ed. USA, New York: Springer, 2010.\u00a0s.\u00a0706\u2013711, 5\u00a0s. neuveden. ISBN\u00a0978\u20130\u2013387\u201393994\u20130.<\/p>\n<\/div>\n<\/div>    <div post_id=\"870\" header_id=\"header-1543168244506\" id=\"header-1543168244506\" style=\"\" class=\"accordions-head head1543168244506\"  >\r\n        <div class=\"accordion-icons left accordion-plus fa fas fa-chevron-up\"><\/div>\r\n        <div class=\"accordion-icons left accordion-minus fa fas fa-chevron-down\"><\/div>\r\n        <div id=\"header-text-1543168244506\"    class=\"accordions-head-title\">Homo oeconomicus versus altruist: from the view of economic theory<\/div>\r\n    <\/div><div class=\"accordion-content content1543168244506\">\r\n    <p>HLADK\u00c1, Marie. Homo oeconomicus versus altruista: jak to vid\u00ed ekonomick\u00e1 teorie. In\u00a0<em>B\u00edl\u00e1 m\u00edsta teorie a \u010dern\u00e9 d\u00edry reforem ve ve\u0159ejn\u00e9m sektoru II<\/em>. 1.\u00a0vyd\u00e1n\u00ed. Brno: Katedra Ve\u0159ejn\u00e9 ekonomie, Ekonomicko-spr\u00e1vn\u00ed fakulta, 2010.\u00a0s.\u00a092\u2013101, 10\u00a0s. ISBN\u00a0978\u201380\u20137399\u2013907\u20130<\/p>\n<\/div>    <div post_id=\"870\" header_id=\"header-1543168244929\" id=\"header-1543168244929\" style=\"\" class=\"accordions-head head1543168244929\"  >\r\n        <div class=\"accordion-icons left accordion-plus fa fas fa-chevron-up\"><\/div>\r\n        <div class=\"accordion-icons left accordion-minus fa fas fa-chevron-down\"><\/div>\r\n        <div id=\"header-text-1543168244929\"    class=\"accordions-head-title\">Philanthropy in the changing world: changing attitude to giving?<\/div>\r\n    <\/div><div class=\"accordion-content content1543168244929\">\r\n    <div class=\"book\">\n<p>HY\u00c1NEK, Vladim\u00edr\u00a0a\u00a0Marie HLADK\u00c1. Philanthropy in the changing world: changing attitude to giving? In\u00a0<em>Ninth International Conference of the International Society for Third Sector Research (ISTR), Istanbul, Turkey, July 7\u201310, 2010, 18\u00a0p.<\/em>\u00a02010.<\/p>\n<\/div>\n<\/div>\r\n\t<\/div>\r\n<\/div>\r\n\t\t<link rel=\"stylesheet\" type=\"text\/css\" media=\"all\" href=\"https:\/\/cvns.econ.muni.cz\/wp-content\/plugins\/accordions\/assets\/frontend\/css\/jquery-ui.css?ver=20181018\"\/>\r\n<link rel=\"stylesheet\" type=\"text\/css\" media=\"all\" href=\"https:\/\/cvns.econ.muni.cz\/wp-content\/plugins\/accordions\/assets\/global\/css\/themes.style.css?ver=20181018\"\/>\r\n<link rel=\"stylesheet\" type=\"text\/css\" media=\"all\" href=\"https:\/\/cvns.econ.muni.cz\/wp-content\/plugins\/accordions\/assets\/global\/css\/fontawesome.min.css?ver=20181018\"\/><\/p><\/div>\n\t\t\t\t\t\t\t\t\t<div class=\"elementor-tab-title elementor-tab-mobile-title\" data-tab=\"10\" role=\"tab\">2009<\/div>\n\t\t\t\t\t<div id=\"elementor-tab-content-25510\" class=\"elementor-tab-content elementor-clearfix\" data-tab=\"10\" role=\"tabpanel\" aria-labelledby=\"elementor-tab-title-25510\"><p>    <script>\r\n        jQuery(document).ready(function($){\r\n            wizard_accordion  = $(\"#accordions-869.accordions .items\").accordion({\r\n                event: \"click\",\r\n                collapsible:true,\r\n                heightStyle: \"content\",\r\n                animate: (\"swing\", 1000),\r\n                navigation: true,\r\n                active: 99999,\r\n                            });\r\n        })<\/script>\r\n    <style type='text\/css'>\r\n#accordions-869 {\r\n    text-align: left;\r\n}\r\n#accordions-869{\r\n    background:#ffffff url() repeat scroll 0 0;\r\n    padding: 0;\r\n}\r\n#accordions-869 .accordions-head{\r\n    background:rgba(255,255,255, 1) none repeat scroll 0 0;\r\n    margin:1px;\r\n    padding:10px;\r\n}\r\n#accordions-869 .accordions-head-title{\r\n    color:#0000dc;\r\n    font-size:14px;\r\n    font-family:;\r\n}\r\n#accordions-869 .accordions-head-title-toogle{\r\n    color:#0000dc;\r\n    font-size:14px;\r\n}\r\n#accordions-869 .accordions-head:hover .accordions-head-title{\r\n    color:#0000dc;\r\n}\r\n#accordions-869 .ui-state-active{\r\n    background: #afafaf;\r\n}\r\n#accordions-869 .accordion-content{\r\n    background:rgba(255,255,255,1) none repeat scroll 0 0;\r\n    color:#333333;\r\n    font-size:13px;\r\n    font-family:;\r\n    margin:0;\r\n    padding:10px;\r\n}\r\n#accordions-869 .accordion-icons{\r\n    color:#565656;\r\n    font-size:16px;\r\n}\r\n#accordions-869 .accordions-head:hover .accordion-icons{\r\n    color:#999;\r\n}\r\n<\/style>\r\n<div id=\"accordions-869\" class=\"accordions accordions-themes flat accordions-869\">\r\n<div class=\"top-navs\">\r\n<\/div>\r\n\t<div class=\"items\">\r\n\t    <div post_id=\"869\" header_id=\"header-1543168418844\" id=\"header-1543168418844\" style=\"\" class=\"accordions-head head1543168418844\"  >\r\n        <div class=\"accordion-icons left accordion-plus fa fas fa-chevron-up\"><\/div>\r\n        <div class=\"accordion-icons left accordion-minus fa fas fa-chevron-down\"><\/div>\r\n        <div id=\"header-text-1543168418844\"    class=\"accordions-head-title\">Country-specific situation of the nonprofit sector in the Czech Republic<\/div>\r\n    <\/div><div class=\"accordion-content content1543168418844\">\r\n    <div class=\"book\">\n<p><a href=\"http:\/\/cvns.econ.muni.cz\/en\/wp-content\/uploads\/2019\/12\/Country-specific-situation-of-the-NPS-in-the-CR.pdf\/\">POSP\u00cd\u0160IL, Miroslav a Vladim\u00edr HY\u00c1NEK.\u00a0<em>Country-specific situation of the nonprofit sector in the Czech Republic.\u00a0<\/em>Working paper 2.\u00a0Brno: CVNS,\u00a02009.<\/a><\/p>\n<\/div>\n<\/div>    <div post_id=\"869\" header_id=\"header-1543168419179\" id=\"header-1543168419179\" style=\"\" class=\"accordions-head head1543168419179\"  >\r\n        <div class=\"accordion-icons left accordion-plus fa fas fa-chevron-up\"><\/div>\r\n        <div class=\"accordion-icons left accordion-minus fa fas fa-chevron-down\"><\/div>\r\n        <div id=\"header-text-1543168419179\"    class=\"accordions-head-title\">History of the Czech Nonprofit Sector<\/div>\r\n    <\/div><div class=\"accordion-content content1543168419179\">\r\n    <div class=\"book\">\n<p>POSP\u00cd\u0160IL, Miroslav.\u00a0<em>History of the Czech Nonprofit Sector.\u00a0<\/em>Working paper 1.\u00a0Brno: CVNS,\u00a02009.<\/p>\n<\/div>\n<\/div>    <div post_id=\"869\" header_id=\"header-1543168419570\" id=\"header-1543168419570\" style=\"\" class=\"accordions-head head1543168419570\"  >\r\n        <div class=\"accordion-icons left accordion-plus fa fas fa-chevron-up\"><\/div>\r\n        <div class=\"accordion-icons left accordion-minus fa fas fa-chevron-down\"><\/div>\r\n        <div id=\"header-text-1543168419570\"    class=\"accordions-head-title\">Donorship in the Eyes of the General Public<\/div>\r\n    <\/div><div class=\"accordion-content content1543168419570\">\r\n    <p>HLADK\u00c1, Marie a Tereza \u0160INKY\u0158\u00cdKOV\u00c1.\u00a0<em>D\u00e1rcovstv\u00ed v\u00a0o\u010d\u00edch ve\u0159ejnosti.<\/em>\u00a01.\u00a0vyd. Brno: CVNS, 2009.\u00a024 s. ISBN 978\u201380\u2013904150\u20134\u20131.<\/p>\n<\/div>    <div post_id=\"869\" header_id=\"header-1543168420011\" id=\"header-1543168420011\" style=\"\" class=\"accordions-head head1543168420011\"  >\r\n        <div class=\"accordion-icons left accordion-plus fa fas fa-chevron-up\"><\/div>\r\n        <div class=\"accordion-icons left accordion-minus fa fas fa-chevron-down\"><\/div>\r\n        <div id=\"header-text-1543168420011\"    class=\"accordions-head-title\">Political Parties and Movements: Facts and Figures 2003<\/div>\r\n    <\/div><div class=\"accordion-content content1543168420011\">\r\n    <div class=\"book\">\n<p>CVNS.\u00a0<em>Political Parties and Movements: Facts and Figures 2003.\u00a0<\/em>Working paper 5.\u00a0Brno: CVNS,\u00a02009.<\/p>\n<\/div>\n<\/div>    <div post_id=\"869\" header_id=\"header-1543168420356\" id=\"header-1543168420356\" style=\"\" class=\"accordions-head head1543168420356\"  >\r\n        <div class=\"accordion-icons left accordion-plus fa fas fa-chevron-up\"><\/div>\r\n        <div class=\"accordion-icons left accordion-minus fa fas fa-chevron-down\"><\/div>\r\n        <div id=\"header-text-1543168420356\"    class=\"accordions-head-title\">Foundation like organisations 2002: facts and figures<\/div>\r\n    <\/div><div class=\"accordion-content content1543168420356\">\r\n    <div class=\"book\">\n<p>CVNS.\u00a0<em>Foundation like organisations 2002: facts and figures.\u00a0<\/em>Working paper 3.\u00a0Brno: CVNS,\u00a02009.<\/p>\n<\/div>\n<\/div>    <div post_id=\"869\" header_id=\"header-1543168420749\" id=\"header-1543168420749\" style=\"\" class=\"accordions-head head1543168420749\"  >\r\n        <div class=\"accordion-icons left accordion-plus fa fas fa-chevron-up\"><\/div>\r\n        <div class=\"accordion-icons left accordion-minus fa fas fa-chevron-down\"><\/div>\r\n        <div id=\"header-text-1543168420749\"    class=\"accordions-head-title\">Introduction to the economy of religious organisations<\/div>\r\n    <\/div><div class=\"accordion-content content1543168420749\">\r\n    <div class=\"book\">\n<p>CVNS.\u00a0<em>Introduction to the economy of religious organisations.\u00a0<\/em>Working paper 4.\u00a0Brno:\u00a0CVNS\u00ad,\u00a02009.<\/p>\n<\/div>\n<\/div>    <div post_id=\"869\" header_id=\"header-1543168421257\" id=\"header-1543168421257\" style=\"\" class=\"accordions-head head1543168421257\"  >\r\n        <div class=\"accordion-icons left accordion-plus fa fas fa-chevron-up\"><\/div>\r\n        <div class=\"accordion-icons left accordion-minus fa fas fa-chevron-down\"><\/div>\r\n        <div id=\"header-text-1543168421257\"    class=\"accordions-head-title\">Non-Profit Organisations and Their Function in Democratic Societies<\/div>\r\n    <\/div><div class=\"accordion-content content1543168421257\">\r\n    <p>POSP\u00cd\u0160IL Miroslav, NEUMAYER Michaela, \u0160KARABELOV\u00c1 Simona, MAL\u00dd Ivan, MEYER Michael a SCHNEIDER Ulrike.\u00a0<em>Neziskov\u00e9 organizace a jejich funkce v\u00a0demokratick\u00e9 spole\u010dnosti<\/em>. 1.\u00a0vyd. Brno: CVNS, 2009. 32\u00a0s. ISBN 978\u201380\u2013904150\u20133\u20134.<\/p>\n<\/div>    <div post_id=\"869\" header_id=\"header-1543168421594\" id=\"header-1543168421594\" style=\"\" class=\"accordions-head head1543168421594\"  >\r\n        <div class=\"accordion-icons left accordion-plus fa fas fa-chevron-up\"><\/div>\r\n        <div class=\"accordion-icons left accordion-minus fa fas fa-chevron-down\"><\/div>\r\n        <div id=\"header-text-1543168421594\"    class=\"accordions-head-title\">Overview of Legislation for Non-Government Organisations in 2009<\/div>\r\n    <\/div><div class=\"accordion-content content1543168421594\">\r\n    <p>HLADK\u00c1, Marie.\u00a0<em>Overview of Legislation for Non-Government Organisations in 2009<\/em>. Brno: CVNS,\u00a02009.<\/p>\n<\/div>    <div post_id=\"869\" header_id=\"header-1543168421982\" id=\"header-1543168421982\" style=\"\" class=\"accordions-head head1543168421982\"  >\r\n        <div class=\"accordion-icons left accordion-plus fa fas fa-chevron-up\"><\/div>\r\n        <div class=\"accordion-icons left accordion-minus fa fas fa-chevron-down\"><\/div>\r\n        <div id=\"header-text-1543168421982\"    class=\"accordions-head-title\">Analysis of the Financing of NGOs from Selected Public Budgets in 2007<\/div>\r\n    <\/div><div class=\"accordion-content content1543168421982\">\r\n    <p><a href=\"http:\/\/www.vlada.cz\/assets\/ppov\/rnno\/dokumenty\/rozbor_2007_pro_web.pdf\" target=\"_blank\" rel=\"noopener\">PROUZOV\u00c1, Zuzana.\u00a0<em>Rozbor financov\u00e1n\u00ed nest\u00e1tn\u00edch neziskov\u00fdch organizac\u00ed z\u00a0ve\u0159ejn\u00fdch rozpo\u010dt\u016f v\u00a0roce 2007\u00a0<\/em>[online]. Vl\u00e1da \u010cR,\u00a02009.<\/a><\/p>\n<p><em>Rozbor financov\u00e1n\u00ed NNO z\u00a0ve\u0159ejn\u00fdch rozpo\u010dt\u016f v\u00a0roce 2007\u00a0byl p\u0159ijat Usnesen\u00edm Vl\u00e1dy \u010cR ze dne 9.\u00a0\u00fanora 2009\u00a0\u010d.\u00a0172.<\/em><\/p>\n<\/div>    <div post_id=\"869\" header_id=\"header-1543168422342\" id=\"header-1543168422342\" style=\"\" class=\"accordions-head head1543168422342\"  >\r\n        <div class=\"accordion-icons left accordion-plus fa fas fa-chevron-up\"><\/div>\r\n        <div class=\"accordion-icons left accordion-minus fa fas fa-chevron-down\"><\/div>\r\n        <div id=\"header-text-1543168422342\"    class=\"accordions-head-title\">The Role of Civil Society Organizations in Different Nonprofit Regimes: Evidence from Austria and the Czech Republic<\/div>\r\n    <\/div><div class=\"accordion-content content1543168422342\">\r\n    <p>NEUMAYR, Michaela\u00a0\u2013 MEYER, Michael\u00a0\u2013 POSP\u00cd\u0160IL, Miroslav\u00a0\u2013 SCHNEIDER, Ulrike\u00a0\u2013 MAL\u00dd, Ivan.<br \/>\nThe Role of Civil Society Organizations in Different Nonprofit Regimes: Evidence from Austria and the Czech Republic. In\u00a0<em>Civil Society in Comprartive Perspective. Comparative Social Research Volume 26.<\/em>\u00a0Vyd. 1.\u00a0Bingley : Emerald, 2009.\u00a0Comparative Social Research 26, ISBN 978\u20131\u201384950\u2013607\u20136, pp. 167\u2013196.<\/p>\n<\/div>    <div post_id=\"869\" header_id=\"header-1543168422716\" id=\"header-1543168422716\" style=\"\" class=\"accordions-head head1543168422716\"  >\r\n        <div class=\"accordion-icons left accordion-plus fa fas fa-chevron-up\"><\/div>\r\n        <div class=\"accordion-icons left accordion-minus fa fas fa-chevron-down\"><\/div>\r\n        <div id=\"header-text-1543168422716\"    class=\"accordions-head-title\">Global Justice Movement: Movement in Motion<\/div>\r\n    <\/div><div class=\"accordion-content content1543168422716\">\r\n    <p>NAVR\u00c1TIL, Ji\u0159\u00ed. Hnut\u00ed za glob\u00e1ln\u00ed spravedlnost: hnut\u00ed v\u00a0pohybu.\u00a0<em>Mezin\u00e1rodn\u00ed vztahy<\/em>, Praha: \u00dastav mezin\u00e1rodn\u00edch vztah\u016f, 2009, ro\u010d.\u00a044, \u010d.\u00a04, s.\u00a061\u201384. ISSN\u00a00323\u20131844.<\/p>\n<\/div>    <div post_id=\"869\" header_id=\"header-1543168423059\" id=\"header-1543168423059\" style=\"\" class=\"accordions-head head1543168423059\"  >\r\n        <div class=\"accordion-icons left accordion-plus fa fas fa-chevron-up\"><\/div>\r\n        <div class=\"accordion-icons left accordion-minus fa fas fa-chevron-down\"><\/div>\r\n        <div id=\"header-text-1543168423059\"    class=\"accordions-head-title\">An Outline of the Theoretical Typology of Anti-System Actors<\/div>\r\n    <\/div><div class=\"accordion-content content1543168423059\">\r\n    <p>NAVR\u00c1TIL, Ji\u0159\u00ed. N\u00e1stin teoretick\u00e9 typologie antisyst\u00e9mov\u00fdch akt\u00e9r\u016f.\u00a0<em>Politologick\u00fd \u010dasopis<\/em>, Brno: Mezin\u00e1rodn\u00ed politologick\u00fd \u00fastav, 2009, ro\u010d.\u00a016, \u010d.\u00a02, s.\u00a0148\u2013167. ISSN\u00a01211\u20133247.<\/p>\n<\/div>    <div post_id=\"869\" header_id=\"header-1543168423384\" id=\"header-1543168423384\" style=\"\" class=\"accordions-head head1543168423384\"  >\r\n        <div class=\"accordion-icons left accordion-plus fa fas fa-chevron-up\"><\/div>\r\n        <div class=\"accordion-icons left accordion-minus fa fas fa-chevron-down\"><\/div>\r\n        <div id=\"header-text-1543168423384\"    class=\"accordions-head-title\">Change Management und Organizationsstruk\u00adtur: Bezirkscaritas Brno.<\/div>\r\n    <\/div><div class=\"accordion-content content1543168423384\">\r\n    <p>\u0160KARABELOV\u00c1, Simona a Johannes LEITNER.\u00a0<em>Change Management und Organizationsstruk\u00adtur: Bezirkscaritas Brno<\/em>. In Renate Buber\u00a0\u2013 Michael Meyer (Hrsg.).\u00a0<em>Fallstudien zum NPO-Management. Praktische BWL f\u00fcr Vereine und Sozialeinrichtun\u00adgen.<\/em>\u00a02.\u00a0Auflage. Germany: Sch\u00e4ffer\u00a0\u2013 Poeschel Verlag Stuttgart, 2009.\u00a0s.\u00a0180\u2013194, 14\u00a0s. Fallstudienbuch. ISBN\u00a0978\u20133\u20137910\u20132845\u20133.<\/p>\n<\/div>    <div post_id=\"869\" header_id=\"header-1543168423737\" id=\"header-1543168423737\" style=\"\" class=\"accordions-head head1543168423737\"  >\r\n        <div class=\"accordion-icons left accordion-plus fa fas fa-chevron-up\"><\/div>\r\n        <div class=\"accordion-icons left accordion-minus fa fas fa-chevron-down\"><\/div>\r\n        <div id=\"header-text-1543168423737\"    class=\"accordions-head-title\">Participation of Non-Profit Organisations in the Creation of Public Policies<\/div>\r\n    <\/div><div class=\"accordion-content content1543168423737\">\r\n    <p>HLADK\u00c1, Marie. Participace neziskov\u00fdch organizac\u00ed na tvorb\u011b ve\u0159ejn\u00fdch politik. In\u00a0<em>B\u00edl\u00e1 m\u00edsta teorie a \u010dern\u00e9 d\u00edry reforem ve ve\u0159ejn\u00e9m sektoru<\/em>. 1.\u00a0vyd. Brno: Masarykova univerzita, 2009. 8\u00a0s. ISBN\u00a0978\u201380\u20137399\u2013657\u20134.<\/p>\n<\/div>    <div post_id=\"869\" header_id=\"header-1543168424083\" id=\"header-1543168424083\" style=\"\" class=\"accordions-head head1543168424083\"  >\r\n        <div class=\"accordion-icons left accordion-plus fa fas fa-chevron-up\"><\/div>\r\n        <div class=\"accordion-icons left accordion-minus fa fas fa-chevron-down\"><\/div>\r\n        <div id=\"header-text-1543168424083\"    class=\"accordions-head-title\">What is the Czechs\u2019 attitude to giving?<\/div>\r\n    <\/div><div class=\"accordion-content content1543168424083\">\r\n    <div class=\"book\">\n<p>HLADK\u00c1, Marie. What is the Czechs\u2019 attitude to giving? In\u00a0<em>Giving &amp; Volunteering Research Conference 2009, 9\u00a0July 2009, VU University Amsterdam<\/em>.\u00a02009.<\/p>\n<\/div>\n<\/div>\r\n\t<\/div>\r\n<\/div>\r\n\t\t<link rel=\"stylesheet\" type=\"text\/css\" media=\"all\" href=\"https:\/\/cvns.econ.muni.cz\/wp-content\/plugins\/accordions\/assets\/frontend\/css\/jquery-ui.css?ver=20181018\"\/>\r\n<link rel=\"stylesheet\" type=\"text\/css\" media=\"all\" href=\"https:\/\/cvns.econ.muni.cz\/wp-content\/plugins\/accordions\/assets\/global\/css\/themes.style.css?ver=20181018\"\/>\r\n<link rel=\"stylesheet\" type=\"text\/css\" media=\"all\" href=\"https:\/\/cvns.econ.muni.cz\/wp-content\/plugins\/accordions\/assets\/global\/css\/fontawesome.min.css?ver=20181018\"\/><\/p><\/div>\n\t\t\t\t\t\t\t\t\t<div class=\"elementor-tab-title elementor-tab-mobile-title\" data-tab=\"11\" role=\"tab\">2008<\/div>\n\t\t\t\t\t<div id=\"elementor-tab-content-25511\" class=\"elementor-tab-content elementor-clearfix\" data-tab=\"11\" role=\"tabpanel\" aria-labelledby=\"elementor-tab-title-25511\"><p>    <script>\r\n        jQuery(document).ready(function($){\r\n            wizard_accordion  = $(\"#accordions-868.accordions .items\").accordion({\r\n                event: \"click\",\r\n                collapsible:true,\r\n                heightStyle: \"content\",\r\n                animate: (\"swing\", 1000),\r\n                navigation: true,\r\n                active: 99999,\r\n                            });\r\n        })<\/script>\r\n    <style type='text\/css'>\r\n#accordions-868 {\r\n    text-align: left;\r\n}\r\n#accordions-868{\r\n    background:#ffffff url() repeat scroll 0 0;\r\n    padding: 0;\r\n}\r\n#accordions-868 .accordions-head{\r\n    background:rgba(255,255,255, 1) none repeat scroll 0 0;\r\n    margin:1px;\r\n    padding:10px;\r\n}\r\n#accordions-868 .accordions-head-title{\r\n    color:#0000dc;\r\n    font-size:14px;\r\n    font-family:;\r\n}\r\n#accordions-868 .accordions-head-title-toogle{\r\n    color:#0000dc;\r\n    font-size:14px;\r\n}\r\n#accordions-868 .accordions-head:hover .accordions-head-title{\r\n    color:#0000dc;\r\n}\r\n#accordions-868 .ui-state-active{\r\n    background: #afafaf;\r\n}\r\n#accordions-868 .accordion-content{\r\n    background:rgba(255,255,255,1) none repeat scroll 0 0;\r\n    color:#333333;\r\n    font-size:13px;\r\n    font-family:;\r\n    margin:0;\r\n    padding:10px;\r\n}\r\n#accordions-868 .accordion-icons{\r\n    color:#565656;\r\n    font-size:16px;\r\n}\r\n#accordions-868 .accordions-head:hover .accordion-icons{\r\n    color:#999;\r\n}\r\n<\/style>\r\n<div id=\"accordions-868\" class=\"accordions accordions-themes flat accordions-868\">\r\n<div class=\"top-navs\">\r\n<\/div>\r\n\t<div class=\"items\">\r\n\t    <div post_id=\"868\" header_id=\"header-1543169021544\" id=\"header-1543169021544\" style=\"\" class=\"accordions-head head1543169021544\"  >\r\n        <div class=\"accordion-icons left accordion-plus fa fas fa-chevron-up\"><\/div>\r\n        <div class=\"accordion-icons left accordion-minus fa fas fa-chevron-down\"><\/div>\r\n        <div id=\"header-text-1543169021544\"    class=\"accordions-head-title\">Effects of European Union Funding on the Organisational Structures of Non-Government Non-Profit Organisations<\/div>\r\n    <\/div><div class=\"accordion-content content1543169021544\">\r\n    <p>\u0160karabelov\u00e1, Simona, Janou\u0161kov\u00e1, Miroslava a Vesel\u00fd, Michal.\u00a0<em>Dopady \u010derp\u00e1n\u00ed fond\u016f Evropsk\u00e9 unie na zm\u011bny v\u00a0organiza\u010dn\u00ed struktu\u0159e nest\u00e1tn\u00edch neziskov\u00fdch organizac\u00ed.\u00a0<\/em>1.\u00a0vyd. Brno: Spole\u010dnost pro studium neziskov\u00e9ho sektoru, 2008, 28\u00a0s. ISBN 978\u201380\u2013904150\u20131\u20130<\/p>\n<\/div>    <div post_id=\"868\" header_id=\"header-1543169022034\" id=\"header-1543169022034\" style=\"\" class=\"accordions-head head1543169022034\"  >\r\n        <div class=\"accordion-icons left accordion-plus fa fas fa-chevron-up\"><\/div>\r\n        <div class=\"accordion-icons left accordion-minus fa fas fa-chevron-down\"><\/div>\r\n        <div id=\"header-text-1543169022034\"    class=\"accordions-head-title\">Economic Results of Selected Legal Forms of Non-Profit Organisations in 2005<\/div>\r\n    <\/div><div class=\"accordion-content content1543169022034\">\r\n    <p>Hladk\u00e1, Marie a K\u0159iv\u00e1nek, Martin.\u00a0<em>Ekonomick\u00e9 v\u00fdsledky vybran\u00fdch pr\u00e1vn\u00edch forem neziskov\u00fdch organizac\u00ed v\u00a0roce 2005\u00a0<\/em>(Spole\u010denstv\u00ed vlastn\u00edk\u016f jednotek, Stavovsk\u00e1 organizace\u00a0\u2013 profesn\u00ed komora, Komora s\u00a0v\u00fdjimkou profesn\u00edch komor, Z\u00e1jmov\u00e9 sdru\u017een\u00ed pr\u00e1vnick\u00fdch osob a Honebn\u00ed spole\u010denstvo). 1.\u00a0vyd. Brno: Spole\u010dnost pro studium neziskov\u00e9ho sektoru, 2008, 28\u00a0s. ISBN 978\u201380\u2013904150\u20130\u20133<\/p>\n<\/div>    <div post_id=\"868\" header_id=\"header-1543169022416\" id=\"header-1543169022416\" style=\"\" class=\"accordions-head head1543169022416\"  >\r\n        <div class=\"accordion-icons left accordion-plus fa fas fa-chevron-up\"><\/div>\r\n        <div class=\"accordion-icons left accordion-minus fa fas fa-chevron-down\"><\/div>\r\n        <div id=\"header-text-1543169022416\"    class=\"accordions-head-title\">Non-Profit Sector Mapping Project Completed<\/div>\r\n    <\/div><div class=\"accordion-content content1543169022416\">\r\n    <p><a href=\"https:\/\/www.neziskovky.cz\/clanek\/1004\/509_528_613\/infosluzby_knihovna-neziskovky_archiv_casopisu_neziskovky-cz\/neziskovky-cz-92008\/\" target=\"_blank\" rel=\"noopener\">Hladk\u00e1, Marie. Projekt zmapov\u00e1n\u00ed neziskov\u00e9ho sektoru ukon\u010den.\u00a0<em>Nezis\u00adkovky.cz<\/em>, 2008, ro\u010d. XVI, \u010d. 09\/2008, s. 18\u201319.<\/a><\/p>\n<\/div>    <div post_id=\"868\" header_id=\"header-1543169022990\" id=\"header-1543169022990\" style=\"\" class=\"accordions-head head1543169022990\"  >\r\n        <div class=\"accordion-icons left accordion-plus fa fas fa-chevron-up\"><\/div>\r\n        <div class=\"accordion-icons left accordion-minus fa fas fa-chevron-down\"><\/div>\r\n        <div id=\"header-text-1543169022990\"    class=\"accordions-head-title\">Where Subsidies for NGOs Were Channelled in 2006<\/div>\r\n    <\/div><div class=\"accordion-content content1543169022990\">\r\n    <p><a href=\"https:\/\/www.neziskovky.cz\/clanek\/1001\/509_528_613\/infosluzby_knihovna-neziskovky_archiv_casopisu_neziskovky-cz\/neziskovky-cz-7-82008\/\" target=\"_blank\" rel=\"noopener\">Prouzov\u00e1, Zuzana. \u201eKam sm\u011b\u0159ovaly dotace pro NNO v\u00a0roce 2006.\u201c\u00a0<em>Neziskovky.cz<\/em>, 2008, ro\u010d. XVI, \u010d. 07\u201308, s. 26.<\/a><\/p>\n<\/div>    <div post_id=\"868\" header_id=\"header-1543169023419\" id=\"header-1543169023419\" style=\"\" class=\"accordions-head head1543169023419\"  >\r\n        <div class=\"accordion-icons left accordion-plus fa fas fa-chevron-up\"><\/div>\r\n        <div class=\"accordion-icons left accordion-minus fa fas fa-chevron-down\"><\/div>\r\n        <div id=\"header-text-1543169023419\"    class=\"accordions-head-title\">Non-Profit Organisations as Organisers of Public Collections<\/div>\r\n    <\/div><div class=\"accordion-content content1543169023419\">\r\n    <p>Hladk\u00e1, Marie. \u201eNeziskov\u00e9 organizace jako po\u0159adatel\u00e9 ve\u0159ejn\u00fdch sb\u00edrek.\u201c\u00a0<em>Grantis<\/em>, 2008, ro\u010d. XVI, \u010d. 5, s.\u00a020.<\/p>\n<\/div>    <div post_id=\"868\" header_id=\"header-1543169023824\" id=\"header-1543169023824\" style=\"\" class=\"accordions-head head1543169023824\"  >\r\n        <div class=\"accordion-icons left accordion-plus fa fas fa-chevron-up\"><\/div>\r\n        <div class=\"accordion-icons left accordion-minus fa fas fa-chevron-down\"><\/div>\r\n        <div id=\"header-text-1543169023824\"    class=\"accordions-head-title\">Efficiency of Foreign Integration Services Provided by Non-Governmental Non-Profit Organisations<\/div>\r\n    <\/div><div class=\"accordion-content content1543169023824\">\r\n    <p>Prouzov\u00e1, Zuzana, Hladk\u00e1, Marie, K\u0159iv\u00e1nek, Martin, Mal\u00fd, Ivan, Posp\u00ed\u0161il, Miroslav, Pudov\u00e1, Eli\u0161ka a \u0160ele\u0161ovsk\u00fd, V\u00edt.\u00a0<em>Efektivita slu\u017eeb poskytovan\u00fdch nest\u00e1tn\u00edmi neziskov\u00fdmi organizacemi v\u00a0oblasti integrace cizinc\u016f,<\/em>MPSV,\u00a02008.<\/p>\n<p>Publikov\u00e1no Ministerstvem pr\u00e1ce a soci\u00e1ln\u00edch v\u011bc\u00ed.<\/p>\n<\/div>    <div post_id=\"868\" header_id=\"header-1543169024221\" id=\"header-1543169024221\" style=\"\" class=\"accordions-head head1543169024221\"  >\r\n        <div class=\"accordion-icons left accordion-plus fa fas fa-chevron-up\"><\/div>\r\n        <div class=\"accordion-icons left accordion-minus fa fas fa-chevron-down\"><\/div>\r\n        <div id=\"header-text-1543169024221\"    class=\"accordions-head-title\">Public Collections in the Czech Republic and Their Possible Abuses<\/div>\r\n    <\/div><div class=\"accordion-content content1543169024221\">\r\n    <p><a href=\"http:\/\/www.mvcr.cz\/soubor\/studie-hladka-pdf.aspx\" target=\"_blank\" rel=\"noopener\">Ve\u0159ejn\u00e9 sb\u00edrky v\u00a0\u010cR a mo\u017enosti jejich zneu\u017eit\u00ed [online].\u00a0<\/a><\/p>\n<p><em>Projekt v\u00fdzkumu Ministerstva vnitra \u201eZp\u0159ehled\u0148ov\u00e1n\u00ed fungov\u00e1n\u00ed neziskov\u00e9ho sektoru v\u00a0\u010cesk\u00e9 republice, se zvl\u00e1\u0161tn\u00edm d\u016frazem na prevenci jeho zneu\u017e\u00edv\u00e1n\u00ed pro \u00fa\u010dely financov\u00e1n\u00ed terorismu\u201c.<\/em><\/p>\n<\/div>    <div post_id=\"868\" header_id=\"header-1543169024629\" id=\"header-1543169024629\" style=\"\" class=\"accordions-head head1543169024629\"  >\r\n        <div class=\"accordion-icons left accordion-plus fa fas fa-chevron-up\"><\/div>\r\n        <div class=\"accordion-icons left accordion-minus fa fas fa-chevron-down\"><\/div>\r\n        <div id=\"header-text-1543169024629\"    class=\"accordions-head-title\">Evaluation of the System for Granting Subsidies to Non-Governmental Non-Profit Organisations<\/div>\r\n    <\/div><div class=\"accordion-content content1543169024629\">\r\n    <p><a href=\"http:\/\/www.vlada.cz\/assets\/ppov\/rnno\/dokumenty\/posouzeni_pro_web.pdf\" target=\"_blank\" rel=\"noopener\">CVNS.\u00a0<em>Evaluation of the System for Granting Subsidies to Non-Governmental Non-Profit Organisations<\/em>\u00a0[online]. Vl\u00e1da \u010cR, 2008.\u00a0<\/a><\/p>\n<p><em>Dokument byl zpracov\u00e1n pro Radu vl\u00e1dy pro NNO.<\/em><\/p>\n<\/div>    <div post_id=\"868\" header_id=\"header-1543169025029\" id=\"header-1543169025029\" style=\"\" class=\"accordions-head head1543169025029\"  >\r\n        <div class=\"accordion-icons left accordion-plus fa fas fa-chevron-up\"><\/div>\r\n        <div class=\"accordion-icons left accordion-minus fa fas fa-chevron-down\"><\/div>\r\n        <div id=\"header-text-1543169025029\"    class=\"accordions-head-title\">Analysis of the Financing of NGOs from Selected Public Budgets in 2006<\/div>\r\n    <\/div><div class=\"accordion-content content1543169025029\">\r\n    <p><a href=\"http:\/\/www.vlada.cz\/assets\/ppov\/rnno\/dokumenty\/rozbor_2006_pro_web.pdf\" target=\"_blank\" rel=\"noopener\">Prouzov\u00e1, Zuzana.\u00a0<em>Rozbor financov\u00e1n\u00ed nest\u00e1tn\u00edch neziskov\u00fdch organizac\u00ed z\u00a0vybran\u00fdch ve\u0159ejn\u00fdch rozpo\u010dt\u016f v\u00a0roce 2006\u00a0<\/em>[online]. Vl\u00e1da \u010cR,\u00a02008.<\/a><\/p>\n<p><em>Rozbor financov\u00e1n\u00ed NNO z\u00a0ve\u0159ejn\u00fdch rozpo\u010dt\u016f v\u00a0roce 2006\u00a0byl p\u0159ijat Usnesen\u00edm Vl\u00e1dy \u010cR ze dne 26.\u00a0b\u0159ezna 2008\u00a0\u010d.\u00a0291.<\/em><\/p>\n<\/div>    <div post_id=\"868\" header_id=\"header-1543169025447\" id=\"header-1543169025447\" style=\"\" class=\"accordions-head head1543169025447\"  >\r\n        <div class=\"accordion-icons left accordion-plus fa fas fa-chevron-up\"><\/div>\r\n        <div class=\"accordion-icons left accordion-minus fa fas fa-chevron-down\"><\/div>\r\n        <div id=\"header-text-1543169025447\"    class=\"accordions-head-title\">Overview of Legislation for Non-Government Organisations in 2007<\/div>\r\n    <\/div><div class=\"accordion-content content1543169025447\">\r\n    <p><a href=\"http:\/\/www.cuscz.cz\/files\/133ZTQ.pdf\" target=\"_blank\" rel=\"noopener\">Hladk\u00e1, Marie.\u00a0<em>Overview of Legislation for Non-Government Organisations in 2007<\/em>.<\/a><\/p>\n<\/div>    <div post_id=\"868\" header_id=\"header-1543169025878\" id=\"header-1543169025878\" style=\"\" class=\"accordions-head head1543169025878\"  >\r\n        <div class=\"accordion-icons left accordion-plus fa fas fa-chevron-up\"><\/div>\r\n        <div class=\"accordion-icons left accordion-minus fa fas fa-chevron-down\"><\/div>\r\n        <div id=\"header-text-1543169025878\"    class=\"accordions-head-title\">NPO &#038; Government Relations in the Czech Republic<\/div>\r\n    <\/div><div class=\"accordion-content content1543169025878\">\r\n    <div class=\"book\">\n<p>HY\u00c1NEK, Vladim\u00edr, Zuzana PROUZOV\u00c1 a Marie HLADK\u00c1. NPO &amp; Government Relations in the Czech Republic. In\u00a0<em>The Third Sector and Sustainable Social Change: New Frontiers for Research; 8th International Conference of the International Society for Third Sector Research (ISTR) and 2nd European Conference of the EMES and ISTR<\/em>. Barcelona, Spain, July 9\u201312, 2008.\u00a02008.<\/p>\n<\/div>\n<\/div>    <div post_id=\"868\" header_id=\"header-1543169026293\" id=\"header-1543169026293\" style=\"\" class=\"accordions-head head1543169026293\"  >\r\n        <div class=\"accordion-icons left accordion-plus fa fas fa-chevron-up\"><\/div>\r\n        <div class=\"accordion-icons left accordion-minus fa fas fa-chevron-down\"><\/div>\r\n        <div id=\"header-text-1543169026293\"    class=\"accordions-head-title\">The share of nonprofit organisations in the provision of selected public services: culture and social services.<\/div>\r\n    <\/div><div class=\"accordion-content content1543169026293\">\r\n    <div class=\"book\">\n<p>\u0160KARABELOV\u00c1, Simona a Mirka WILDMANNOV\u00c1. The share of nonprofit organisations in the provision of selected public services: culture and social services. In The Third Sector and Sustainable Social Change: New Frontiers for Research.\u00a02008.<\/p>\n<\/div>\n<\/div>\r\n\t<\/div>\r\n<\/div>\r\n\t\t<link rel=\"stylesheet\" type=\"text\/css\" media=\"all\" href=\"https:\/\/cvns.econ.muni.cz\/wp-content\/plugins\/accordions\/assets\/frontend\/css\/jquery-ui.css?ver=20181018\"\/>\r\n<link rel=\"stylesheet\" type=\"text\/css\" media=\"all\" href=\"https:\/\/cvns.econ.muni.cz\/wp-content\/plugins\/accordions\/assets\/global\/css\/themes.style.css?ver=20181018\"\/>\r\n<link rel=\"stylesheet\" type=\"text\/css\" media=\"all\" href=\"https:\/\/cvns.econ.muni.cz\/wp-content\/plugins\/accordions\/assets\/global\/css\/fontawesome.min.css?ver=20181018\"\/><\/p><\/div>\n\t\t\t\t\t\t\t\t\t<div class=\"elementor-tab-title elementor-tab-mobile-title\" data-tab=\"12\" role=\"tab\">2007<\/div>\n\t\t\t\t\t<div id=\"elementor-tab-content-25512\" class=\"elementor-tab-content elementor-clearfix\" data-tab=\"12\" role=\"tabpanel\" aria-labelledby=\"elementor-tab-title-25512\"><p>    <script>\r\n        jQuery(document).ready(function($){\r\n            wizard_accordion  = $(\"#accordions-867.accordions .items\").accordion({\r\n                event: \"click\",\r\n                collapsible:true,\r\n                heightStyle: \"content\",\r\n                animate: (\"swing\", 1000),\r\n                navigation: true,\r\n                active: 99999,\r\n                            });\r\n        })<\/script>\r\n    <style type='text\/css'>\r\n#accordions-867 {\r\n    text-align: left;\r\n}\r\n#accordions-867{\r\n    background:#ffffff url() repeat scroll 0 0;\r\n    padding: 0;\r\n}\r\n#accordions-867 .accordions-head{\r\n    background:rgba(255,255,255, 1) none repeat scroll 0 0;\r\n    margin:1px;\r\n    padding:10px;\r\n}\r\n#accordions-867 .accordions-head-title{\r\n    color:#0000dc;\r\n    font-size:14px;\r\n    font-family:;\r\n}\r\n#accordions-867 .accordions-head-title-toogle{\r\n    color:#0000dc;\r\n    font-size:14px;\r\n}\r\n#accordions-867 .accordions-head:hover .accordions-head-title{\r\n    color:#0000dc;\r\n}\r\n#accordions-867 .ui-state-active{\r\n    background: #afafaf;\r\n}\r\n#accordions-867 .accordion-content{\r\n    background:rgba(255,255,255,1) none repeat scroll 0 0;\r\n    color:#333333;\r\n    font-size:13px;\r\n    font-family:;\r\n    margin:0;\r\n    padding:10px;\r\n}\r\n#accordions-867 .accordion-icons{\r\n    color:#565656;\r\n    font-size:16px;\r\n}\r\n#accordions-867 .accordions-head:hover .accordion-icons{\r\n    color:#999;\r\n}\r\n<\/style>\r\n<div id=\"accordions-867\" class=\"accordions accordions-themes flat accordions-867\">\r\n<div class=\"top-navs\">\r\n<\/div>\r\n\t<div class=\"items\">\r\n\t    <div post_id=\"867\" header_id=\"header-1543169757370\" id=\"header-1543169757370\" style=\"\" class=\"accordions-head head1543169757370\"  >\r\n        <div class=\"accordion-icons left accordion-plus fa fas fa-chevron-up\"><\/div>\r\n        <div class=\"accordion-icons left accordion-minus fa fas fa-chevron-down\"><\/div>\r\n        <div id=\"header-text-1543169757370\"    class=\"accordions-head-title\">Non-Profit Organisations in Public Services<\/div>\r\n    <\/div><div class=\"accordion-content content1543169757370\">\r\n    <p><a href=\"http:\/\/cvns.econ.muni.cz\/en\/wp-content\/uploads\/2019\/12\/NO-ve-ve\u0159ejn\u00fdch-slu\u017eb\u00e1ch.pdf\/\" target=\"_blank\" rel=\"noopener\">HY\u00c1NEK, Vladim\u00edr, PROUZOV\u00c1, Zuzana, \u0160KARABELOV\u00c1, Simona a kol.\u00a0<em>Neziskov\u00e9 organizace ve ve\u0159ejn\u00fdch slu\u017eb\u00e1ch.<\/em>\u00a01.\u00a0vyd. Brno: Masarykova univerzita, 2007. 292\u00a0s. ISBN 978\u201380\u2013210\u20134423\u20134.<\/a><\/p>\n<\/div>    <div post_id=\"867\" header_id=\"header-1543169757776\" id=\"header-1543169757776\" style=\"\" class=\"accordions-head head1543169757776\"  >\r\n        <div class=\"accordion-icons left accordion-plus fa fas fa-chevron-up\"><\/div>\r\n        <div class=\"accordion-icons left accordion-minus fa fas fa-chevron-down\"><\/div>\r\n        <div id=\"header-text-1543169757776\"    class=\"accordions-head-title\">Legislative Environment for the Activities of Churches and Religious Organisations<\/div>\r\n    <\/div><div class=\"accordion-content content1543169757776\">\r\n    <p>Svoboda, Franti\u0161ek.\u00a0<em>Legislativn\u00ed prost\u0159ed\u00ed pro \u010dinnost c\u00edrkv\u00ed a n\u00e1bo\u017eensk\u00fdch spole\u010dnost\u00ed.<\/em>\u00a01.\u00a0vyd. Brno: CVNS, 2007, 20\u00a0s. ISBN 978\u201380\u2013239\u20138481\u20131<\/p>\n<\/div>    <div post_id=\"867\" header_id=\"header-1543169758145\" id=\"header-1543169758145\" style=\"\" class=\"accordions-head head1543169758145\"  >\r\n        <div class=\"accordion-icons left accordion-plus fa fas fa-chevron-up\"><\/div>\r\n        <div class=\"accordion-icons left accordion-minus fa fas fa-chevron-down\"><\/div>\r\n        <div id=\"header-text-1543169758145\"    class=\"accordions-head-title\">Theatres Do Not Attract Donors<\/div>\r\n    <\/div><div class=\"accordion-content content1543169758145\">\r\n    <p><a href=\"https:\/\/www.lidovky.cz\/noviny\/divadla-sponzory-nelakaji.A070929_000062_ln_noviny_sko\" target=\"_blank\" rel=\"noopener\">\u0160karabelov\u00e1, Simona. \u201eDivadla sponzory nel\u00e1kaj\u00ed.\u201c In\u00a0<em>Lidov\u00e9 Noviny\u00a0\u2013 rozhovor. 1.\u00a0Vyd. Brno: Lidov\u00e9 noviny, 29.\u00a09.\u00a0<\/em>2007, s. 7.<\/a><\/p>\n<\/div>    <div post_id=\"867\" header_id=\"header-1543169758584\" id=\"header-1543169758584\" style=\"\" class=\"accordions-head head1543169758584\"  >\r\n        <div class=\"accordion-icons left accordion-plus fa fas fa-chevron-up\"><\/div>\r\n        <div class=\"accordion-icons left accordion-minus fa fas fa-chevron-down\"><\/div>\r\n        <div id=\"header-text-1543169758584\"    class=\"accordions-head-title\">NGOs, Education, and Their Financing<\/div>\r\n    <\/div><div class=\"accordion-content content1543169758584\">\r\n    <p>Hladk\u00e1, Marie. \u201eNeziskovky, vzd\u011bl\u00e1v\u00e1n\u00ed a jejich financov\u00e1n\u00ed.\u201c\u00a0<em>Grantis<\/em>, 2007, ro\u010d. XV, \u010d. 7\u20138, s.\u00a025\u201326.<\/p>\n<\/div>    <div post_id=\"867\" header_id=\"header-1543169758950\" id=\"header-1543169758950\" style=\"\" class=\"accordions-head head1543169758950\"  >\r\n        <div class=\"accordion-icons left accordion-plus fa fas fa-chevron-up\"><\/div>\r\n        <div class=\"accordion-icons left accordion-minus fa fas fa-chevron-down\"><\/div>\r\n        <div id=\"header-text-1543169758950\"    class=\"accordions-head-title\">Funding Non-Profit Organisations: Analysis of Non-Governmental Non-Profit Organisation Financing from Selected Public Budgets in 2005<\/div>\r\n    <\/div><div class=\"accordion-content content1543169758950\">\r\n    <p>Prouzov\u00e1, Zuzana. \u201eFinancov\u00e1n\u00ed neziskovek: Rozbor financov\u00e1n\u00ed nest\u00e1tn\u00edch neziskov\u00fdch organizac\u00ed z\u00a0vybran\u00fdch ve\u0159ejn\u00fdch rozpo\u010dt\u016f v\u00a0roce 2005.\u201c\u00a0<em>Grantis<\/em>, 2007, ro\u010d. XV, \u010d. 6, s.\u00a016\u201317.<\/p>\n<\/div>    <div post_id=\"867\" header_id=\"header-1543169759346\" id=\"header-1543169759346\" style=\"\" class=\"accordions-head head1543169759346\"  >\r\n        <div class=\"accordion-icons left accordion-plus fa fas fa-chevron-up\"><\/div>\r\n        <div class=\"accordion-icons left accordion-minus fa fas fa-chevron-down\"><\/div>\r\n        <div id=\"header-text-1543169759346\"    class=\"accordions-head-title\">Do Non-Profit Organisations Have Nothing to Say on Taxes?<\/div>\r\n    <\/div><div class=\"accordion-content content1543169759346\">\r\n    <p>Hladk\u00e1, Marie. \u201eNeziskovky nemaj\u00ed k\u00a0dan\u00edm co \u0159\u00edci?\u201c\u00a0<em>Grantis<\/em>, 2007, ro\u010d. XV, \u010d. 4, s.\u00a08.<\/p>\n<\/div>    <div post_id=\"867\" header_id=\"header-1543169759804\" id=\"header-1543169759804\" style=\"\" class=\"accordions-head head1543169759804\"  >\r\n        <div class=\"accordion-icons left accordion-plus fa fas fa-chevron-up\"><\/div>\r\n        <div class=\"accordion-icons left accordion-minus fa fas fa-chevron-down\"><\/div>\r\n        <div id=\"header-text-1543169759804\"    class=\"accordions-head-title\">Discussing Transparency? Let\u2019s Clarify the Terms First!<\/div>\r\n    <\/div><div class=\"accordion-content content1543169759804\">\r\n    <p>Posp\u00ed\u0161il, Miroslav. \u201eDiskuse o\u00a0transparentnosti? Nejprve si vyjasn\u011bme pojmy!\u201c\u00a0<em>Grantis<\/em>, 2007, ro\u010d. XV, \u010d. 2, s.\u00a015.<\/p>\n<\/div>    <div post_id=\"867\" header_id=\"header-1543169760200\" id=\"header-1543169760200\" style=\"\" class=\"accordions-head head1543169760200\"  >\r\n        <div class=\"accordion-icons left accordion-plus fa fas fa-chevron-up\"><\/div>\r\n        <div class=\"accordion-icons left accordion-minus fa fas fa-chevron-down\"><\/div>\r\n        <div id=\"header-text-1543169760200\"    class=\"accordions-head-title\">Non-Profit Organisations in Education<\/div>\r\n    <\/div><div class=\"accordion-content content1543169760200\">\r\n    <p>Prouzov\u00e1, Zuzana. \u201eNeziskovky ve vzd\u011bl\u00e1v\u00e1n\u00ed.\u201c\u00a0<em>Grantis,<\/em>\u00a02007, ro\u010d. XV, \u010d. 1, s.\u00a015\u201316.<\/p>\n<\/div>    <div post_id=\"867\" header_id=\"header-1543169761102\" id=\"header-1543169761102\" style=\"\" class=\"accordions-head head1543169761102\"  >\r\n        <div class=\"accordion-icons left accordion-plus fa fas fa-chevron-up\"><\/div>\r\n        <div class=\"accordion-icons left accordion-minus fa fas fa-chevron-down\"><\/div>\r\n        <div id=\"header-text-1543169761102\"    class=\"accordions-head-title\">Analysis of the Financing of NGOs from Selected Public Budgets in 2005<\/div>\r\n    <\/div><div class=\"accordion-content content1543169761102\">\r\n    <p><a href=\"http:\/\/www.vlada.cz\/assets\/ppov\/rnno\/aktuality\/rozbor_2005_pro_web.pdf\" target=\"_blank\" rel=\"noopener\">Prouzov\u00e1, Zuzana.\u00a0<em>Rozbor financov\u00e1n\u00ed nest\u00e1tn\u00edch neziskov\u00fdch organizac\u00ed z\u00a0vybran\u00fdch ve\u0159ejn\u00fdch rozpo\u010dt\u016f v\u00a0roce 2005\u00a0<\/em>[online]. Vl\u00e1da \u010cR,\u00a02007.<\/a><\/p>\n<p><em>Rozbor financov\u00e1n\u00ed NNO z\u00a0ve\u0159ejn\u00fdch rozpo\u010dt\u016f v\u00a0roce 2005\u00a0byl p\u0159ijat Usnesen\u00edm Vl\u00e1dy \u010cR ze dne 3.\u00a0ledna 2007\u00a0\u010d.\u00a05.<\/em><\/p>\n<\/div>    <div post_id=\"867\" header_id=\"header-1543169761477\" id=\"header-1543169761477\" style=\"\" class=\"accordions-head head1543169761477\"  >\r\n        <div class=\"accordion-icons left accordion-plus fa fas fa-chevron-up\"><\/div>\r\n        <div class=\"accordion-icons left accordion-minus fa fas fa-chevron-down\"><\/div>\r\n        <div id=\"header-text-1543169761477\"    class=\"accordions-head-title\">Dialectics of Revolt: Transformations of the Concept of Social Movements in the Political Theory of the Frankfurt School<\/div>\r\n    <\/div><div class=\"accordion-content content1543169761477\">\r\n    <p>NAVR\u00c1TIL, Ji\u0159\u00ed. Dialektika vzpoury. Prom\u011bny konceptu soci\u00e1ln\u00edch hnut\u00ed v\u00a0politick\u00e9 teorii Frankfurtsk\u00e9 \u0161koly.\u00a0<em>Politologick\u00fd \u010dasopis<\/em>, Brno: Mezin\u00e1rodn\u00ed politologick\u00fd \u00fastav, 2007, ro\u010d.\u00a014, \u010d.\u00a04, s.\u00a0321\u2013335. ISSN\u00a01211\u20133247.<\/p>\n<\/div>    <div post_id=\"867\" header_id=\"header-1543169761922\" id=\"header-1543169761922\" style=\"\" class=\"accordions-head head1543169761922\"  >\r\n        <div class=\"accordion-icons left accordion-plus fa fas fa-chevron-up\"><\/div>\r\n        <div class=\"accordion-icons left accordion-minus fa fas fa-chevron-down\"><\/div>\r\n        <div id=\"header-text-1543169761922\"    class=\"accordions-head-title\">The Cleavage Concept in the Context of Collective Mobilization<\/div>\r\n    <\/div><div class=\"accordion-content content1543169761922\">\r\n    <p>NAVR\u00c1TIL, Ji\u0159\u00ed. Koncept cleavages v\u00a0kontextu kolektivn\u00ed mobilizace.\u00a0<em>Politologick\u00fd \u010dasopis<\/em>, Brno: Mezin\u00e1rodn\u00ed politologick\u00fd \u00fastav, 2007, ro\u010d.\u00a014, \u010d.\u00a03, s.\u00a0247\u2013259. ISSN\u00a01211\u20133247.<\/p>\n<\/div>    <div post_id=\"867\" header_id=\"header-1543169762414\" id=\"header-1543169762414\" style=\"\" class=\"accordions-head head1543169762414\"  >\r\n        <div class=\"accordion-icons left accordion-plus fa fas fa-chevron-up\"><\/div>\r\n        <div class=\"accordion-icons left accordion-minus fa fas fa-chevron-down\"><\/div>\r\n        <div id=\"header-text-1543169762414\"    class=\"accordions-head-title\">Issues Related to the Provision of Public Services: proceedings of the international scientific conference organised by the Department of Public Economics of the Faculty of Economics and Administration<\/div>\r\n    <\/div><div class=\"accordion-content content1543169762414\">\r\n    <p>\u0160karabelov\u00e1, Simona (ed.).\u00a0<em>Proble\u00admatika zabezpe\u010dov\u00e1n\u00ed ve\u0159ejn\u00fdch slu\u017eeb: Sborn\u00edk z\u00a0mezin\u00e1rodn\u00ed v\u011bdeck\u00e9 konference po\u0159\u00e1dan\u00e9 Katedrou ve\u0159ejn\u00e9 ekonomie ESF MU a CVNS.<\/em>\u00a01.\u00a0vyd. Brno: Tribun EU, 2007, 182\u00a0s. ISBN 978\u201380\u20137399\u2013030\u20135.<\/p>\n<p><em>Sborn\u00edk konference konan\u00e9 u\u00a0p\u0159\u00edle\u017eitosti ukon\u010den\u00ed t\u0159\u00edlet\u00e9ho v\u00fdzkumn\u00e9ho \u00fakolu GA \u010cR \u201ePod\u00edl NNO na poskytov\u00e1n\u00ed ve\u0159ejn\u00fdch slu\u017eeb\u201c.<\/em><\/p>\n<\/div>\r\n\t<\/div>\r\n<\/div>\r\n\t\t<link rel=\"stylesheet\" type=\"text\/css\" media=\"all\" href=\"https:\/\/cvns.econ.muni.cz\/wp-content\/plugins\/accordions\/assets\/frontend\/css\/jquery-ui.css?ver=20181018\"\/>\r\n<link rel=\"stylesheet\" type=\"text\/css\" media=\"all\" href=\"https:\/\/cvns.econ.muni.cz\/wp-content\/plugins\/accordions\/assets\/global\/css\/themes.style.css?ver=20181018\"\/>\r\n<link rel=\"stylesheet\" type=\"text\/css\" media=\"all\" href=\"https:\/\/cvns.econ.muni.cz\/wp-content\/plugins\/accordions\/assets\/global\/css\/fontawesome.min.css?ver=20181018\"\/><\/p><\/div>\n\t\t\t\t\t\t\t\t\t<div class=\"elementor-tab-title elementor-tab-mobile-title\" data-tab=\"13\" role=\"tab\">2006<\/div>\n\t\t\t\t\t<div id=\"elementor-tab-content-25513\" class=\"elementor-tab-content elementor-clearfix\" data-tab=\"13\" role=\"tabpanel\" aria-labelledby=\"elementor-tab-title-25513\"><p>    <script>\r\n        jQuery(document).ready(function($){\r\n            wizard_accordion  = $(\"#accordions-866.accordions .items\").accordion({\r\n                event: \"click\",\r\n                collapsible:true,\r\n                heightStyle: \"content\",\r\n                animate: (\"swing\", 1000),\r\n                navigation: true,\r\n                active: 99999,\r\n                            });\r\n        })<\/script>\r\n    <style type='text\/css'>\r\n#accordions-866 {\r\n    text-align: left;\r\n}\r\n#accordions-866{\r\n    background:#ffffff url() repeat scroll 0 0;\r\n    padding: 0;\r\n}\r\n#accordions-866 .accordions-head{\r\n    background:rgba(255,255,255, 1) none repeat scroll 0 0;\r\n    margin:1px;\r\n    padding:10px;\r\n}\r\n#accordions-866 .accordions-head-title{\r\n    color:#0000dc;\r\n    font-size:14px;\r\n    font-family:;\r\n}\r\n#accordions-866 .accordions-head-title-toogle{\r\n    color:#0000dc;\r\n    font-size:14px;\r\n}\r\n#accordions-866 .accordions-head:hover .accordions-head-title{\r\n    color:#0000dc;\r\n}\r\n#accordions-866 .ui-state-active{\r\n    background: #afafaf;\r\n}\r\n#accordions-866 .accordion-content{\r\n    background:rgba(255,255,255,1) none repeat scroll 0 0;\r\n    color:#333333;\r\n    font-size:13px;\r\n    font-family:;\r\n    margin:0;\r\n    padding:10px;\r\n}\r\n#accordions-866 .accordion-icons{\r\n    color:#565656;\r\n    font-size:16px;\r\n}\r\n#accordions-866 .accordions-head:hover .accordion-icons{\r\n    color:#999;\r\n}\r\n<\/style>\r\n<div id=\"accordions-866\" class=\"accordions accordions-themes flat accordions-866\">\r\n<div class=\"top-navs\">\r\n<\/div>\r\n\t<div class=\"items\">\r\n\t    <div post_id=\"866\" header_id=\"header-1543170781865\" id=\"header-1543170781865\" style=\"\" class=\"accordions-head head1543170781865\"  >\r\n        <div class=\"accordion-icons left accordion-plus fa fas fa-chevron-up\"><\/div>\r\n        <div class=\"accordion-icons left accordion-minus fa fas fa-chevron-down\"><\/div>\r\n        <div id=\"header-text-1543170781865\"    class=\"accordions-head-title\">conomic Results of Non-Profit Organisations in the Field of Education in 2005<\/div>\r\n    <\/div><div class=\"accordion-content content1543170781865\">\r\n    <p><a href=\"http:\/\/cvns.econ.muni.cz\/en\/wp-content\/uploads\/2019\/12\/Ekonomicke-vysledky-NO-ED-2005.pdf\/\" target=\"_blank\" rel=\"noopener\">Prouzov\u00e1, Zuzana.\u00a0<em>Ekonomick\u00e9 v\u00fdsledky neziskov\u00fdch organizac\u00ed v\u00a0oblasti vzd\u011bl\u00e1v\u00e1n\u00ed v\u00a0roce 2005<\/em>. 1.\u00a0vyd. Brno: CVNS, 2006, 24\u00a0s. ISBN 80\u2013239\u20138448\u20139.<\/a><\/p>\n<\/div>    <div post_id=\"866\" header_id=\"header-1543170782158\" id=\"header-1543170782158\" style=\"\" class=\"accordions-head head1543170782158\"  >\r\n        <div class=\"accordion-icons left accordion-plus fa fas fa-chevron-up\"><\/div>\r\n        <div class=\"accordion-icons left accordion-minus fa fas fa-chevron-down\"><\/div>\r\n        <div id=\"header-text-1543170782158\"    class=\"accordions-head-title\">Economic Results of Church Groups in 2004<\/div>\r\n    <\/div><div class=\"accordion-content content1543170782158\">\r\n    <p><a href=\"http:\/\/cvns.econ.muni.cz\/en\/wp-content\/uploads\/2019\/12\/Ekonomicke_vysledky_cirkevnich_subjektu-2004.pdf\/\" target=\"_blank\" rel=\"noopener\">Rosenmayer, Tom\u00e1\u0161.\u00a0<em>Ekonomick\u00e9 v\u00fdsledky c\u00edrkevn\u00edch subjekt\u016f v\u00a0roce 2004.<\/em>\u00a01.\u00a0vyd. Brno: CVNS, 2006, 16\u00a0s. ISBN 80\u2013239\u20137786\u20135.<\/a><\/p>\n<\/div>    <div post_id=\"866\" header_id=\"header-1543170782452\" id=\"header-1543170782452\" style=\"\" class=\"accordions-head head1543170782452\"  >\r\n        <div class=\"accordion-icons left accordion-plus fa fas fa-chevron-up\"><\/div>\r\n        <div class=\"accordion-icons left accordion-minus fa fas fa-chevron-down\"><\/div>\r\n        <div id=\"header-text-1543170782452\"    class=\"accordions-head-title\">Economic Results of Civic Associations in 2004<\/div>\r\n    <\/div><div class=\"accordion-content content1543170782452\">\r\n    <p>Rosenmayer, Tom\u00e1\u0161.\u00a0<em>Ekonomick\u00e9 v\u00fdsledky ob\u010dansk\u00fdch sdru\u017een\u00ed v\u00a0roce 2004.\u00a0<\/em>1.\u00a0vyd. Brno: CVNS, 2006, 24\u00a0s. ISBN 80\u2013239\u20137670\u20132.<\/p>\n<\/div>    <div post_id=\"866\" header_id=\"header-1543170782889\" id=\"header-1543170782889\" style=\"\" class=\"accordions-head head1543170782889\"  >\r\n        <div class=\"accordion-icons left accordion-plus fa fas fa-chevron-up\"><\/div>\r\n        <div class=\"accordion-icons left accordion-minus fa fas fa-chevron-down\"><\/div>\r\n        <div id=\"header-text-1543170782889\"    class=\"accordions-head-title\">Economic Results of Political Parties and Movements in 2004<\/div>\r\n    <\/div><div class=\"accordion-content content1543170782889\">\r\n    <p><a href=\"http:\/\/cvns.econ.muni.cz\/en\/wp-content\/uploads\/2019\/12\/Ekonomicke_vysledky_PSH_2004.pdf\/\" target=\"_blank\" rel=\"noopener\">Pavl\u00edk, Marek a Rosenmayer, Tom\u00e1\u0161.\u00a0<em>Ekonomick\u00e9 v\u00fdsledky politick\u00fdch stran a hnut\u00ed v\u00a0roce 2004.<\/em>\u00a01.\u00a0vyd. Brno: CVNS, 2006, 24\u00a0s. ISBN 80\u2013239\u20136975\u20137.<\/a><\/p>\n<\/div>    <div post_id=\"866\" header_id=\"header-1543170783154\" id=\"header-1543170783154\" style=\"\" class=\"accordions-head head1543170783154\"  >\r\n        <div class=\"accordion-icons left accordion-plus fa fas fa-chevron-up\"><\/div>\r\n        <div class=\"accordion-icons left accordion-minus fa fas fa-chevron-down\"><\/div>\r\n        <div id=\"header-text-1543170783154\"    class=\"accordions-head-title\">Financial Management of Church Groups<\/div>\r\n    <\/div><div class=\"accordion-content content1543170783154\">\r\n    <p>Rosenmayer, Tom\u00e1\u0161. \u201eHospoda\u0159en\u00ed c\u00edrkevn\u00edch subjekt\u016f. \u201c\u00a0<em>Grantis,<\/em>\u00a02006, ro\u010d. XIV, \u010d. 12, s.\u00a014.<\/p>\n<\/div>    <div post_id=\"866\" header_id=\"header-1543170783475\" id=\"header-1543170783475\" style=\"\" class=\"accordions-head head1543170783475\"  >\r\n        <div class=\"accordion-icons left accordion-plus fa fas fa-chevron-up\"><\/div>\r\n        <div class=\"accordion-icons left accordion-minus fa fas fa-chevron-down\"><\/div>\r\n        <div id=\"header-text-1543170783475\"    class=\"accordions-head-title\">Economics of Civic Associations, Part 2<\/div>\r\n    <\/div><div class=\"accordion-content content1543170783475\">\r\n    <p>Rosenmayer, Tom\u00e1\u0161. \u201eEkonomika ob\u010dansk\u00fdch sdru\u017een\u00ed, 2.\u00a0\u010d\u00e1st.\u201c\u00a0<em>Grantis,<\/em>\u00a02006, ro\u010d. XIV, \u010d. 11, s.\u00a06\u20137.<\/p>\n<\/div>    <div post_id=\"866\" header_id=\"header-1543170783721\" id=\"header-1543170783721\" style=\"\" class=\"accordions-head head1543170783721\"  >\r\n        <div class=\"accordion-icons left accordion-plus fa fas fa-chevron-up\"><\/div>\r\n        <div class=\"accordion-icons left accordion-minus fa fas fa-chevron-down\"><\/div>\r\n        <div id=\"header-text-1543170783721\"    class=\"accordions-head-title\">Economics of Civic Associations, Part 1<\/div>\r\n    <\/div><div class=\"accordion-content content1543170783721\">\r\n    <p>Rosenmayer, Tom\u00e1\u0161. \u201eEkonomika ob\u010dansk\u00fdch sdru\u017een\u00ed, 1.\u00a0\u010d\u00e1st.\u201c\u00a0<em>Grantis,<\/em>\u00a02006, ro\u010d. XIV, \u010d. 10, s.\u00a08\u20139.<\/p>\n<\/div>    <div post_id=\"866\" header_id=\"header-1543170783991\" id=\"header-1543170783991\" style=\"\" class=\"accordions-head head1543170783991\"  >\r\n        <div class=\"accordion-icons left accordion-plus fa fas fa-chevron-up\"><\/div>\r\n        <div class=\"accordion-icons left accordion-minus fa fas fa-chevron-down\"><\/div>\r\n        <div id=\"header-text-1543170783991\"    class=\"accordions-head-title\">Mapping the Czech Nonprofit Sector<\/div>\r\n    <\/div><div class=\"accordion-content content1543170783991\">\r\n    <div class=\"book\">\n<p>Posp\u00ed\u0161il, Miroslav. \u201eMapping the Czech Nonprofit Sector.\u201c\u00a0<em>Civil Review<\/em>, 2006, vol. 3, No. 3\u20134, p. 233\u2013244.<\/p>\n<\/div>\n<\/div>    <div post_id=\"866\" header_id=\"header-1543170784292\" id=\"header-1543170784292\" style=\"\" class=\"accordions-head head1543170784292\"  >\r\n        <div class=\"accordion-icons left accordion-plus fa fas fa-chevron-up\"><\/div>\r\n        <div class=\"accordion-icons left accordion-minus fa fas fa-chevron-down\"><\/div>\r\n        <div id=\"header-text-1543170784292\"    class=\"accordions-head-title\">Taxes Are Difficult Even for Non-Profits<\/div>\r\n    <\/div><div class=\"accordion-content content1543170784292\">\r\n    <p>Rosenmayer, Tom\u00e1\u0161. \u201eDan\u011b tr\u00e1p\u00ed i\u00a0neziskovky.\u201c\u00a0<em>Grantis<\/em>, 2006, ro\u010d. XIV, \u010d. 6, s.\u00a06\u20137.<\/p>\n<\/div>    <div post_id=\"866\" header_id=\"header-1543170784590\" id=\"header-1543170784590\" style=\"\" class=\"accordions-head head1543170784590\"  >\r\n        <div class=\"accordion-icons left accordion-plus fa fas fa-chevron-up\"><\/div>\r\n        <div class=\"accordion-icons left accordion-minus fa fas fa-chevron-down\"><\/div>\r\n        <div id=\"header-text-1543170784590\"    class=\"accordions-head-title\">A Probe into the Non-Profit Sector in Vy\u0161kov<\/div>\r\n    <\/div><div class=\"accordion-content content1543170784590\">\r\n    <p>\u0158e\u017euchov\u00e1, Mark\u00e9ta. \u201eSonda do neziskov\u00e9ho sektoru m\u011bsta Vy\u0161kov.\u201c\u00a0<em>Grantis<\/em>, 2006, ro\u010d. XIV, \u010d. 5, s.\u00a08\u20139.<\/p>\n<\/div>    <div post_id=\"866\" header_id=\"header-1543170784886\" id=\"header-1543170784886\" style=\"\" class=\"accordions-head head1543170784886\"  >\r\n        <div class=\"accordion-icons left accordion-plus fa fas fa-chevron-up\"><\/div>\r\n        <div class=\"accordion-icons left accordion-minus fa fas fa-chevron-down\"><\/div>\r\n        <div id=\"header-text-1543170784886\"    class=\"accordions-head-title\">Nonprofits and Public Services<\/div>\r\n    <\/div><div class=\"accordion-content content1543170784886\">\r\n    <p>Prouzov\u00e1, Zuzana. \u201eNeziskovky a ve\u0159ejn\u00e9 slu\u017eby.\u201c\u00a0<em>Grantis,<\/em>\u00a02006, ro\u010d. XIV, \u010d. 4, s.\u00a07\u20138.<\/p>\n<\/div>    <div post_id=\"866\" header_id=\"header-1543170785168\" id=\"header-1543170785168\" style=\"\" class=\"accordions-head head1543170785168\"  >\r\n        <div class=\"accordion-icons left accordion-plus fa fas fa-chevron-up\"><\/div>\r\n        <div class=\"accordion-icons left accordion-minus fa fas fa-chevron-down\"><\/div>\r\n        <div id=\"header-text-1543170785168\"    class=\"accordions-head-title\">Finances of NGOs in 2004<\/div>\r\n    <\/div><div class=\"accordion-content content1543170785168\">\r\n    <p>Rosenmayer, Tom\u00e1\u0161. \u201eFinance NNO v\u00a0roce 2004.\u201c\u00a0<em>Grantis,<\/em>\u00a02006, ro\u010d. XIV, \u010d. 2, s.\u00a06\u20137.<\/p>\n<\/div>    <div post_id=\"866\" header_id=\"header-1543170785501\" id=\"header-1543170785501\" style=\"\" class=\"accordions-head head1543170785501\"  >\r\n        <div class=\"accordion-icons left accordion-plus fa fas fa-chevron-up\"><\/div>\r\n        <div class=\"accordion-icons left accordion-minus fa fas fa-chevron-down\"><\/div>\r\n        <div id=\"header-text-1543170785501\"    class=\"accordions-head-title\">What Satellite Accounts Have Created<\/div>\r\n    <\/div><div class=\"accordion-content content1543170785501\">\r\n    <p>Rosenmayer, Tom\u00e1\u0161. \u201eCo p\u0159inesl satelitn\u00ed \u00fa\u010det.\u201c\u00a0<em>Grantis<\/em>, 2006, ro\u010d. XIV, \u010d. 1, s.\u00a04\u20135.<\/p>\n<\/div>    <div post_id=\"866\" header_id=\"header-1543170785777\" id=\"header-1543170785777\" style=\"\" class=\"accordions-head head1543170785777\"  >\r\n        <div class=\"accordion-icons left accordion-plus fa fas fa-chevron-up\"><\/div>\r\n        <div class=\"accordion-icons left accordion-minus fa fas fa-chevron-down\"><\/div>\r\n        <div id=\"header-text-1543170785777\"    class=\"accordions-head-title\">Analysis of the Provisions Concerning the Annual Reports of Non-Profit Organisations in the Current Legal Regulations<\/div>\r\n    <\/div><div class=\"accordion-content content1543170785777\">\r\n    <p>Adamec, Ji\u0159\u00ed, Rosenmayer, Tom\u00e1\u0161 a R\u016f\u017ei\u010dkov\u00e1, R\u016f\u017eena.\u00a0<em>Rozbor ustanoven\u00ed t\u00fdkaj\u00edc\u00edch se v\u00fdro\u010dn\u00edch zpr\u00e1v neziskov\u00fdch organizac\u00ed v\u00a0sou\u010dasn\u00fdch pr\u00e1vn\u00edch p\u0159edpisech<\/em>.<\/p>\n<\/div>    <div post_id=\"866\" header_id=\"header-1543170786052\" id=\"header-1543170786052\" style=\"\" class=\"accordions-head head1543170786052\"  >\r\n        <div class=\"accordion-icons left accordion-plus fa fas fa-chevron-up\"><\/div>\r\n        <div class=\"accordion-icons left accordion-minus fa fas fa-chevron-down\"><\/div>\r\n        <div id=\"header-text-1543170786052\"    class=\"accordions-head-title\">The Share of Non-Profit Organisations in Sectoral Statistics in 2004<\/div>\r\n    <\/div><div class=\"accordion-content content1543170786052\">\r\n    <p>Prouzov\u00e1, Zuzana.<em>\u00a0Pod\u00edl neziskov\u00fdch organizac\u00ed v\u00a0odv\u011btvov\u00fdch statistik\u00e1ch v\u00a0roce 2004<\/em>.<\/p>\n<\/div>    <div post_id=\"866\" header_id=\"header-1543170786344\" id=\"header-1543170786344\" style=\"\" class=\"accordions-head head1543170786344\"  >\r\n        <div class=\"accordion-icons left accordion-plus fa fas fa-chevron-up\"><\/div>\r\n        <div class=\"accordion-icons left accordion-minus fa fas fa-chevron-down\"><\/div>\r\n        <div id=\"header-text-1543170786344\"    class=\"accordions-head-title\">Analysis of the Financing of NGOs from Selected Public Budgets in 2004<\/div>\r\n    <\/div><div class=\"accordion-content content1543170786344\">\r\n    <p><a href=\"http:\/\/www.vlada.cz\/assets\/ppov\/rnno\/aktuality\/rozbor_2004_pro_web.pdf\" target=\"_blank\" rel=\"noopener\">Rosenmayer, Tom\u00e1\u0161.\u00a0<em>Rozbor financov\u00e1n\u00ed nest\u00e1tn\u00edch neziskov\u00fdch organizac\u00ed z\u00a0vybran\u00fdch ve\u0159ejn\u00fdch rozpo\u010dt\u016f v\u00a0roce 2004\u00a0<\/em>[online]. Vl\u00e1da \u010cR,\u00a02006.<\/a><\/p>\n<p><em>Rozbor financov\u00e1n\u00ed NNO z\u00a0ve\u0159ejn\u00fdch rozpo\u010dt\u016f v\u00a0roce 2004\u00a0byl p\u0159ijat Usnesen\u00edm Vl\u00e1dy \u010cR ze dne 14.\u00a0prosince 2005\u00a0\u010d.\u00a01619.<\/em><\/p>\n<\/div>    <div post_id=\"866\" header_id=\"header-1543170786675\" id=\"header-1543170786675\" style=\"\" class=\"accordions-head head1543170786675\"  >\r\n        <div class=\"accordion-icons left accordion-plus fa fas fa-chevron-up\"><\/div>\r\n        <div class=\"accordion-icons left accordion-minus fa fas fa-chevron-down\"><\/div>\r\n        <div id=\"header-text-1543170786675\"    class=\"accordions-head-title\">The Concept of Non-Profit Organisations Publishing Annual Reports<\/div>\r\n    <\/div><div class=\"accordion-content content1543170786675\">\r\n    <p>CVNS.<em>\u00a0The Concept of Non-Profit Organisations Publishing Annual Reports<\/em>.<\/p>\n<\/div>    <div post_id=\"866\" header_id=\"header-1543170787062\" id=\"header-1543170787062\" style=\"\" class=\"accordions-head head1543170787062\"  >\r\n        <div class=\"accordion-icons left accordion-plus fa fas fa-chevron-up\"><\/div>\r\n        <div class=\"accordion-icons left accordion-minus fa fas fa-chevron-down\"><\/div>\r\n        <div id=\"header-text-1543170787062\"    class=\"accordions-head-title\">Proposed Amendment to the Taxation of Non-Profit Organisation Incomes<\/div>\r\n    <\/div><div class=\"accordion-content content1543170787062\">\r\n    <p>CVNS.<em>\u00a0N\u00e1vrh \u00fapravy zda\u0148ov\u00e1n\u00ed p\u0159\u00edjm\u016f neziskov\u00fdch organizac\u00ed.<\/em><\/p>\n<\/div>    <div post_id=\"866\" header_id=\"header-1543170787470\" id=\"header-1543170787470\" style=\"\" class=\"accordions-head head1543170787470\"  >\r\n        <div class=\"accordion-icons left accordion-plus fa fas fa-chevron-up\"><\/div>\r\n        <div class=\"accordion-icons left accordion-minus fa fas fa-chevron-down\"><\/div>\r\n        <div id=\"header-text-1543170787470\"    class=\"accordions-head-title\">The Welfare State and Corporate Social Responsibility<\/div>\r\n    <\/div><div class=\"accordion-content content1543170787470\">\r\n    <p>\u0160KARABELOV\u00c1, Simona. Soci\u00e1ln\u00ed st\u00e1t a spole\u010densk\u00e1 odpov\u011bdnost firem. In Soci\u00e1ln\u00ed ekonomika a soci\u00e1ln\u00ed podnik jako n\u00e1stroj ve\u0159ejn\u00fdch politik. 1.\u00a0vyd. \u00dast\u00ed nad Labem: UJEP, 2006.\u00a0s.\u00a056\u201359, 4\u00a0s. ISBN\u00a080\u20137044\u2013819\u20139.<\/p>\n<\/div>\r\n\t<\/div>\r\n<\/div>\r\n\t\t<link rel=\"stylesheet\" type=\"text\/css\" media=\"all\" href=\"https:\/\/cvns.econ.muni.cz\/wp-content\/plugins\/accordions\/assets\/frontend\/css\/jquery-ui.css?ver=20181018\"\/>\r\n<link rel=\"stylesheet\" type=\"text\/css\" media=\"all\" href=\"https:\/\/cvns.econ.muni.cz\/wp-content\/plugins\/accordions\/assets\/global\/css\/themes.style.css?ver=20181018\"\/>\r\n<link rel=\"stylesheet\" type=\"text\/css\" media=\"all\" href=\"https:\/\/cvns.econ.muni.cz\/wp-content\/plugins\/accordions\/assets\/global\/css\/fontawesome.min.css?ver=20181018\"\/><\/p><\/div>\n\t\t\t\t\t\t\t\t\t<div class=\"elementor-tab-title elementor-tab-mobile-title\" data-tab=\"14\" role=\"tab\">2005<\/div>\n\t\t\t\t\t<div id=\"elementor-tab-content-25514\" class=\"elementor-tab-content elementor-clearfix\" data-tab=\"14\" role=\"tabpanel\" aria-labelledby=\"elementor-tab-title-25514\"><p>    <script>\r\n        jQuery(document).ready(function($){\r\n            wizard_accordion  = $(\"#accordions-865.accordions .items\").accordion({\r\n                event: \"click\",\r\n                collapsible:true,\r\n                heightStyle: \"content\",\r\n                animate: (\"swing\", 1000),\r\n                navigation: true,\r\n                active: 99999,\r\n                            });\r\n        })<\/script>\r\n    <style type='text\/css'>\r\n#accordions-865 {\r\n    text-align: left;\r\n}\r\n#accordions-865{\r\n    background:#ffffff url() repeat scroll 0 0;\r\n    padding: 0;\r\n}\r\n#accordions-865 .accordions-head{\r\n    background:rgba(255,255,255, 1) none repeat scroll 0 0;\r\n    margin:1px;\r\n    padding:10px;\r\n}\r\n#accordions-865 .accordions-head-title{\r\n    color:#0000dc;\r\n    font-size:14px;\r\n    font-family:;\r\n}\r\n#accordions-865 .accordions-head-title-toogle{\r\n    color:#0000dc;\r\n    font-size:14px;\r\n}\r\n#accordions-865 .accordions-head:hover .accordions-head-title{\r\n    color:#0000dc;\r\n}\r\n#accordions-865 .ui-state-active{\r\n    background: #afafaf;\r\n}\r\n#accordions-865 .accordion-content{\r\n    background:rgba(255,255,255,1) none repeat scroll 0 0;\r\n    color:#333333;\r\n    font-size:13px;\r\n    font-family:;\r\n    margin:0;\r\n    padding:10px;\r\n}\r\n#accordions-865 .accordion-icons{\r\n    color:#565656;\r\n    font-size:16px;\r\n}\r\n#accordions-865 .accordions-head:hover .accordion-icons{\r\n    color:#999;\r\n}\r\n<\/style>\r\n<div id=\"accordions-865\" class=\"accordions accordions-themes flat accordions-865\">\r\n<div class=\"top-navs\">\r\n<\/div>\r\n\t<div class=\"items\">\r\n\t    <div post_id=\"865\" header_id=\"header-1543179163906\" id=\"header-1543179163906\" style=\"\" class=\"accordions-head head1543179163906\"  >\r\n        <div class=\"accordion-icons left accordion-plus fa fas fa-chevron-up\"><\/div>\r\n        <div class=\"accordion-icons left accordion-minus fa fas fa-chevron-down\"><\/div>\r\n        <div id=\"header-text-1543179163906\"    class=\"accordions-head-title\">Social Economics and NGOs in the Czech Republic<\/div>\r\n    <\/div><div class=\"accordion-content content1543179163906\">\r\n    <p>CVNS.<em>\u00a0Soci\u00e1ln\u00ed ekonomika a NNO v\u00a0\u010cR.\u00a0<\/em>Brno: CVNS,\u00a02005.<\/p>\n<p><em>Dokument byl vypracov\u00e1n pro NROS.<\/em><\/p>\n<\/div>    <div post_id=\"865\" header_id=\"header-1543179164302\" id=\"header-1543179164302\" style=\"\" class=\"accordions-head head1543179164302\"  >\r\n        <div class=\"accordion-icons left accordion-plus fa fas fa-chevron-up\"><\/div>\r\n        <div class=\"accordion-icons left accordion-minus fa fas fa-chevron-down\"><\/div>\r\n        <div id=\"header-text-1543179164302\"    class=\"accordions-head-title\">Analysis of Non-Governmental Non-Profit Organisation Financing from Selected Public Budgets (methods, problems, solutions)<\/div>\r\n    <\/div><div class=\"accordion-content content1543179164302\">\r\n    <p>Hy\u00e1nek, Vladim\u00edr, \u0160karabelov\u00e1, Simona a \u0158e\u017euchov\u00e1, Mark\u00e9ta.\u00a0<em>Rozbor financov\u00e1n\u00ed nest\u00e1tn\u00edch neziskov\u00fdch organizac\u00ed z\u00a0vybran\u00fdch ve\u0159ejn\u00fdch rozpo\u010dt\u016f (metody, probl\u00e9my, \u0159e\u0161en\u00ed).\u00a0<\/em>1.\u00a0vyd. Brno: CVNS, 2005, 40\u00a0s. ISBN 80\u2013239\u20135262\u20135.<\/p>\n<\/div>    <div post_id=\"865\" header_id=\"header-1543179164740\" id=\"header-1543179164740\" style=\"\" class=\"accordions-head head1543179164740\"  >\r\n        <div class=\"accordion-icons left accordion-plus fa fas fa-chevron-up\"><\/div>\r\n        <div class=\"accordion-icons left accordion-minus fa fas fa-chevron-down\"><\/div>\r\n        <div id=\"header-text-1543179164740\"    class=\"accordions-head-title\">Economic Results of Public Benefit Corporations in 2003<\/div>\r\n    <\/div><div class=\"accordion-content content1543179164740\">\r\n    <p><a href=\"http:\/\/cvns.econ.muni.cz\/en\/wp-content\/uploads\/2019\/12\/Ekonomick\u00e9-v\u00fdsledky-OPS.pdf\/\" target=\"_blank\" rel=\"noopener\">Rosenmayer, Tom\u00e1\u0161 a Kujov\u00e1, Irena.\u00a0<em>Ekonomick\u00e9 v\u00fdsledky obecn\u011b prosp\u011b\u0161n\u00fdch spole\u010dnost\u00ed v\u00a0roce 2003.<\/em>1.\u00a0vyd. Brno: CVNS, 2005, 32\u00a0s. ISBN 80\u2013239\u20135047\u20139.<\/a><\/p>\n<\/div>    <div post_id=\"865\" header_id=\"header-1543179165246\" id=\"header-1543179165246\" style=\"\" class=\"accordions-head head1543179165246\"  >\r\n        <div class=\"accordion-icons left accordion-plus fa fas fa-chevron-up\"><\/div>\r\n        <div class=\"accordion-icons left accordion-minus fa fas fa-chevron-down\"><\/div>\r\n        <div id=\"header-text-1543179165246\"    class=\"accordions-head-title\">Economic Results of Political Parties and Movements in 2003<\/div>\r\n    <\/div><div class=\"accordion-content content1543179165246\">\r\n    <p><a href=\"http:\/\/cvns.econ.muni.cz\/en\/wp-content\/uploads\/2019\/12\/Ekonomicke_vysledky_PSH_2003.pdf\/\" target=\"_blank\" rel=\"noopener\">Pavl\u00edk, Marek a Rosenmayer, Tom\u00e1\u0161.\u00a0<em>Ekonomick\u00e9 v\u00fdsledky politick\u00fdch stran a hnut\u00ed v\u00a0roce 2003.<\/em>\u00a01.\u00a0vyd. Brno, CVNS, 20\u00a0s. ISBN 80\u2013239\u20134520\u20133.\u00a0<\/a><\/p>\n<\/div>    <div post_id=\"865\" header_id=\"header-1543179165737\" id=\"header-1543179165737\" style=\"\" class=\"accordions-head head1543179165737\"  >\r\n        <div class=\"accordion-icons left accordion-plus fa fas fa-chevron-up\"><\/div>\r\n        <div class=\"accordion-icons left accordion-minus fa fas fa-chevron-down\"><\/div>\r\n        <div id=\"header-text-1543179165737\"    class=\"accordions-head-title\">Definitions of the Non-Profit Sector: proceedings of the contributions to the on-line discussion held by the Centre for Nonprofit Research<\/div>\r\n    <\/div><div class=\"accordion-content content1543179165737\">\r\n    <p>\u0160karabelov\u00e1, Simona (ed.)\u00a0<em>Definice neziskov\u00e9ho sektoru (Sborn\u00edk p\u0159\u00edsp\u011bvk\u016f z\u00a0internetov\u00e9 diskuse CVNS).<\/em>1.\u00a0vyd. Brno: CVNS, 2005, 52\u00a0s. ISBN 80\u2013239\u20134057\u20130.<\/p>\n<\/div>    <div post_id=\"865\" header_id=\"header-1543179166268\" id=\"header-1543179166268\" style=\"\" class=\"accordions-head head1543179166268\"  >\r\n        <div class=\"accordion-icons left accordion-plus fa fas fa-chevron-up\"><\/div>\r\n        <div class=\"accordion-icons left accordion-minus fa fas fa-chevron-down\"><\/div>\r\n        <div id=\"header-text-1543179166268\"    class=\"accordions-head-title\">Public Benefit Corporations in the Legal System<\/div>\r\n    <\/div><div class=\"accordion-content content1543179166268\">\r\n    <p>Bernardov\u00e1, Daniela a Rosenmayer, Tom\u00e1\u0161. \u201eZav\u00e1d\u011bn\u00ed satelitn\u00edho \u00fa\u010dtu neziskov\u00fdch instituc\u00ed v\u00a0\u010cR.\u201c\u00a0<em>Statistika<\/em>, 2005, ro\u010d. 42, \u010d. 5, s. 426\u2013434.<\/p>\n<\/div>    <div post_id=\"865\" header_id=\"header-1543179166826\" id=\"header-1543179166826\" style=\"\" class=\"accordions-head head1543179166826\"  >\r\n        <div class=\"accordion-icons left accordion-plus fa fas fa-chevron-up\"><\/div>\r\n        <div class=\"accordion-icons left accordion-minus fa fas fa-chevron-down\"><\/div>\r\n        <div id=\"header-text-1543179166826\"    class=\"accordions-head-title\">Introducing Satellite Accounts of Non-Profit Institutions in the Czech Republic<\/div>\r\n    <\/div><div class=\"accordion-content content1543179166826\">\r\n    <p>Rosenmayer, Tom\u00e1\u0161. \u201eOPS v\u00a0pr\u00e1vn\u00edm syst\u00e9mu.\u201c\u00a0<em>Grantis,<\/em>\u00a02005, ro\u010d. XIII, \u010d. 10, s.\u00a04\u20136.<\/p>\n<\/div>    <div post_id=\"865\" header_id=\"header-1543179167311\" id=\"header-1543179167311\" style=\"\" class=\"accordions-head head1543179167311\"  >\r\n        <div class=\"accordion-icons left accordion-plus fa fas fa-chevron-up\"><\/div>\r\n        <div class=\"accordion-icons left accordion-minus fa fas fa-chevron-down\"><\/div>\r\n        <div id=\"header-text-1543179167311\"    class=\"accordions-head-title\">Public Benefit Corporations in the Czech Republic \u2013 research project<\/div>\r\n    <\/div><div class=\"accordion-content content1543179167311\">\r\n    <p>Rosenmayer, Tom\u00e1\u0161. \u201eV\u00fdzkumn\u00fd projekt: Ekonomika obecn\u011b prosp\u011b\u0161n\u00fdch spole\u010dnost\u00ed.\u201c\u00a0<em>Ve\u0159ejn\u00e1 spr\u00e1va<\/em>, 2005, ro\u010d. XVI, \u010d. 39, s.\u00a0I-IV.<\/p>\n<\/div>    <div post_id=\"865\" header_id=\"header-1543179167784\" id=\"header-1543179167784\" style=\"\" class=\"accordions-head head1543179167784\"  >\r\n        <div class=\"accordion-icons left accordion-plus fa fas fa-chevron-up\"><\/div>\r\n        <div class=\"accordion-icons left accordion-minus fa fas fa-chevron-down\"><\/div>\r\n        <div id=\"header-text-1543179167784\"    class=\"accordions-head-title\">Property of Public Benefit Corporations<\/div>\r\n    <\/div><div class=\"accordion-content content1543179167784\">\r\n    <p>ROSENMAYER, Tom\u00e1\u0161. Majetek OPS.\u00a0<em>Grantis,<\/em>\u00a02005, ro\u010d. XIII, \u010d. 9, s.\u00a06\u20138.<\/p>\n<\/div>    <div post_id=\"865\" header_id=\"header-1543179168124\" id=\"header-1543179168124\" style=\"\" class=\"accordions-head head1543179168124\"  >\r\n        <div class=\"accordion-icons left accordion-plus fa fas fa-chevron-up\"><\/div>\r\n        <div class=\"accordion-icons left accordion-minus fa fas fa-chevron-down\"><\/div>\r\n        <div id=\"header-text-1543179168124\"    class=\"accordions-head-title\">How Many Public Benefit Corporations Are Functional?<\/div>\r\n    <\/div><div class=\"accordion-content content1543179168124\">\r\n    <p>Rosenmayer, Tom\u00e1\u0161. Kolik OPS je funk\u010dn\u00edch?\u00a0<em>Gran\u00adtis<\/em>, 2005, ro\u010d. XIII, \u010d. 7\u20138, s.\u00a08\u20139.<\/p>\n<\/div>    <div post_id=\"865\" header_id=\"header-1543179168398\" id=\"header-1543179168398\" style=\"\" class=\"accordions-head head1543179168398\"  >\r\n        <div class=\"accordion-icons left accordion-plus fa fas fa-chevron-up\"><\/div>\r\n        <div class=\"accordion-icons left accordion-minus fa fas fa-chevron-down\"><\/div>\r\n        <div id=\"header-text-1543179168398\"    class=\"accordions-head-title\">Visions of the Foundation Sector<\/div>\r\n    <\/div><div class=\"accordion-content content1543179168398\">\r\n    <p>Posp\u00ed\u0161il, Miroslav a Rosenmayer, Tom\u00e1\u0161. Vize nada\u010dn\u00edho sektoru.\u00a0<em>Grantis<\/em>, 2005, ro\u010d. XIII, \u010d. 4, s.\u00a04\u20136.<\/p>\n<\/div>    <div post_id=\"865\" header_id=\"header-1543179168681\" id=\"header-1543179168681\" style=\"\" class=\"accordions-head head1543179168681\"  >\r\n        <div class=\"accordion-icons left accordion-plus fa fas fa-chevron-up\"><\/div>\r\n        <div class=\"accordion-icons left accordion-minus fa fas fa-chevron-down\"><\/div>\r\n        <div id=\"header-text-1543179168681\"    class=\"accordions-head-title\">Foundation Expenditures<\/div>\r\n    <\/div><div class=\"accordion-content content1543179168681\">\r\n    <p>Rosenmayer, Tom\u00e1\u0161. V\u00fddaje nada\u010dn\u00edch subjekt\u016f.\u00a0<em>Gran\u00adtis<\/em>, 2005, ro\u010d. XIII, \u010d. 3, s.\u00a014\u201315.<\/p>\n<\/div>    <div post_id=\"865\" header_id=\"header-1543179168963\" id=\"header-1543179168963\" style=\"\" class=\"accordions-head head1543179168963\"  >\r\n        <div class=\"accordion-icons left accordion-plus fa fas fa-chevron-up\"><\/div>\r\n        <div class=\"accordion-icons left accordion-minus fa fas fa-chevron-down\"><\/div>\r\n        <div id=\"header-text-1543179168963\"    class=\"accordions-head-title\">Foundation Incomes<\/div>\r\n    <\/div><div class=\"accordion-content content1543179168963\">\r\n    <p>Rosenmayer, Tom\u00e1\u0161. P\u0159\u00edjmy nada\u010dn\u00edch subjekt\u016f.\u00a0<em>Gran\u00adtis<\/em>, 2005, ro\u010d. XIII, \u010d. 2, s.\u00a014\u201315.<\/p>\n<\/div>    <div post_id=\"865\" header_id=\"header-1543179169214\" id=\"header-1543179169214\" style=\"\" class=\"accordions-head head1543179169214\"  >\r\n        <div class=\"accordion-icons left accordion-plus fa fas fa-chevron-up\"><\/div>\r\n        <div class=\"accordion-icons left accordion-minus fa fas fa-chevron-down\"><\/div>\r\n        <div id=\"header-text-1543179169214\"    class=\"accordions-head-title\">Foundation Economics in the Czech Republic \u2013 research project<\/div>\r\n    <\/div><div class=\"accordion-content content1543179169214\">\r\n    <p>ROSENMAYER, Tom\u00e1\u0161. V\u00fdzkumn\u00fd projekt Ekonomika nada\u010dn\u00edch subjekt\u016f v\u00a0\u010cesk\u00e9 republice.\u00a0<em>Ve\u0159ejn\u00e1 spr\u00e1va.\u00a0<\/em>Praha, 2005.\u00a0ro\u010d. XVI, \u010d. 6, s. VI-VIII.<\/p>\n<\/div>    <div post_id=\"865\" header_id=\"header-1543179169504\" id=\"header-1543179169504\" style=\"\" class=\"accordions-head head1543179169504\"  >\r\n        <div class=\"accordion-icons left accordion-plus fa fas fa-chevron-up\"><\/div>\r\n        <div class=\"accordion-icons left accordion-minus fa fas fa-chevron-down\"><\/div>\r\n        <div id=\"header-text-1543179169504\"    class=\"accordions-head-title\">Foundation Property<\/div>\r\n    <\/div><div class=\"accordion-content content1543179169504\">\r\n    <p>ROSENMAYER, Tom\u00e1\u0161. Majetek nada\u010dn\u00edch subjekt\u016f.\u00a0<em>Gran\u00adtis<\/em>, 2005, ro\u010d. XIII, \u010d. 1, s. 14\u201315<em>.<\/em><\/p>\n<\/div>    <div post_id=\"865\" header_id=\"header-1543179169786\" id=\"header-1543179169786\" style=\"\" class=\"accordions-head head1543179169786\"  >\r\n        <div class=\"accordion-icons left accordion-plus fa fas fa-chevron-up\"><\/div>\r\n        <div class=\"accordion-icons left accordion-minus fa fas fa-chevron-down\"><\/div>\r\n        <div id=\"header-text-1543179169786\"    class=\"accordions-head-title\">Foundation Economics<\/div>\r\n    <\/div><div class=\"accordion-content content1543179169786\">\r\n    <p>HY\u00c1NEK, Vladim\u00edr. Ekonomika nada\u010dn\u00edch subjekt\u016f.\u00a0<em>N\u00e1ro\u00addohospod\u00e1\u0159sk\u00fd obzor.<\/em>\u00a0Brno: Masarykova univerzita, 2005.\u00a0ro\u010d. 5, \u010d. 1, s.\u00a038\u201351.<\/p>\n<\/div>    <div post_id=\"865\" header_id=\"header-1543179170060\" id=\"header-1543179170060\" style=\"\" class=\"accordions-head head1543179170060\"  >\r\n        <div class=\"accordion-icons left accordion-plus fa fas fa-chevron-up\"><\/div>\r\n        <div class=\"accordion-icons left accordion-minus fa fas fa-chevron-down\"><\/div>\r\n        <div id=\"header-text-1543179170060\"    class=\"accordions-head-title\">The Standpoint of the Centre for Nonprofit Research on the Regulation of Foundations in the Draft Civil Code<\/div>\r\n    <\/div><div class=\"accordion-content content1543179170060\">\r\n    <p>CVNS.\u00a0<em>Stanovisko CVNS k\u00a0\u00faprav\u011b fundac\u00ed v\u00a0n\u00e1vrhu ob\u010dansk\u00e9ho z\u00e1kon\u00edku<\/em>\u00a0[onli\u00adne].\u00a02005.<\/p>\n<\/div>    <div post_id=\"865\" header_id=\"header-1543179170314\" id=\"header-1543179170314\" style=\"\" class=\"accordions-head head1543179170314\"  >\r\n        <div class=\"accordion-icons left accordion-plus fa fas fa-chevron-up\"><\/div>\r\n        <div class=\"accordion-icons left accordion-minus fa fas fa-chevron-down\"><\/div>\r\n        <div id=\"header-text-1543179170314\"    class=\"accordions-head-title\">The Centre for Nonprofit Research Expert Opinion on the Issues Concerning the Regulation of Legal Entities in the Draft Civil Code and the Issues Related to Public\/General Benefit<\/div>\r\n    <\/div><div class=\"accordion-content content1543179170314\">\r\n    <p>CVNS.\u00a0<em>Expertiza CVNS k\u00a0problematice \u00fapravy pr\u00e1vnick\u00fdch osob v\u00a0n\u00e1vrhu ob\u010dansk\u00e9ho z\u00e1kon\u00edku a k\u00a0t\u00e9matu ve\u0159ejn\u00e9\/obecn\u00e9 prosp\u011b\u0161nosti<\/em>\u00a0[on\u00adline].\u00a02005.<\/p>\n<\/div>    <div post_id=\"865\" header_id=\"header-1543179170605\" id=\"header-1543179170605\" style=\"\" class=\"accordions-head head1543179170605\"  >\r\n        <div class=\"accordion-icons left accordion-plus fa fas fa-chevron-up\"><\/div>\r\n        <div class=\"accordion-icons left accordion-minus fa fas fa-chevron-down\"><\/div>\r\n        <div id=\"header-text-1543179170605\"    class=\"accordions-head-title\">Tax Assignation as a New Element of the Tax Policy in the Czech Republic<\/div>\r\n    <\/div><div class=\"accordion-content content1543179170605\">\r\n    <p>\u0160KARABELOV\u00c1, Simona. Da\u0148ov\u00e1 asignace jako nov\u00fd prvek da\u0148ov\u00e9 politiky \u010cR. In Theoretical and practical aspects of public finance. 1.\u00a0ed. Prague: University of Economics, 2005.\u00a0s.\u00a0152\u2013159, 8\u00a0s. ISBN\u00a080\u2013245\u20130862\u20131.<\/p>\n<\/div>\r\n\t<\/div>\r\n<\/div>\r\n\t\t<link rel=\"stylesheet\" type=\"text\/css\" media=\"all\" href=\"https:\/\/cvns.econ.muni.cz\/wp-content\/plugins\/accordions\/assets\/frontend\/css\/jquery-ui.css?ver=20181018\"\/>\r\n<link rel=\"stylesheet\" type=\"text\/css\" media=\"all\" href=\"https:\/\/cvns.econ.muni.cz\/wp-content\/plugins\/accordions\/assets\/global\/css\/themes.style.css?ver=20181018\"\/>\r\n<link rel=\"stylesheet\" type=\"text\/css\" media=\"all\" href=\"https:\/\/cvns.econ.muni.cz\/wp-content\/plugins\/accordions\/assets\/global\/css\/fontawesome.min.css?ver=20181018\"\/><\/p><\/div>\n\t\t\t\t\t\t\t\t\t<div class=\"elementor-tab-title elementor-tab-mobile-title\" data-tab=\"15\" role=\"tab\">2004<\/div>\n\t\t\t\t\t<div id=\"elementor-tab-content-25515\" class=\"elementor-tab-content elementor-clearfix\" data-tab=\"15\" role=\"tabpanel\" aria-labelledby=\"elementor-tab-title-25515\"><p>    <script>\r\n        jQuery(document).ready(function($){\r\n            wizard_accordion  = $(\"#accordions-864.accordions .items\").accordion({\r\n                event: \"click\",\r\n                collapsible:true,\r\n                heightStyle: \"content\",\r\n                animate: (\"swing\", 1000),\r\n                navigation: true,\r\n                active: 99999,\r\n                            });\r\n        })<\/script>\r\n    <style type='text\/css'>\r\n#accordions-864 {\r\n    text-align: left;\r\n}\r\n#accordions-864{\r\n    background:#ffffff url() repeat scroll 0 0;\r\n    padding: 0;\r\n}\r\n#accordions-864 .accordions-head{\r\n    background:rgba(255,255,255, 1) none repeat scroll 0 0;\r\n    margin:1px;\r\n    padding:10px;\r\n}\r\n#accordions-864 .accordions-head-title{\r\n    color:#0000dc;\r\n    font-size:14px;\r\n    font-family:;\r\n}\r\n#accordions-864 .accordions-head-title-toogle{\r\n    color:#0000dc;\r\n    font-size:14px;\r\n}\r\n#accordions-864 .accordions-head:hover .accordions-head-title{\r\n    color:#0000dc;\r\n}\r\n#accordions-864 .ui-state-active{\r\n    background: #afafaf;\r\n}\r\n#accordions-864 .accordion-content{\r\n    background:rgba(255,255,255,1) none repeat scroll 0 0;\r\n    color:#333333;\r\n    font-size:13px;\r\n    font-family:;\r\n    margin:0;\r\n    padding:10px;\r\n}\r\n#accordions-864 .accordion-icons{\r\n    color:#565656;\r\n    font-size:16px;\r\n}\r\n#accordions-864 .accordions-head:hover .accordion-icons{\r\n    color:#999;\r\n}\r\n<\/style>\r\n<div id=\"accordions-864\" class=\"accordions accordions-themes flat accordions-864\">\r\n<div class=\"top-navs\">\r\n<\/div>\r\n\t<div class=\"items\">\r\n\t    <div post_id=\"864\" header_id=\"header-1543179941879\" id=\"header-1543179941879\" style=\"\" class=\"accordions-head head1543179941879\"  >\r\n        <div class=\"accordion-icons left accordion-plus fa fas fa-chevron-up\"><\/div>\r\n        <div class=\"accordion-icons left accordion-minus fa fas fa-chevron-down\"><\/div>\r\n        <div id=\"header-text-1543179941879\"    class=\"accordions-head-title\">Introduction to Church Organisation Economics<\/div>\r\n    <\/div><div class=\"accordion-content content1543179941879\">\r\n    <p>SVOBODA, Franti\u0161ek a Tom\u00e1\u0161 ROSENMAYER.\u00a0<em>Introduction to Church Organisation Economics<\/em>. 1.\u00a0vyd. Brno: CVNS, 2004. 16\u00a0s. ISBN 978\u201380\u2013239\u20133770\u20137.<\/p>\n<\/div>    <div post_id=\"864\" header_id=\"header-1543179942383\" id=\"header-1543179942383\" style=\"\" class=\"accordions-head head1543179942383\"  >\r\n        <div class=\"accordion-icons left accordion-plus fa fas fa-chevron-up\"><\/div>\r\n        <div class=\"accordion-icons left accordion-minus fa fas fa-chevron-down\"><\/div>\r\n        <div id=\"header-text-1543179942383\"    class=\"accordions-head-title\">Economic Results of Foundations in 2002<\/div>\r\n    <\/div><div class=\"accordion-content content1543179942383\">\r\n    <p>ROSENMAYER, Tom\u00e1\u0161 a kol.\u00a0<em>Ekonomick\u00e9 v\u00fdsledky nada\u010dn\u00edch subjekt\u016f v\u00a0roce 2002.<\/em>\u00a01.\u00a0vyd. Brno: CVNS, 2004.\u00a032 s. ISBN 80\u2013239\u20133404-X.<\/p>\n<\/div>    <div post_id=\"864\" header_id=\"header-1543179942801\" id=\"header-1543179942801\" style=\"\" class=\"accordions-head head1543179942801\"  >\r\n        <div class=\"accordion-icons left accordion-plus fa fas fa-chevron-up\"><\/div>\r\n        <div class=\"accordion-icons left accordion-minus fa fas fa-chevron-down\"><\/div>\r\n        <div id=\"header-text-1543179942801\"    class=\"accordions-head-title\">Foundation Typology<\/div>\r\n    <\/div><div class=\"accordion-content content1543179942801\">\r\n    <p>POSP\u00cd\u0160IL, Miroslav a Tom\u00e1\u0161 ROSENMAYER. Typologie nada\u010dn\u00edch subjekt\u016f.\u00a0<em>Gran\u00adtis<\/em>, 2004, ro\u010d. XII, \u010d. 12, s.\u00a04\u20135.<\/p>\n<\/div>    <div post_id=\"864\" header_id=\"header-1543179943277\" id=\"header-1543179943277\" style=\"\" class=\"accordions-head head1543179943277\"  >\r\n        <div class=\"accordion-icons left accordion-plus fa fas fa-chevron-up\"><\/div>\r\n        <div class=\"accordion-icons left accordion-minus fa fas fa-chevron-down\"><\/div>\r\n        <div id=\"header-text-1543179943277\"    class=\"accordions-head-title\">Do We Really Need to Define Public Benefits?<\/div>\r\n    <\/div><div class=\"accordion-content content1543179943277\">\r\n    <p>ROSENMAYER, Tom\u00e1\u0161. Pot\u0159ebujeme v\u016fbec vymezit ve\u0159ejnou prosp\u011b\u0161nost?\u00a0<em>E\u00adconnect [online]. 2004.\u00a0<\/em><\/p>\n<\/div>    <div post_id=\"864\" header_id=\"header-1543179943676\" id=\"header-1543179943676\" style=\"\" class=\"accordions-head head1543179943676\"  >\r\n        <div class=\"accordion-icons left accordion-plus fa fas fa-chevron-up\"><\/div>\r\n        <div class=\"accordion-icons left accordion-minus fa fas fa-chevron-down\"><\/div>\r\n        <div id=\"header-text-1543179943676\"    class=\"accordions-head-title\">Non-Profit Organisation Satellite Accounts<\/div>\r\n    <\/div><div class=\"accordion-content content1543179943676\">\r\n    <p>ROSENMAYER, Tom\u00e1\u0161. Satelitn\u00ed \u00fa\u010det neziskovek.\u00a0<em>Gran\u00adtis<\/em>, 2004, ro\u010d. XII, \u010d. 5, s.\u00a07.<\/p>\n<\/div>    <div post_id=\"864\" header_id=\"header-1543179944139\" id=\"header-1543179944139\" style=\"\" class=\"accordions-head head1543179944139\"  >\r\n        <div class=\"accordion-icons left accordion-plus fa fas fa-chevron-up\"><\/div>\r\n        <div class=\"accordion-icons left accordion-minus fa fas fa-chevron-down\"><\/div>\r\n        <div id=\"header-text-1543179944139\"    class=\"accordions-head-title\">Research of the Non-Profit Sector<\/div>\r\n    <\/div><div class=\"accordion-content content1543179944139\">\r\n    <p>\u0160KARABELOV\u00c1, Simona. V\u00fdzkum neziskov\u00e9ho sektoru.\u00a0<em>Grantis<\/em>, 2004, ro\u010d. XII, \u010d. 3, s.\u00a04\u20135.<\/p>\n<\/div>    <div post_id=\"864\" header_id=\"header-1543179944602\" id=\"header-1543179944602\" style=\"\" class=\"accordions-head head1543179944602\"  >\r\n        <div class=\"accordion-icons left accordion-plus fa fas fa-chevron-up\"><\/div>\r\n        <div class=\"accordion-icons left accordion-minus fa fas fa-chevron-down\"><\/div>\r\n        <div id=\"header-text-1543179944602\"    class=\"accordions-head-title\">Analysis of the Financing of NGOs from Selected Public Budgets in 2003<\/div>\r\n    <\/div><div class=\"accordion-content content1543179944602\">\r\n    <p>CVNS.\u00a0<em>Rozbor financov\u00e1n\u00ed nest\u00e1tn\u00edch neziskov\u00fdch organizac\u00ed z\u00a0vybran\u00fdch ve\u0159ejn\u00fdch rozpo\u010dt\u016f v\u00a0roce 2003\u00a0<\/em>[online]. Vl\u00e1da \u010cR,\u00a02004.<\/p>\n<p><em>Rozbor financov\u00e1n\u00ed NNO z\u00a0ve\u0159ejn\u00fdch rozpo\u010dt\u016f v\u00a0roce 2003\u00a0byl p\u0159ijat Usnesen\u00edm Vl\u00e1dy \u010cR ze dne 9.\u00a0\u010dervna 2004\u00a0\u010d.\u00a0586.<\/em><\/p>\n<\/div>    <div post_id=\"864\" header_id=\"header-1543179945024\" id=\"header-1543179945024\" style=\"\" class=\"accordions-head head1543179945024\"  >\r\n        <div class=\"accordion-icons left accordion-plus fa fas fa-chevron-up\"><\/div>\r\n        <div class=\"accordion-icons left accordion-minus fa fas fa-chevron-down\"><\/div>\r\n        <div id=\"header-text-1543179945024\"    class=\"accordions-head-title\">Economic Results of Non-Profit Organisations in the Czech Republic<\/div>\r\n    <\/div><div class=\"accordion-content content1543179945024\">\r\n    <p>HY\u00c1NEK, Vladim\u00edr a Tom\u00e1\u0161 ROSENMAYER.\u00a0<em>Ekonomick\u00e9 v\u00fdsledky neziskov\u00fdch organizac\u00ed v\u00a0\u010cR<\/em>\u00a0[online]. Brno: CVNS,\u00a02004.<\/p>\n<\/div>    <div post_id=\"864\" header_id=\"header-1543179945524\" id=\"header-1543179945524\" style=\"\" class=\"accordions-head head1543179945524\"  >\r\n        <div class=\"accordion-icons left accordion-plus fa fas fa-chevron-up\"><\/div>\r\n        <div class=\"accordion-icons left accordion-minus fa fas fa-chevron-down\"><\/div>\r\n        <div id=\"header-text-1543179945524\"    class=\"accordions-head-title\">The Foundation Sector as a Source of Funds for Publicly Beneficial Services in the Czech Republic<\/div>\r\n    <\/div><div class=\"accordion-content content1543179945524\">\r\n    <p>\u0160KARABELOV\u00c1, Simona. Nada\u010dn\u00ed sektor jako zdroj financov\u00e1n\u00ed ve\u0159ejn\u011b prosp\u011bsn\u00fdch sluzeb v\u00a0\u010cR. In Determinanty soci\u00e1lneho rozvoja\u00a0\u2013 Soci\u00e1lne podnikanie II. 1.\u00a0vyd\u00e1n\u00ed. Bansk\u00e1 Bystrica: EF Univerzity Mateja Bela, 2004.\u00a0s.\u00a0150\u2013161, 12\u00a0s. ISBN\u00a080\u20138055\u2013966-X.<\/p>\n<\/div>\r\n\t<\/div>\r\n<\/div>\r\n\t\t<link rel=\"stylesheet\" type=\"text\/css\" media=\"all\" href=\"https:\/\/cvns.econ.muni.cz\/wp-content\/plugins\/accordions\/assets\/frontend\/css\/jquery-ui.css?ver=20181018\"\/>\r\n<link rel=\"stylesheet\" type=\"text\/css\" media=\"all\" href=\"https:\/\/cvns.econ.muni.cz\/wp-content\/plugins\/accordions\/assets\/global\/css\/themes.style.css?ver=20181018\"\/>\r\n<link rel=\"stylesheet\" type=\"text\/css\" media=\"all\" href=\"https:\/\/cvns.econ.muni.cz\/wp-content\/plugins\/accordions\/assets\/global\/css\/fontawesome.min.css?ver=20181018\"\/><\/p><\/div>\n\t\t\t\t\t\t\t\t\t<div class=\"elementor-tab-title elementor-tab-mobile-title\" data-tab=\"16\" role=\"tab\">2003<\/div>\n\t\t\t\t\t<div id=\"elementor-tab-content-25516\" class=\"elementor-tab-content elementor-clearfix\" data-tab=\"16\" role=\"tabpanel\" aria-labelledby=\"elementor-tab-title-25516\"><p>    <script>\r\n        jQuery(document).ready(function($){\r\n            wizard_accordion  = $(\"#accordions-863.accordions .items\").accordion({\r\n                event: \"click\",\r\n                collapsible:true,\r\n                heightStyle: \"content\",\r\n                animate: (\"swing\", 1000),\r\n                navigation: true,\r\n                active: 99999,\r\n                            });\r\n        })<\/script>\r\n    <style type='text\/css'>\r\n#accordions-863 {\r\n    text-align: left;\r\n}\r\n#accordions-863{\r\n    background: url() repeat scroll 0 0;\r\n    padding: 0;\r\n}\r\n#accordions-863 .accordions-head{\r\n    background:rgba(255,255,255, 1) none repeat scroll 0 0;\r\n    margin:1px;\r\n    padding:10px;\r\n}\r\n#accordions-863 .accordions-head-title{\r\n    color:#0000dc;\r\n    font-size:14px;\r\n    font-family:;\r\n}\r\n#accordions-863 .accordions-head-title-toogle{\r\n    color:#0000dc;\r\n    font-size:14px;\r\n}\r\n#accordions-863 .accordions-head:hover .accordions-head-title{\r\n    color:#0000dc;\r\n}\r\n#accordions-863 .ui-state-active{\r\n    background: #afafaf;\r\n}\r\n#accordions-863 .accordion-content{\r\n    background:rgba(255,255,255,1) none repeat scroll 0 0;\r\n    color:#333333;\r\n    font-size:13px;\r\n    font-family:;\r\n    margin:0;\r\n    padding:10px;\r\n}\r\n#accordions-863 .accordion-icons{\r\n    color:#565656;\r\n    font-size:16px;\r\n}\r\n#accordions-863 .accordions-head:hover .accordion-icons{\r\n    color:#999;\r\n}\r\n<\/style>\r\n<div id=\"accordions-863\" class=\"accordions accordions-themes flat accordions-863\">\r\n<div class=\"top-navs\">\r\n<\/div>\r\n\t<div class=\"items\">\r\n\t    <div post_id=\"863\" header_id=\"header-1543180214650\" id=\"header-1543180214650\" style=\"\" class=\"accordions-head head1543180214650\"  >\r\n        <div class=\"accordion-icons left accordion-plus fa fas fa-chevron-up\"><\/div>\r\n        <div class=\"accordion-icons left accordion-minus fa fas fa-chevron-down\"><\/div>\r\n        <div id=\"header-text-1543180214650\"    class=\"accordions-head-title\">Analysis of the Financing of NGOs from Selected Public Budgets in 2002<\/div>\r\n    <\/div><div class=\"accordion-content content1543180214650\">\r\n    <p><a href=\"http:\/\/www.vlada.cz\/assets\/ppov\/rnno\/dokumenty\/rozbor_2002.pdf\" target=\"_blank\" rel=\"noopener\">CVNS.\u00a0<em>Rozbor financov\u00e1n\u00ed nest\u00e1tn\u00edch neziskov\u00fdch organizac\u00ed z\u00a0vybran\u00fdch ve\u0159ejn\u00fdch rozpo\u010dt\u016f v\u00a0roce 2002\u00a0<\/em>[online]. Vl\u00e1da \u010cR,\u00a02003.<\/a><\/p>\n<p><em>Rozbor financov\u00e1n\u00ed NNO z\u00a0ve\u0159ejn\u00fdch rozpo\u010dt\u016f v\u00a0roce 2002\u00a0byl p\u0159ijat Usnesen\u00edm Vl\u00e1dy \u010cR ze dne 18.\u00a0\u010dervna 2003\u00a0\u010d.\u00a0597.<\/em><\/p>\n<\/div>    <div post_id=\"863\" header_id=\"header-1543180214939\" id=\"header-1543180214939\" style=\"\" class=\"accordions-head head1543180214939\"  >\r\n        <div class=\"accordion-icons left accordion-plus fa fas fa-chevron-up\"><\/div>\r\n        <div class=\"accordion-icons left accordion-minus fa fas fa-chevron-down\"><\/div>\r\n        <div id=\"header-text-1543180214939\"    class=\"accordions-head-title\">Challanges for Civic Society Organizations in the Chech Republic.<\/div>\r\n    <\/div><div class=\"accordion-content content1543180214939\">\r\n    <p>MAL\u00dd, Ivan a Simona \u0160KARABELOV\u00c1. Challanges for Civic Society Organizations in the Chech Republic. In Society in Transition: Rebuilding Partnership. 1st edition. Praha: Ministry for Regional Development of the Czech Republic, 2003.\u00a0s.\u00a037\u201344, 8\u00a0s. ISBN\u00a080\u2013239\u20130814\u20136.<\/p>\n<\/div>    <div post_id=\"863\" header_id=\"header-1543180215455\" id=\"header-1543180215455\" style=\"\" class=\"accordions-head head1543180215455\"  >\r\n        <div class=\"accordion-icons left accordion-plus fa fas fa-chevron-up\"><\/div>\r\n        <div class=\"accordion-icons left accordion-minus fa fas fa-chevron-down\"><\/div>\r\n        <div id=\"header-text-1543180215455\"    class=\"accordions-head-title\">How to Measure the Effect of Public Income on the Structure of Resources and Production of Non-profit Organizations.<\/div>\r\n    <\/div><div class=\"accordion-content content1543180215455\">\r\n    <p>F\u00d3NADOV\u00c1, Laura\u00a0\u2013 HY\u00c1NEK, Vladim\u00edr.\u00a0How to Measure the Effect of Public Income on the Structure of Resources and Production of Non-profit Organizations. In\u00a0<em>Proceedings of the 19th International Conference &#8211;\u00a0Current Trends in Public Sector Research.<\/em>\u00a0Brno : Masaryk University, 2015.\u00a0ISBN 978\u201380\u2013210\u20137532\u20130, s.\u00a0377\u2013384.<\/p>\n<p>Dostupn\u00e9\u00a0<a class=\"icon_ext icon_pdf\" href=\"http:\/\/ctpsr.econ.muni.cz\/wp-content\/uploads\/2015\/01\/A5_sbornik_2015_bez_znacek.pdf\" target=\"_blank\" rel=\"noopener\">zde<\/a>\u00a0od strany\u00a0377.<\/p>\n<\/div>\r\n\t<\/div>\r\n<\/div>\r\n\t\t<link rel=\"stylesheet\" type=\"text\/css\" media=\"all\" href=\"https:\/\/cvns.econ.muni.cz\/wp-content\/plugins\/accordions\/assets\/frontend\/css\/jquery-ui.css?ver=20181018\"\/>\r\n<link rel=\"stylesheet\" type=\"text\/css\" media=\"all\" href=\"https:\/\/cvns.econ.muni.cz\/wp-content\/plugins\/accordions\/assets\/global\/css\/themes.style.css?ver=20181018\"\/>\r\n<link rel=\"stylesheet\" type=\"text\/css\" media=\"all\" href=\"https:\/\/cvns.econ.muni.cz\/wp-content\/plugins\/accordions\/assets\/global\/css\/fontawesome.min.css?ver=20181018\"\/><\/p><\/div>\n\t\t\t\t\t\t\t<\/div>\n\t\t<\/div>\n\t\t\t\t<\/div>\n\t\t\t\t<\/div>\n\t\t\t\t\t\t<\/div>\n\t\t\t<\/div>\n\t\t<\/div>\n\t\t\t\t\t\t<\/div>\n\t\t\t<\/div>\n\t\t<\/section>\n\t\t\t\t\t\t<\/div>\n\t\t\t<\/div>\n\t\t<\/div>","protected":false},"excerpt":{"rendered":"<p>Publikace 2018 2017 2016 2015 2014 2013 2012 2011 2010 2009 2008 2007 2006 2005 2004 2003 2018 Rozbor financov\u00e1n\u00ed nest\u00e1tn\u00edch neziskov\u00fdch organizac\u00ed z ve\u0159ejn\u00fdch&hellip;<\/p>","protected":false},"author":2,"featured_media":0,"parent":0,"menu_order":0,"comment_status":"closed","ping_status":"closed","template":"","meta":{"footnotes":""},"categories":[],"tags":[],"class_list":["post-942","page","type-page","status-publish","hentry"],"_links":{"self":[{"href":"https:\/\/cvns.econ.muni.cz\/en\/wp-json\/wp\/v2\/pages\/942","targetHints":{"allow":["GET"]}}],"collection":[{"href":"https:\/\/cvns.econ.muni.cz\/en\/wp-json\/wp\/v2\/pages"}],"about":[{"href":"https:\/\/cvns.econ.muni.cz\/en\/wp-json\/wp\/v2\/types\/page"}],"author":[{"embeddable":true,"href":"https:\/\/cvns.econ.muni.cz\/en\/wp-json\/wp\/v2\/users\/2"}],"replies":[{"embeddable":true,"href":"https:\/\/cvns.econ.muni.cz\/en\/wp-json\/wp\/v2\/comments?post=942"}],"version-history":[{"count":13,"href":"https:\/\/cvns.econ.muni.cz\/en\/wp-json\/wp\/v2\/pages\/942\/revisions"}],"predecessor-version":[{"id":1310,"href":"https:\/\/cvns.econ.muni.cz\/en\/wp-json\/wp\/v2\/pages\/942\/revisions\/1310"}],"wp:attachment":[{"href":"https:\/\/cvns.econ.muni.cz\/en\/wp-json\/wp\/v2\/media?parent=942"}],"wp:term":[{"taxonomy":"category","embeddable":true,"href":"https:\/\/cvns.econ.muni.cz\/en\/wp-json\/wp\/v2\/categories?post=942"},{"taxonomy":"post_tag","embeddable":true,"href":"https:\/\/cvns.econ.muni.cz\/en\/wp-json\/wp\/v2\/tags?post=942"}],"curies":[{"name":"wp","href":"https:\/\/api.w.org\/{rel}","templated":true}]}}